{"id":11159,"date":"2026-01-20T18:37:45","date_gmt":"2026-01-20T17:37:45","guid":{"rendered":"https:\/\/entroidodevianadobolo.gal\/home-motion\/"},"modified":"2026-01-20T19:20:00","modified_gmt":"2026-01-20T18:20:00","slug":"entroido-de-viana-do-bolo","status":"publish","type":"page","link":"https:\/\/entroidodevianadobolo.gal\/gl\/","title":{"rendered":"Entroido de Viana do Bolo 2026"},"content":{"rendered":"<div data-elementor-type=\"wp-page\" data-elementor-id=\"11159\" class=\"elementor elementor-11159\">\n\t\t\t\t\t\t<section class=\"elementor-section elementor-top-section elementor-element elementor-element-0618633 elementor-section-full_width gt3_page_motion-style elementor-section-height-default elementor-section-height-default\" data-id=\"0618633\" data-element_type=\"section\" data-settings=\"{&quot;background_background&quot;:&quot;classic&quot;,&quot;animation&quot;:&quot;none&quot;}\">\n\t\t\t\t\t\t<div class=\"elementor-container elementor-column-gap-no\">\n\t\t\t\t\t<div class=\"elementor-column elementor-col-100 elementor-top-column elementor-element elementor-element-06a150b\" data-id=\"06a150b\" data-element_type=\"column\" data-settings=\"{&quot;animation&quot;:&quot;none&quot;}\">\n\t\t\t<div class=\"elementor-widget-wrap elementor-element-populated\">\n\t\t\t\t\t\t<div class=\"elementor-element elementor-element-74a7a1f elementor-widget elementor-widget-shortcode\" data-id=\"74a7a1f\" data-element_type=\"widget\" data-no-translation=\"\" data-widget_type=\"shortcode.default\">\n\t\t\t\t<div class=\"elementor-widget-container\">\n\t\t\t\t\t\t\t<div class=\"elementor-shortcode\">\n\t\t\t<!-- START Motion REVOLUTION SLIDER 6.7.20 --><p class=\"rs-p-wp-fix\"><\/p>\n\t\t\t<rs-module-wrap id=\"rev_slider_4_1_wrapper\" data-source=\"gallery\" style=\"visibility:hidden;background:#031126;padding:0;margin:0px auto;margin-top:0;margin-bottom:0;\">\n\t\t\t\t<rs-module id=\"rev_slider_4_1\" style=\"\" data-version=\"6.7.20\">\n\t\t\t\t\t<rs-slides style=\"overflow: hidden; position: absolute;\">\n\t\t\t\t\t\t<rs-slide style=\"position: absolute;\" data-key=\"rs-8\" data-title=\"Slide\" data-link=\"#inicio\" data-tag=\"l\" data-target=\"_self\" data-seoz=\"front\" data-anim=\"adpr:false;ms:1000ms;\" data-in=\"o:0;\" data-out=\"a:false;\">\n\t\t\t\t\t\t\t<img decoding=\"async\" src=\"\/\/entroidodevianadobolo.gal\/wp-content\/plugins\/revslider\/sr6\/assets\/assets\/dummy.png\" alt=\"\" title=\"Boteiro de Viana\" width=\"1622\" height=\"1080\" class=\"rev-slidebg tp-rs-img rs-lazyload\" data-lazyload=\"\/\/entroidodevianadobolo.gal\/wp-content\/uploads\/revslider\/video-media\/A-Boteiro-14-perfil-front_animation-Compressed-with-FlexClip_8.jpeg\" data-no-retina>\n\t\t\t\t\t\t\t<rs-bgvideo \n\t\t\t\t\t\t\t\tdata-video=\"w:100%;h:100%;nse:false;sat:true;l:true;ptimer:false;vfc:true;\"\n\t\t\t\t\t\t\t\tdata-mp4=\"\/\/entroidodevianadobolo.gal\/wp-content\/uploads\/2023\/12\/A-Boteiro-14-perfil-front_animation-Compressed-with-FlexClip.mp4\"\n\t\t\t\t\t\t\t><\/rs-bgvideo>\n<!--\n\t\t\t\t\t\t\t--><rs-layer\n\t\t\t\t\t\t\t\tid=\"slider-4-slide-8-layer-3\" \n\t\t\t\t\t\t\t\tdata-type=\"text\"\n\t\t\t\t\t\t\t\tdata-color=\"#fff\"\n\t\t\t\t\t\t\t\tdata-rsp_ch=\"on\"\n\t\t\t\t\t\t\t\tdata-xy=\"x:c;y:m;\"\n\t\t\t\t\t\t\t\tdata-text=\"s:90,74,56,34;l:90,74,56,34;ls:4px,3px,2px,1px;a:center;\"\n\t\t\t\t\t\t\t\tdata-dim=\"w:770px,641px,487px,300px;minh:0px,none,none,none;\"\n\t\t\t\t\t\t\t\tdata-border=\"bos:solid;bow:10px,10px,10px,10px;bor:20px,20px,20px,20px;\"\n\t\t\t\t\t\t\t\tdata-frame_0=\"rX:70deg;oZ:-50;\"\n\t\t\t\t\t\t\t\tdata-frame_0_chars=\"d:5;y:cyc(-100||100);o:0;\"\n\t\t\t\t\t\t\t\tdata-frame_1=\"oZ:-50;e:power4.inOut;sp:1750;sR:10;\"\n\t\t\t\t\t\t\t\tdata-frame_1_chars=\"e:power4.inOut;dir:middletoedge;d:10;\"\n\t\t\t\t\t\t\t\tdata-frame_999=\"o:0;st:4020;sp:4900;sR:360;\"\n\t\t\t\t\t\t\t\tdata-tloop=\"u:true;\"\n\t\t\t\t\t\t\t\tstyle=\"z-index:8;background-color:rgba(255,58,45,0.5);font-family:'Jua';text-transform:uppercase;\"\n\t\t\t\t\t\t\t>Entroido<br>Viana do Bolo \n\t\t\t\t\t\t\t<\/rs-layer><!--\n-->\t\t\t\t\t<\/rs-slide>\n\t\t\t\t\t\t<rs-slide style=\"position: absolute;\" data-key=\"rs-81\" data-title=\"Slide\" data-link=\"#inicio\" data-tag=\"l\" data-target=\"_self\" data-seoz=\"front\" data-anim=\"adpr:false;ms:1000ms;\" data-in=\"o:0;\" data-out=\"a:false;\">\n\t\t\t\t\t\t\t<img decoding=\"async\" src=\"\/\/entroidodevianadobolo.gal\/wp-content\/plugins\/revslider\/sr6\/assets\/assets\/dummy.png\" alt=\"\" title=\"Boteiro de Viana\" width=\"1622\" height=\"1080\" class=\"rev-slidebg tp-rs-img rs-lazyload\" data-lazyload=\"\/\/entroidodevianadobolo.gal\/wp-content\/uploads\/revslider\/video-media\/A-Boteiro-14-perfil-front_animation-Compressed-with-FlexClip_8.jpeg\" data-no-retina>\n\t\t\t\t\t\t\t<rs-bgvideo \n\t\t\t\t\t\t\t\tdata-video=\"w:100%;h:100%;nse:false;sat:true;l:true;ptimer:false;vfc:true;\"\n\t\t\t\t\t\t\t\tdata-mp4=\"\/\/entroidodevianadobolo.gal\/wp-content\/uploads\/2023\/12\/A-Boteiro-14-perfil-front_animation-Compressed-with-FlexClip.mp4\"\n\t\t\t\t\t\t\t><\/rs-bgvideo>\n<!--\n\t\t\t\t\t\t\t--><rs-layer\n\t\t\t\t\t\t\t\tid=\"slider-4-slide-81-layer-3\" \n\t\t\t\t\t\t\t\tdata-type=\"text\"\n\t\t\t\t\t\t\t\tdata-color=\"#fff\"\n\t\t\t\t\t\t\t\tdata-rsp_ch=\"on\"\n\t\t\t\t\t\t\t\tdata-xy=\"x:c;y:m;\"\n\t\t\t\t\t\t\t\tdata-text=\"s:90,74,56,34;l:90,74,56,34;ls:4px,3px,2px,1px;a:center;\"\n\t\t\t\t\t\t\t\tdata-dim=\"w:770px,641px,487px,300px;minh:0px,none,none,none;\"\n\t\t\t\t\t\t\t\tdata-border=\"bos:solid;bow:10px,10px,10px,10px;bor:20px,20px,20px,20px;\"\n\t\t\t\t\t\t\t\tdata-frame_0=\"rX:70deg;oZ:-50;\"\n\t\t\t\t\t\t\t\tdata-frame_0_chars=\"d:5;y:cyc(-100||100);o:0;\"\n\t\t\t\t\t\t\t\tdata-frame_1=\"oZ:-50;e:power4.inOut;sp:1750;sR:10;\"\n\t\t\t\t\t\t\t\tdata-frame_1_chars=\"e:power4.inOut;dir:middletoedge;d:10;\"\n\t\t\t\t\t\t\t\tdata-frame_999=\"o:0;st:4020;sp:4900;sR:360;\"\n\t\t\t\t\t\t\t\tdata-tloop=\"u:true;\"\n\t\t\t\t\t\t\t\tstyle=\"z-index:8;background-color:rgba(255,58,45,0.5);font-family:'Jua';text-transform:uppercase;\"\n\t\t\t\t\t\t\t>Entroido<br>Viana do Bolo \n\t\t\t\t\t\t\t<\/rs-layer><!--\n-->\t\t\t\t\t<\/rs-slide>\n\t\t\t\t\t<\/rs-slides>\n\t\t\t\t<\/rs-module>\n\t\t\t\t<script>\n\t\t\t\t\tsetREVStartSize({c: 'rev_slider_4_1',rl:[1240,1024,778,480],el:[900,750,570,380],gw:[1230,1024,778,480],gh:[900,750,570,380],type:'standard',justify:'',layout:'fullwidth',mh:\"0\"});if (window.RS_MODULES!==undefined && window.RS_MODULES.modules!==undefined && window.RS_MODULES.modules[\"revslider41\"]!==undefined) {window.RS_MODULES.modules[\"revslider41\"].once = false;window.revapi4 = undefined;if (window.RS_MODULES.checkMinimal!==undefined) window.RS_MODULES.checkMinimal()}\n\t\t\t\t<\/script>\n\t\t\t<\/rs-module-wrap>\n\t\t\t<!-- END REVOLUTION SLIDER -->\n<\/div>\n\t\t\t\t\t\t<\/div>\n\t\t\t\t<\/div>\n\t\t\t\t<div class=\"elementor-element elementor-element-38c1547 elementor-widget elementor-widget-shortcode\" data-id=\"38c1547\" data-element_type=\"widget\" data-no-translation=\"\" data-widget_type=\"shortcode.default\">\n\t\t\t\t<div class=\"elementor-widget-container\">\n\t\t\t\t\t<style>.elementor-element-38c1547{display:none !important}<\/style>\t\t\t\t<\/div>\n\t\t\t\t<\/div>\n\t\t\t\t<div class=\"elementor-element elementor-element-5531dd7 elementor-widget elementor-widget-shortcode\" data-id=\"5531dd7\" data-element_type=\"widget\" data-no-translation=\"\" data-widget_type=\"shortcode.default\">\n\t\t\t\t<div class=\"elementor-widget-container\">\n\t\t\t\t\t<style>.elementor-element-5531dd7{display:none !important}<\/style>\t\t\t\t<\/div>\n\t\t\t\t<\/div>\n\t\t\t\t<div class=\"elementor-element elementor-element-4415228 elementor-absolute gt3_mask_img elementor-widget elementor-widget-image\" data-id=\"4415228\" data-element_type=\"widget\" data-settings=\"{&quot;_position&quot;:&quot;absolute&quot;,&quot;_animation&quot;:&quot;none&quot;}\" data-widget_type=\"image.default\">\n\t\t\t\t<div class=\"elementor-widget-container\">\n\t\t\t\t\t\t\t\t\t\t\t\t\t\t\t<img decoding=\"async\" width=\"1921\" height=\"43\" src=\"https:\/\/entroidodevianadobolo.gal\/wp-content\/uploads\/2022\/08\/motion_vawe1.png\" class=\"attachment-full size-full wp-image-11178\" alt=\"\" srcset=\"https:\/\/entroidodevianadobolo.gal\/wp-content\/uploads\/2022\/08\/motion_vawe1.png 1921w, https:\/\/entroidodevianadobolo.gal\/wp-content\/uploads\/2022\/08\/motion_vawe1-300x7.png 300w, https:\/\/entroidodevianadobolo.gal\/wp-content\/uploads\/2022\/08\/motion_vawe1-1024x23.png 1024w, https:\/\/entroidodevianadobolo.gal\/wp-content\/uploads\/2022\/08\/motion_vawe1-768x17.png 768w, https:\/\/entroidodevianadobolo.gal\/wp-content\/uploads\/2022\/08\/motion_vawe1-1536x34.png 1536w, https:\/\/entroidodevianadobolo.gal\/wp-content\/uploads\/2022\/08\/motion_vawe1-480x11.png 480w, https:\/\/entroidodevianadobolo.gal\/wp-content\/uploads\/2022\/08\/motion_vawe1-800x18.png 800w\" sizes=\"(max-width: 1921px) 100vw, 1921px\" title=\"\" \/>\t\t\t\t\t\t\t\t\t\t\t\t\t\t\t<\/div>\n\t\t\t\t<\/div>\n\t\t\t\t\t<\/div>\n\t\t<\/div>\n\t\t\t\t\t<\/div>\n\t\t<\/section>\n\t\t\t\t<section class=\"elementor-section elementor-top-section elementor-element elementor-element-acf9a4c elementor-section-boxed elementor-section-height-default elementor-section-height-default\" data-id=\"acf9a4c\" data-element_type=\"section\" id=\"inicio\">\n\t\t\t\t\t\t<div class=\"elementor-container elementor-column-gap-default\">\n\t\t\t\t\t<div class=\"elementor-column elementor-col-50 elementor-top-column elementor-element elementor-element-c7b94d0\" data-id=\"c7b94d0\" data-element_type=\"column\">\n\t\t\t<div class=\"elementor-widget-wrap elementor-element-populated\">\n\t\t\t\t\t\t<div class=\"elementor-element elementor-element-0ce183c elementor-widget elementor-widget-spacer\" data-id=\"0ce183c\" data-element_type=\"widget\" data-widget_type=\"spacer.default\">\n\t\t\t\t<div class=\"elementor-widget-container\">\n\t\t\t\t\t\t\t<div class=\"elementor-spacer\">\n\t\t\t<div class=\"elementor-spacer-inner\"><\/div>\n\t\t<\/div>\n\t\t\t\t\t\t<\/div>\n\t\t\t\t<\/div>\n\t\t\t\t<div class=\"elementor-element elementor-element-d187b85 elementor-widget elementor-widget-heading\" data-id=\"d187b85\" data-element_type=\"widget\" data-widget_type=\"heading.default\">\n\t\t\t\t<div class=\"elementor-widget-container\">\n\t\t\t\t\t<h1 class=\"elementor-heading-title elementor-size-default\">Entrudio en Viana do Bolo<\/h1>\t\t\t\t<\/div>\n\t\t\t\t<\/div>\n\t\t\t\t<div class=\"elementor-element-custom_font_size elementor-element-custom_line_height elementor-element elementor-element-3702f52 elementor-widget elementor-widget-text-editor\" data-id=\"3702f52\" data-element_type=\"widget\" data-widget_type=\"text-editor.default\">\n\t\t\t\t<div class=\"elementor-widget-container\">\n\t\t\t\t\t\t\t\t\t<p>O carnaval en Viana do Bolo ten nome propio: Entrudio. Esta denominaci\u00f3n est\u00e1 ligada cuns elementos enraizados nas tradici\u00f3ns e rituais da zona que fan que o Entrudio te\u00f1a tam\u00e9n un car\u00e1cter propio na localidade do este da provincia de Ourense.<\/p>\t\t\t\t\t\t\t\t<\/div>\n\t\t\t\t<\/div>\n\t\t\t\t<div class=\"elementor-element-custom_font_size elementor-element-custom_line_height elementor-element elementor-element-5586783 elementor-widget elementor-widget-text-editor\" data-id=\"5586783\" data-element_type=\"widget\" data-widget_type=\"text-editor.default\">\n\t\t\t\t<div class=\"elementor-widget-container\">\n\t\t\t\t\t\t\t\t\t<p>O Entroido de Viana do Bolo \u00e9 un dos m\u00e1is antigos, orixinais e tradicionais de cantos se celebran en Galicia. A s\u00faa orixe at\u00f3pase nos ritos agr\u00edcolas e gandeiros prerromans de purificaci\u00f3n, e chega ata nosos d\u00edas desde comezos do s\u00e9culo XX, cando comenzou a celebrarse.<\/p>\t\t\t\t\t\t\t\t<\/div>\n\t\t\t\t<\/div>\n\t\t\t\t<div class=\"elementor-element elementor-element-1dfc3e4 elementor-widget elementor-widget-spacer\" data-id=\"1dfc3e4\" data-element_type=\"widget\" data-widget_type=\"spacer.default\">\n\t\t\t\t<div class=\"elementor-widget-container\">\n\t\t\t\t\t\t\t<div class=\"elementor-spacer\">\n\t\t\t<div class=\"elementor-spacer-inner\"><\/div>\n\t\t<\/div>\n\t\t\t\t\t\t<\/div>\n\t\t\t\t<\/div>\n\t\t\t\t\t<\/div>\n\t\t<\/div>\n\t\t\t\t<div class=\"elementor-column elementor-col-50 elementor-top-column elementor-element elementor-element-2c6a7f0\" data-id=\"2c6a7f0\" data-element_type=\"column\">\n\t\t\t<div class=\"elementor-widget-wrap elementor-element-populated\">\n\t\t\t\t\t\t<div class=\"elementor-element elementor-element-1218967 elementor-widget elementor-widget-image-carousel\" data-id=\"1218967\" data-element_type=\"widget\" data-settings=\"{&quot;slides_to_show&quot;:&quot;1&quot;,&quot;navigation&quot;:&quot;none&quot;,&quot;effect&quot;:&quot;fade&quot;,&quot;autoplay&quot;:&quot;no&quot;,&quot;infinite&quot;:&quot;no&quot;,&quot;speed&quot;:500}\" data-widget_type=\"image-carousel.default\">\n\t\t\t\t<div class=\"elementor-widget-container\">\n\t\t\t\t\t\t\t<div class=\"elementor-image-carousel-wrapper swiper\" role=\"region\" aria-roledescription=\"carousel\" aria-label=\"Carrusel de im\u00e1genes\" dir=\"ltr\">\n\t\t\t<div class=\"elementor-image-carousel swiper-wrapper\" aria-live=\"polite\">\n\t\t\t\t\t\t\t\t<div class=\"swiper-slide\" role=\"group\" aria-roledescription=\"slide\" aria-label=\"1 de 1\"><figure class=\"swiper-slide-inner\"><img decoding=\"async\" class=\"swiper-slide-image\" src=\"https:\/\/entroidodevianadobolo.gal\/wp-content\/uploads\/2024\/02\/Boteiro-Viana.jpg\" alt=\"Boteiro Viana\" \/><\/figure><\/div>\t\t\t<\/div>\n\t\t\t\t\t<\/div>\n\t\t\t\t\t\t<\/div>\n\t\t\t\t<\/div>\n\t\t\t\t\t<\/div>\n\t\t<\/div>\n\t\t\t\t\t<\/div>\n\t\t<\/section>\n\t\t\t\t<section class=\"elementor-section elementor-top-section elementor-element elementor-element-5b8e638 elementor-section-boxed elementor-section-height-default elementor-section-height-default\" data-id=\"5b8e638\" data-element_type=\"section\">\n\t\t\t\t\t\t<div class=\"elementor-container elementor-column-gap-extended\">\n\t\t\t\t\t<div class=\"elementor-column elementor-col-50 elementor-top-column elementor-element elementor-element-d2a251a\" data-id=\"d2a251a\" data-element_type=\"column\">\n\t\t\t<div class=\"elementor-widget-wrap elementor-element-populated\">\n\t\t\t\t\t\t<div class=\"elementor-element elementor-element-1cadbdb elementor-hidden-mobile elementor-widget elementor-widget-image\" data-id=\"1cadbdb\" data-element_type=\"widget\" data-settings=\"{&quot;_animation&quot;:&quot;none&quot;}\" data-widget_type=\"image.default\">\n\t\t\t\t<div class=\"elementor-widget-container\">\n\t\t\t\t\t\t\t\t\t\t\t\t\t\t\t<img decoding=\"async\" width=\"731\" height=\"528\" src=\"https:\/\/entroidodevianadobolo.gal\/wp-content\/uploads\/2024\/01\/Androlla-Viana-do-Bolo.jpg\" class=\"attachment-full size-full wp-image-13450\" alt=\"\" srcset=\"https:\/\/entroidodevianadobolo.gal\/wp-content\/uploads\/2024\/01\/Androlla-Viana-do-Bolo.jpg 731w, https:\/\/entroidodevianadobolo.gal\/wp-content\/uploads\/2024\/01\/Androlla-Viana-do-Bolo-300x217.jpg 300w, https:\/\/entroidodevianadobolo.gal\/wp-content\/uploads\/2024\/01\/Androlla-Viana-do-Bolo-480x347.jpg 480w\" sizes=\"(max-width: 731px) 100vw, 731px\" title=\"Androlla Viana do Bolo\" \/>\t\t\t\t\t\t\t\t\t\t\t\t\t\t\t<\/div>\n\t\t\t\t<\/div>\n\t\t\t\t<div class=\"elementor-element elementor-element-4af2e5b elementor-widget elementor-widget-image-carousel\" data-id=\"4af2e5b\" data-element_type=\"widget\" data-settings=\"{&quot;slides_to_show&quot;:&quot;1&quot;,&quot;pause_on_hover&quot;:&quot;no&quot;,&quot;effect&quot;:&quot;fade&quot;,&quot;navigation&quot;:&quot;none&quot;,&quot;autoplay&quot;:&quot;yes&quot;,&quot;pause_on_interaction&quot;:&quot;yes&quot;,&quot;autoplay_speed&quot;:5000,&quot;infinite&quot;:&quot;yes&quot;,&quot;speed&quot;:500}\" data-widget_type=\"image-carousel.default\">\n\t\t\t\t<div class=\"elementor-widget-container\">\n\t\t\t\t\t\t\t<div class=\"elementor-image-carousel-wrapper swiper\" role=\"region\" aria-roledescription=\"carousel\" aria-label=\"Carrusel de im\u00e1genes\" dir=\"ltr\">\n\t\t\t<div class=\"elementor-image-carousel swiper-wrapper\" aria-live=\"off\">\n\t\t\t\t\t\t\t\t<div class=\"swiper-slide\" role=\"group\" aria-roledescription=\"slide\" aria-label=\"1 de 3\"><figure class=\"swiper-slide-inner\"><img decoding=\"async\" class=\"swiper-slide-image\" src=\"https:\/\/entroidodevianadobolo.gal\/wp-content\/uploads\/2024\/01\/queima-sardinas.jpg\" alt=\"Queima das sardi\u00f1as\" \/><\/figure><\/div><div class=\"swiper-slide\" role=\"group\" aria-roledescription=\"slide\" aria-label=\"2 de 3\"><figure class=\"swiper-slide-inner\"><img decoding=\"async\" class=\"swiper-slide-image\" src=\"https:\/\/entroidodevianadobolo.gal\/wp-content\/uploads\/2024\/01\/Festa-da-Androlla.jpg\" alt=\"Festa da Androlla\" \/><\/figure><\/div><div class=\"swiper-slide\" role=\"group\" aria-roledescription=\"slide\" aria-label=\"3 de 3\"><figure class=\"swiper-slide-inner\"><img decoding=\"async\" class=\"swiper-slide-image\" src=\"https:\/\/entroidodevianadobolo.gal\/wp-content\/uploads\/2024\/01\/Festa-da-Androlla-2.jpg\" alt=\"Festa da Androlla\" \/><\/figure><\/div>\t\t\t<\/div>\n\t\t\t\t\t\t\t\n\t\t\t\t\t\t\t\t\t<\/div>\n\t\t\t\t\t\t<\/div>\n\t\t\t\t<\/div>\n\t\t\t\t\t<\/div>\n\t\t<\/div>\n\t\t\t\t<div class=\"elementor-column elementor-col-50 elementor-top-column elementor-element elementor-element-79f1811 elementor-invisible\" data-id=\"79f1811\" data-element_type=\"column\" data-settings=\"{&quot;animation&quot;:&quot;gt3-fadeinup-animation&quot;}\">\n\t\t\t<div class=\"elementor-widget-wrap elementor-element-populated\">\n\t\t\t\t\t\t<div class=\"elementor-element elementor-element-2c6739c elementor-widget elementor-widget-heading\" data-id=\"2c6739c\" data-element_type=\"widget\" data-widget_type=\"heading.default\">\n\t\t\t\t<div class=\"elementor-widget-container\">\n\t\t\t\t\t<h2 class=\"elementor-heading-title elementor-size-default\">Fuli\u00f3ns, boteiros, comparsas...<\/h2>\t\t\t\t<\/div>\n\t\t\t\t<\/div>\n\t\t\t\t<div class=\"elementor-element-custom_font_size elementor-element-custom_line_height elementor-element elementor-element-b7b6a61 elementor-widget elementor-widget-text-editor\" data-id=\"b7b6a61\" data-element_type=\"widget\" data-widget_type=\"text-editor.default\">\n\t\t\t\t<div class=\"elementor-widget-container\">\n\t\t\t\t\t\t\t\t\t<p>Fuli\u00f3ns, boteiros, comparsas, mula e patumada ou carrozas definen unha celebraci\u00f3n na que o l\u00fadico e o tel\u00farico conviven en franca harmon\u00eda.<\/p><p>Todo acompa\u00f1ado, como \u00e9 habitual en Galicia, por unha gastronom\u00eda de calidade que tam\u00e9n en Viana ten produto de referencia: a androlla.<\/p><p>O Entrudio \u00e9 unha viaxe para os sentidos na que a persoa que o visita desfruta de decenas de anos de tradici\u00f3ns tra\u00eddas ao presente.<\/p>\t\t\t\t\t\t\t\t<\/div>\n\t\t\t\t<\/div>\n\t\t\t\t<div class=\"elementor-element elementor-element-fabf759 elementor-widget elementor-widget-spacer\" data-id=\"fabf759\" data-element_type=\"widget\" data-widget_type=\"spacer.default\">\n\t\t\t\t<div class=\"elementor-widget-container\">\n\t\t\t\t\t\t\t<div class=\"elementor-spacer\">\n\t\t\t<div class=\"elementor-spacer-inner\"><\/div>\n\t\t<\/div>\n\t\t\t\t\t\t<\/div>\n\t\t\t\t<\/div>\n\t\t\t\t\t<\/div>\n\t\t<\/div>\n\t\t\t\t\t<\/div>\n\t\t<\/section>\n\t\t\t\t<section class=\"elementor-section elementor-top-section elementor-element elementor-element-f333136 elementor-section-boxed elementor-section-height-default elementor-section-height-default\" data-id=\"f333136\" data-element_type=\"section\">\n\t\t\t\t\t\t<div class=\"elementor-container elementor-column-gap-default\">\n\t\t\t\t\t<div class=\"elementor-column elementor-col-50 elementor-top-column elementor-element elementor-element-fbc9923\" data-id=\"fbc9923\" data-element_type=\"column\">\n\t\t\t<div class=\"elementor-widget-wrap elementor-element-populated\">\n\t\t\t\t\t\t<div class=\"elementor-element elementor-element-c412723 elementor-widget elementor-widget-heading\" data-id=\"c412723\" data-element_type=\"widget\" data-widget_type=\"heading.default\">\n\t\t\t\t<div class=\"elementor-widget-container\">\n\t\t\t\t\t<h2 class=\"elementor-heading-title elementor-size-default\">Sin\u00f3nimo de<br>compromiso social<\/h2>\t\t\t\t<\/div>\n\t\t\t\t<\/div>\n\t\t\t\t<div class=\"elementor-element-custom_font_size elementor-element-custom_line_height elementor-element elementor-element-020c77c elementor-widget elementor-widget-text-editor\" data-id=\"020c77c\" data-element_type=\"widget\" data-widget_type=\"text-editor.default\">\n\t\t\t\t<div class=\"elementor-widget-container\">\n\t\t\t\t\t\t\t\t\t<p>A celebraci\u00f3n do Entroido en Viana do Bolo logrou contaxiar cada ano \u00e1 veci\u00f1anza deste concello ourensan, o entusiasmo necesario para participar na s\u00faa organizaci\u00f3n e planificaci\u00f3n.<\/p><p>O \u00e9xito acadado nas tradicionais celebraci\u00f3ns do Entroido deu lugar a un novo evento, a Mascarada Ib\u00e9rica, que congrega cada ano a un n\u00famero considerable de m\u00e1scaras chegadas de varios puntos da Pen\u00ednsula Ib\u00e9rica.<\/p><p>Todo elo imp\u00falsase desde a Asociaci\u00f3n Foli\u00f3ns Rurais de Viana, con sede neste concello ourensano, e integrada por xente comprometida coa tradici\u00f3n do Entroido. Creada en 2011 ponse en marcha para, entre outros obxectivos, revalorizar e recuperar o esp\u00edrito do Entroido.<\/p><p>En Viana do Bolo existe unha segunda asociaci\u00f3n denominada Asociaci\u00f3n Robreda, que naceu en 2019 para velar pola continuidade e o respecto \u00e1s tradici\u00f3ns. <\/p>\t\t\t\t\t\t\t\t<\/div>\n\t\t\t\t<\/div>\n\t\t\t\t<div class=\"elementor-element elementor-element-52b9ed2 elementor-widget elementor-widget-spacer\" data-id=\"52b9ed2\" data-element_type=\"widget\" data-widget_type=\"spacer.default\">\n\t\t\t\t<div class=\"elementor-widget-container\">\n\t\t\t\t\t\t\t<div class=\"elementor-spacer\">\n\t\t\t<div class=\"elementor-spacer-inner\"><\/div>\n\t\t<\/div>\n\t\t\t\t\t\t<\/div>\n\t\t\t\t<\/div>\n\t\t\t\t<div class=\"elementor-element elementor-element-8cd44c6 elementor-widget elementor-widget-spacer\" data-id=\"8cd44c6\" data-element_type=\"widget\" data-widget_type=\"spacer.default\">\n\t\t\t\t<div class=\"elementor-widget-container\">\n\t\t\t\t\t\t\t<div class=\"elementor-spacer\">\n\t\t\t<div class=\"elementor-spacer-inner\"><\/div>\n\t\t<\/div>\n\t\t\t\t\t\t<\/div>\n\t\t\t\t<\/div>\n\t\t\t\t<div class=\"elementor-element elementor-element-90be1d8 elementor-widget elementor-widget-spacer\" data-id=\"90be1d8\" data-element_type=\"widget\" data-widget_type=\"spacer.default\">\n\t\t\t\t<div class=\"elementor-widget-container\">\n\t\t\t\t\t\t\t<div class=\"elementor-spacer\">\n\t\t\t<div class=\"elementor-spacer-inner\"><\/div>\n\t\t<\/div>\n\t\t\t\t\t\t<\/div>\n\t\t\t\t<\/div>\n\t\t\t\t\t<\/div>\n\t\t<\/div>\n\t\t\t\t<div class=\"elementor-column elementor-col-50 elementor-top-column elementor-element elementor-element-04c0e1c\" data-id=\"04c0e1c\" data-element_type=\"column\">\n\t\t\t<div class=\"elementor-widget-wrap elementor-element-populated\">\n\t\t\t\t\t\t<div class=\"elementor-element elementor-element-67dc994 elementor-widget elementor-widget-image-carousel\" data-id=\"67dc994\" data-element_type=\"widget\" data-settings=\"{&quot;slides_to_show&quot;:&quot;1&quot;,&quot;navigation&quot;:&quot;none&quot;,&quot;effect&quot;:&quot;fade&quot;,&quot;autoplay&quot;:&quot;no&quot;,&quot;infinite&quot;:&quot;no&quot;,&quot;speed&quot;:500}\" data-widget_type=\"image-carousel.default\">\n\t\t\t\t<div class=\"elementor-widget-container\">\n\t\t\t\t\t\t\t<div class=\"elementor-image-carousel-wrapper swiper\" role=\"region\" aria-roledescription=\"carousel\" aria-label=\"Carrusel de im\u00e1genes\" dir=\"ltr\">\n\t\t\t<div class=\"elementor-image-carousel swiper-wrapper\" aria-live=\"polite\">\n\t\t\t\t\t\t\t\t<div class=\"swiper-slide\" role=\"group\" aria-roledescription=\"slide\" aria-label=\"1 de 1\"><figure class=\"swiper-slide-inner\"><img decoding=\"async\" class=\"swiper-slide-image\" src=\"https:\/\/entroidodevianadobolo.gal\/wp-content\/uploads\/2025\/03\/Boteiro-de-Viana-do-Bolo.jpg\" alt=\"Boteiro de Viana do Bolo\" \/><\/figure><\/div>\t\t\t<\/div>\n\t\t\t\t\t<\/div>\n\t\t\t\t\t\t<\/div>\n\t\t\t\t<\/div>\n\t\t\t\t<div class=\"elementor-element elementor-element-8fcf30c elementor-widget elementor-widget-spacer\" data-id=\"8fcf30c\" data-element_type=\"widget\" data-widget_type=\"spacer.default\">\n\t\t\t\t<div class=\"elementor-widget-container\">\n\t\t\t\t\t\t\t<div class=\"elementor-spacer\">\n\t\t\t<div class=\"elementor-spacer-inner\"><\/div>\n\t\t<\/div>\n\t\t\t\t\t\t<\/div>\n\t\t\t\t<\/div>\n\t\t\t\t\t<\/div>\n\t\t<\/div>\n\t\t\t\t\t<\/div>\n\t\t<\/section>\n\t\t\t\t<section class=\"elementor-section elementor-top-section elementor-element elementor-element-36686ce elementor-section-boxed elementor-section-height-default elementor-section-height-default\" data-id=\"36686ce\" data-element_type=\"section\" id=\"personajes\" data-settings=\"{&quot;background_background&quot;:&quot;classic&quot;}\">\n\t\t\t\t\t\t<div class=\"elementor-container elementor-column-gap-default\">\n\t\t\t\t\t<div class=\"elementor-column elementor-col-100 elementor-top-column elementor-element elementor-element-ca4fbaa\" data-id=\"ca4fbaa\" data-element_type=\"column\">\n\t\t\t<div class=\"elementor-widget-wrap elementor-element-populated\">\n\t\t\t\t\t\t<div class=\"elementor-element elementor-element-c3065f2 elementor-widget elementor-widget-heading\" data-id=\"c3065f2\" data-element_type=\"widget\" data-widget_type=\"heading.default\">\n\t\t\t\t<div class=\"elementor-widget-container\">\n\t\t\t\t\t<h2 class=\"elementor-heading-title elementor-size-default\">Elementos e personaxes do Carnaval de Viana<\/h2>\t\t\t\t<\/div>\n\t\t\t\t<\/div>\n\t\t\t\t<div class=\"elementor-element elementor-element-b71f8a0 gt3_tabs_alignment-stretch gt3_tabs_marker-yes gt3_tabs_space-10 gt3_tabs_size-normal elementor-widget elementor-widget-gt3-core-advanced-tabs\" data-id=\"b71f8a0\" data-element_type=\"widget\" data-widget_type=\"gt3-core-advanced-tabs.default\">\n\t\t\t\t<div class=\"elementor-widget-container\">\n\t\t\t\t\t<div data-active-tab=\"0\" class=\"gt3_advanced_tabs\"><div class=\"gt3_advanced_tabs_nav_wrapper\"><ul class=\"gt3_advanced_tabs_nav\"><li class=\"elementor-repeater-item-dbc8621\"><a href=\"#tab-3303-1\"><span class=\"gt3_tabs_nav__title\">FULI\u00d3NS <\/span><\/a><\/li><li class=\"elementor-repeater-item-4b235ae\"><a href=\"#tab-3303-2\"><span class=\"gt3_tabs_nav__title\">BOTEIRO<\/span><\/a><\/li><li class=\"elementor-repeater-item-5b5c8e2\"><a href=\"#tab-3303-3\"><span class=\"gt3_tabs_nav__title\">MULA<\/span><\/a><\/li><li class=\"elementor-repeater-item-7ab90f9\"><a href=\"#tab-3303-4\"><span class=\"gt3_tabs_nav__title\">PATUMADA<\/span><\/a><\/li><li class=\"elementor-repeater-item-2a9d9d9\"><a href=\"#tab-3303-5\"><span class=\"gt3_tabs_nav__title\">COMPARSAS E DISPUTAS<\/span><\/a><\/li><li class=\"elementor-repeater-item-2abb83d\"><a href=\"#tab-3303-6\"><span class=\"gt3_tabs_nav__title\">CARROZAS<\/span><\/a><\/li><li class=\"elementor-repeater-item-1dee4dd\"><a href=\"#tab-3303-7\"><span class=\"gt3_tabs_nav__title\">LARDEIRO<br>E LARDEIRA<\/span><\/a><\/li><li class=\"elementor-repeater-item-73bd5fc\"><a href=\"#tab-3303-8\"><span class=\"gt3_tabs_nav__title\">FARI\u00d1ADA<\/span><\/a><\/li><\/ul><\/div><div id=\"tab-3303-1\">\t\t<div data-elementor-type=\"gt3-tabs\" data-elementor-id=\"4300\" class=\"elementor elementor-4300 gt3-template-4300 gt3-template gt3-tabs-template\">\n\t\t\t\t\t\t<section class=\"elementor-section elementor-top-section elementor-element elementor-element-59dbf14 elementor-section-boxed elementor-section-height-default elementor-section-height-default\" data-id=\"59dbf14\" data-element_type=\"section\">\n\t\t\t\t\t\t<div class=\"elementor-container elementor-column-gap-default\">\n\t\t\t\t\t<div class=\"elementor-column elementor-col-100 elementor-top-column elementor-element elementor-element-7266d73\" data-id=\"7266d73\" data-element_type=\"column\">\n\t\t\t<div class=\"elementor-widget-wrap elementor-element-populated\">\n\t\t\t\t\t\t<section class=\"elementor-section elementor-inner-section elementor-element elementor-element-759be2e elementor-section-boxed elementor-section-height-default elementor-section-height-default\" data-id=\"759be2e\" data-element_type=\"section\">\n\t\t\t\t\t\t<div class=\"elementor-container elementor-column-gap-default\">\n\t\t\t\t\t<div class=\"elementor-column elementor-col-50 elementor-inner-column elementor-element elementor-element-fa1658a\" data-id=\"fa1658a\" data-element_type=\"column\">\n\t\t\t<div class=\"elementor-widget-wrap elementor-element-populated\">\n\t\t\t\t\t\t<div class=\"elementor-element elementor-element-6cb5bd9 elementor-widget elementor-widget-image\" data-id=\"6cb5bd9\" data-element_type=\"widget\" data-widget_type=\"image.default\">\n\t\t\t\t<div class=\"elementor-widget-container\">\n\t\t\t\t\t\t\t\t\t\t\t\t\t\t\t<img decoding=\"async\" width=\"600\" height=\"600\" src=\"https:\/\/entroidodevianadobolo.gal\/wp-content\/uploads\/2020\/05\/Viana-Fulions.jpg\" class=\"attachment-full size-full wp-image-13415\" alt=\"\" srcset=\"https:\/\/entroidodevianadobolo.gal\/wp-content\/uploads\/2020\/05\/Viana-Fulions.jpg 600w, https:\/\/entroidodevianadobolo.gal\/wp-content\/uploads\/2020\/05\/Viana-Fulions-300x300.jpg 300w, https:\/\/entroidodevianadobolo.gal\/wp-content\/uploads\/2020\/05\/Viana-Fulions-150x150.jpg 150w, https:\/\/entroidodevianadobolo.gal\/wp-content\/uploads\/2020\/05\/Viana-Fulions-480x480.jpg 480w\" sizes=\"(max-width: 600px) 100vw, 600px\" title=\"Viana Fulions\" \/>\t\t\t\t\t\t\t\t\t\t\t\t\t\t\t<\/div>\n\t\t\t\t<\/div>\n\t\t\t\t\t<\/div>\n\t\t<\/div>\n\t\t\t\t<div class=\"elementor-column elementor-col-50 elementor-inner-column elementor-element elementor-element-1ecd245\" data-id=\"1ecd245\" data-element_type=\"column\">\n\t\t\t<div class=\"elementor-widget-wrap elementor-element-populated\">\n\t\t\t\t\t\t<div class=\"elementor-element-custom_font_size elementor-element-custom_line_height elementor-element-custom_font_family elementor-element-custom_font_weight elementor-element-custom_color elementor-element elementor-element-c7dc081 elementor-widget elementor-widget-text-editor\" data-id=\"c7dc081\" data-element_type=\"widget\" data-widget_type=\"text-editor.default\">\n\t\t\t\t<div class=\"elementor-widget-container\">\n\t\t\t\t\t\t\t\t\t<p>Fuli\u00f3ns<\/p>\t\t\t\t\t\t\t\t<\/div>\n\t\t\t\t<\/div>\n\t\t\t\t<div class=\"elementor-element elementor-element-6a23e0f elementor-widget elementor-widget-text-editor\" data-id=\"6a23e0f\" data-element_type=\"widget\" data-widget_type=\"text-editor.default\">\n\t\t\t\t<div class=\"elementor-widget-container\">\n\t\t\t\t\t\t\t\t\t<p>O Entrudio vibra ao son destas peculiares agrupaci\u00f3ns musicais que percorren as poboaci\u00f3ns do municipio de Viana do Bolo, visit\u00e1ndose entre si nunha r\u00edtmica alianza de comunidades. Nos fuli\u00f3ns, a percusi\u00f3n dos bombos comb\u00ednase con outros instrumentos improvisados: aixadas, gada\u00f1as e outros apeiros de labranza aos que se lles sacan os seus sons.<\/p><p>Desde d\u00faas semanas antes do comezo do carnaval, distintos fuli\u00f3ns percorren as r\u00faas das localidades vianesas, preparando \u00e1 poboaci\u00f3n para a chegada da festividade. Estes fuli\u00f3ns, liderados polos boteiros, te\u00f1en o seu d\u00eda grande no Domingo Gordo, cando participan coas carrozas no desfile central das festas carnavalescas.<\/p>\t\t\t\t\t\t\t\t<\/div>\n\t\t\t\t<\/div>\n\t\t\t\t\t<\/div>\n\t\t<\/div>\n\t\t\t\t\t<\/div>\n\t\t<\/section>\n\t\t\t\t\t<\/div>\n\t\t<\/div>\n\t\t\t\t\t<\/div>\n\t\t<\/section>\n\t\t\t\t<\/div>\n\t\t<\/div><div id=\"tab-3303-2\">\t\t<div data-elementor-type=\"gt3-tabs\" data-elementor-id=\"4297\" class=\"elementor elementor-4297 gt3-template-4297 gt3-template gt3-tabs-template\">\n\t\t\t\t\t\t<section class=\"elementor-section elementor-top-section elementor-element elementor-element-6e1a75e elementor-section-boxed elementor-section-height-default elementor-section-height-default\" data-id=\"6e1a75e\" data-element_type=\"section\">\n\t\t\t\t\t\t<div class=\"elementor-container elementor-column-gap-default\">\n\t\t\t\t\t<div class=\"elementor-column elementor-col-100 elementor-top-column elementor-element elementor-element-fd66d2a\" data-id=\"fd66d2a\" data-element_type=\"column\">\n\t\t\t<div class=\"elementor-widget-wrap elementor-element-populated\">\n\t\t\t\t\t\t<section class=\"elementor-section elementor-inner-section elementor-element elementor-element-1b7a67f elementor-section-boxed elementor-section-height-default elementor-section-height-default\" data-id=\"1b7a67f\" data-element_type=\"section\">\n\t\t\t\t\t\t<div class=\"elementor-container elementor-column-gap-default\">\n\t\t\t\t\t<div class=\"elementor-column elementor-col-50 elementor-inner-column elementor-element elementor-element-9f47f43\" data-id=\"9f47f43\" data-element_type=\"column\">\n\t\t\t<div class=\"elementor-widget-wrap elementor-element-populated\">\n\t\t\t\t\t\t<div class=\"elementor-element elementor-element-d6dadf4 elementor-widget elementor-widget-image\" data-id=\"d6dadf4\" data-element_type=\"widget\" data-widget_type=\"image.default\">\n\t\t\t\t<div class=\"elementor-widget-container\">\n\t\t\t\t\t\t\t\t\t\t\t\t\t\t\t<img decoding=\"async\" width=\"600\" height=\"600\" src=\"https:\/\/entroidodevianadobolo.gal\/wp-content\/uploads\/2020\/05\/Viana-boteiro.jpg\" class=\"attachment-full size-full wp-image-13413\" alt=\"\" srcset=\"https:\/\/entroidodevianadobolo.gal\/wp-content\/uploads\/2020\/05\/Viana-boteiro.jpg 600w, https:\/\/entroidodevianadobolo.gal\/wp-content\/uploads\/2020\/05\/Viana-boteiro-300x300.jpg 300w, https:\/\/entroidodevianadobolo.gal\/wp-content\/uploads\/2020\/05\/Viana-boteiro-150x150.jpg 150w, https:\/\/entroidodevianadobolo.gal\/wp-content\/uploads\/2020\/05\/Viana-boteiro-480x480.jpg 480w\" sizes=\"(max-width: 600px) 100vw, 600px\" title=\"Viana boteiro\" \/>\t\t\t\t\t\t\t\t\t\t\t\t\t\t\t<\/div>\n\t\t\t\t<\/div>\n\t\t\t\t\t<\/div>\n\t\t<\/div>\n\t\t\t\t<div class=\"elementor-column elementor-col-50 elementor-inner-column elementor-element elementor-element-516132d\" data-id=\"516132d\" data-element_type=\"column\">\n\t\t\t<div class=\"elementor-widget-wrap elementor-element-populated\">\n\t\t\t\t\t\t<div class=\"elementor-element-custom_font_size elementor-element-custom_line_height elementor-element-custom_font_family elementor-element-custom_font_weight elementor-element-custom_color elementor-element elementor-element-2e7e4ca elementor-widget elementor-widget-text-editor\" data-id=\"2e7e4ca\" data-element_type=\"widget\" data-widget_type=\"text-editor.default\">\n\t\t\t\t<div class=\"elementor-widget-container\">\n\t\t\t\t\t\t\t\t\t<p>Boteiro<\/p>\t\t\t\t\t\t\t\t<\/div>\n\t\t\t\t<\/div>\n\t\t\t\t<div class=\"elementor-element-custom_font_size elementor-element-custom_line_height elementor-element elementor-element-95f8dd2 elementor-widget elementor-widget-text-editor\" data-id=\"95f8dd2\" data-element_type=\"widget\" data-widget_type=\"text-editor.default\">\n\t\t\t\t<div class=\"elementor-widget-container\">\n\t\t\t\t\t\t\t\t\t<p>A figura do boteiro \u00e9 sen d\u00fabida a m\u00e1is representativa do Entrudio vian\u00e9s. Este personaxe \u00e9 o mestre de cerimonias do fuli\u00f3n ao seu cargo, que vai liderando entre carreiras e saltos.<\/p><p>A s\u00faa peculiar vestimenta est\u00e1 composta por unha camisa na que van cosidas tiras de tea, formando coloridas li\u00f1as e figuras. Encaixes e pasamaner\u00edas adornan tam\u00e9n o pantal\u00f3n, de tea vermella. No cinto bailan as chocas que anuncian a presencia do boteiro.<\/p><p>O elemento central do traxe \u00e9 a s\u00faa pantalla, unha estrutura composta por arame forrado en tiras de papel de seda de colores. A m\u00e1scara que cubre a cara da persoa que exerce de boteiro \u00e9 tam\u00e9n moi representativa, coa s\u00faa careta pintada de negro na que destaca un amplo sorriso, burl\u00f3n e intimidante.<\/p><p>O disfrace compl\u00e9tase coa monca, un largo bast\u00f3n co que vai abr\u00edndose cami\u00f1o este personaxe.<\/p>\t\t\t\t\t\t\t\t<\/div>\n\t\t\t\t<\/div>\n\t\t\t\t\t<\/div>\n\t\t<\/div>\n\t\t\t\t\t<\/div>\n\t\t<\/section>\n\t\t\t\t\t<\/div>\n\t\t<\/div>\n\t\t\t\t\t<\/div>\n\t\t<\/section>\n\t\t\t\t<\/div>\n\t\t<\/div><div id=\"tab-3303-3\">\t\t<div data-elementor-type=\"gt3-tabs\" data-elementor-id=\"13377\" class=\"elementor elementor-13377 gt3-template-13377 gt3-template gt3-tabs-template\">\n\t\t\t\t\t\t<section class=\"elementor-section elementor-top-section elementor-element elementor-element-b32a04a elementor-section-boxed elementor-section-height-default elementor-section-height-default\" data-id=\"b32a04a\" data-element_type=\"section\">\n\t\t\t\t\t\t<div class=\"elementor-container elementor-column-gap-default\">\n\t\t\t\t\t<div class=\"elementor-column elementor-col-100 elementor-top-column elementor-element elementor-element-d77b497\" data-id=\"d77b497\" data-element_type=\"column\">\n\t\t\t<div class=\"elementor-widget-wrap elementor-element-populated\">\n\t\t\t\t\t\t<section class=\"elementor-section elementor-inner-section elementor-element elementor-element-e6bd163 elementor-section-boxed elementor-section-height-default elementor-section-height-default\" data-id=\"e6bd163\" data-element_type=\"section\">\n\t\t\t\t\t\t<div class=\"elementor-container elementor-column-gap-default\">\n\t\t\t\t\t<div class=\"elementor-column elementor-col-50 elementor-inner-column elementor-element elementor-element-3b55721\" data-id=\"3b55721\" data-element_type=\"column\">\n\t\t\t<div class=\"elementor-widget-wrap elementor-element-populated\">\n\t\t\t\t\t\t<div class=\"elementor-element elementor-element-9c42f5d elementor-widget elementor-widget-image\" data-id=\"9c42f5d\" data-element_type=\"widget\" data-widget_type=\"image.default\">\n\t\t\t\t<div class=\"elementor-widget-container\">\n\t\t\t\t\t\t\t\t\t\t\t\t\t\t\t<img decoding=\"async\" width=\"600\" height=\"600\" src=\"https:\/\/entroidodevianadobolo.gal\/wp-content\/uploads\/2024\/01\/Viana-La-Mula.jpg\" class=\"attachment-full size-full wp-image-13425\" alt=\"\" srcset=\"https:\/\/entroidodevianadobolo.gal\/wp-content\/uploads\/2024\/01\/Viana-La-Mula.jpg 600w, https:\/\/entroidodevianadobolo.gal\/wp-content\/uploads\/2024\/01\/Viana-La-Mula-300x300.jpg 300w, https:\/\/entroidodevianadobolo.gal\/wp-content\/uploads\/2024\/01\/Viana-La-Mula-150x150.jpg 150w, https:\/\/entroidodevianadobolo.gal\/wp-content\/uploads\/2024\/01\/Viana-La-Mula-480x480.jpg 480w\" sizes=\"(max-width: 600px) 100vw, 600px\" title=\"Viana La Mula\" \/>\t\t\t\t\t\t\t\t\t\t\t\t\t\t\t<\/div>\n\t\t\t\t<\/div>\n\t\t\t\t\t<\/div>\n\t\t<\/div>\n\t\t\t\t<div class=\"elementor-column elementor-col-50 elementor-inner-column elementor-element elementor-element-e62f526\" data-id=\"e62f526\" data-element_type=\"column\">\n\t\t\t<div class=\"elementor-widget-wrap elementor-element-populated\">\n\t\t\t\t\t\t<div class=\"elementor-element-custom_font_size elementor-element-custom_line_height elementor-element-custom_font_family elementor-element-custom_font_weight elementor-element-custom_color elementor-element elementor-element-261cf72 elementor-widget elementor-widget-text-editor\" data-id=\"261cf72\" data-element_type=\"widget\" data-widget_type=\"text-editor.default\">\n\t\t\t\t<div class=\"elementor-widget-container\">\n\t\t\t\t\t\t\t\t\t<p>Mula<\/p>\t\t\t\t\t\t\t\t<\/div>\n\t\t\t\t<\/div>\n\t\t\t\t<div class=\"elementor-element elementor-element-8777f5e elementor-widget elementor-widget-text-editor\" data-id=\"8777f5e\" data-element_type=\"widget\" data-widget_type=\"text-editor.default\">\n\t\t\t\t<div class=\"elementor-widget-container\">\n\t\t\t\t\t\t\t\t\t<p>Outro dos elementos que fan \u00fanico o Entroido en Viana do Bolo. Esta criatura comp\u00f3nse dun armaz\u00f3n que imita ao animal, baixo o que se ocultan d\u00faas persoas que son as encargadas de mover a estrutura.<\/p><p>A mula desfila cos fuli\u00f3ns e er\u00edxese como unha das figuras carnavalescas m\u00e1is rebeldes. O encargado de dirixila \u00e9 o maragato. O animal desobedece continuamente ao seu condutor, entre coces e movementos repentinos, e abre paso \u00e1 comitiva \u00e1 vez que interact\u00faa co p\u00fablico.<\/p>\t\t\t\t\t\t\t\t<\/div>\n\t\t\t\t<\/div>\n\t\t\t\t\t<\/div>\n\t\t<\/div>\n\t\t\t\t\t<\/div>\n\t\t<\/section>\n\t\t\t\t\t<\/div>\n\t\t<\/div>\n\t\t\t\t\t<\/div>\n\t\t<\/section>\n\t\t\t\t<\/div>\n\t\t<\/div><div id=\"tab-3303-4\">\t\t<div data-elementor-type=\"gt3-tabs\" data-elementor-id=\"13733\" class=\"elementor elementor-13733 gt3-template-13733 gt3-template gt3-tabs-template\">\n\t\t\t\t\t\t<section class=\"elementor-section elementor-top-section elementor-element elementor-element-b32a04a elementor-section-boxed elementor-section-height-default elementor-section-height-default\" data-id=\"b32a04a\" data-element_type=\"section\">\n\t\t\t\t\t\t<div class=\"elementor-container elementor-column-gap-default\">\n\t\t\t\t\t<div class=\"elementor-column elementor-col-100 elementor-top-column elementor-element elementor-element-d77b497\" data-id=\"d77b497\" data-element_type=\"column\">\n\t\t\t<div class=\"elementor-widget-wrap elementor-element-populated\">\n\t\t\t\t\t\t<section class=\"elementor-section elementor-inner-section elementor-element elementor-element-e6bd163 elementor-section-boxed elementor-section-height-default elementor-section-height-default\" data-id=\"e6bd163\" data-element_type=\"section\">\n\t\t\t\t\t\t<div class=\"elementor-container elementor-column-gap-default\">\n\t\t\t\t\t<div class=\"elementor-column elementor-col-50 elementor-inner-column elementor-element elementor-element-3b55721\" data-id=\"3b55721\" data-element_type=\"column\">\n\t\t\t<div class=\"elementor-widget-wrap elementor-element-populated\">\n\t\t\t\t\t\t<div class=\"elementor-element elementor-element-9c42f5d elementor-widget elementor-widget-image\" data-id=\"9c42f5d\" data-element_type=\"widget\" data-widget_type=\"image.default\">\n\t\t\t\t<div class=\"elementor-widget-container\">\n\t\t\t\t\t\t\t\t\t\t\t\t\t\t\t<img decoding=\"async\" width=\"367\" height=\"600\" src=\"https:\/\/entroidodevianadobolo.gal\/wp-content\/uploads\/2024\/02\/Patumada.jpg\" class=\"attachment-full size-full wp-image-13736\" alt=\"\" srcset=\"https:\/\/entroidodevianadobolo.gal\/wp-content\/uploads\/2024\/02\/Patumada.jpg 367w, https:\/\/entroidodevianadobolo.gal\/wp-content\/uploads\/2024\/02\/Patumada-184x300.jpg 184w\" sizes=\"(max-width: 367px) 100vw, 367px\" title=\"Patumada\" \/>\t\t\t\t\t\t\t\t\t\t\t\t\t\t\t<\/div>\n\t\t\t\t<\/div>\n\t\t\t\t\t<\/div>\n\t\t<\/div>\n\t\t\t\t<div class=\"elementor-column elementor-col-50 elementor-inner-column elementor-element elementor-element-e62f526\" data-id=\"e62f526\" data-element_type=\"column\">\n\t\t\t<div class=\"elementor-widget-wrap elementor-element-populated\">\n\t\t\t\t\t\t<div class=\"elementor-element-custom_font_size elementor-element-custom_line_height elementor-element-custom_font_family elementor-element-custom_font_weight elementor-element-custom_color elementor-element elementor-element-261cf72 elementor-widget elementor-widget-text-editor\" data-id=\"261cf72\" data-element_type=\"widget\" data-widget_type=\"text-editor.default\">\n\t\t\t\t<div class=\"elementor-widget-container\">\n\t\t\t\t\t\t\t\t\t<p>Patumada<\/p>\t\t\t\t\t\t\t\t<\/div>\n\t\t\t\t<\/div>\n\t\t\t\t<div class=\"elementor-element elementor-element-8777f5e elementor-widget elementor-widget-text-editor\" data-id=\"8777f5e\" data-element_type=\"widget\" data-widget_type=\"text-editor.default\">\n\t\t\t\t<div class=\"elementor-widget-container\">\n\t\t\t\t\t\t\t\t\t<p class=\"MsoListParagraphCxSpFirst\" style=\"margin-bottom: .0001pt; mso-add-space: auto; text-align: justify;\"><span lang=\"ES-TRAD\">Este personaxe do Entrudio \u00e9 exclusivo dunha das aldeas do municipio: Fornelos de Fillo\u00e1s. A patumada \u00e9 unha figura de tipo animal que desfila co fuli\u00f3n e o boteiro. <\/span><\/p><p>\u00a0<\/p><p class=\"MsoListParagraphCxSpLast\" style=\"margin-bottom: .0001pt; mso-add-space: auto; text-align: justify;\"><span lang=\"ES-TRAD\">Herdeira dunha variada tradici\u00f3n de personaxes dentro das comitivas carnavalescas, a s\u00faa recuperaci\u00f3n \u00e9 relativamente recente e enriquece o xa de por si orixinal tapiz de diversidade cultural que \u00e9 o carnaval vian\u00e9s.\u00a0<\/span><\/p>\t\t\t\t\t\t\t\t<\/div>\n\t\t\t\t<\/div>\n\t\t\t\t\t<\/div>\n\t\t<\/div>\n\t\t\t\t\t<\/div>\n\t\t<\/section>\n\t\t\t\t\t<\/div>\n\t\t<\/div>\n\t\t\t\t\t<\/div>\n\t\t<\/section>\n\t\t\t\t<\/div>\n\t\t<\/div><div id=\"tab-3303-5\">\t\t<div data-elementor-type=\"gt3-tabs\" data-elementor-id=\"4306\" class=\"elementor elementor-4306 gt3-template-4306 gt3-template gt3-tabs-template\">\n\t\t\t\t\t\t<section class=\"elementor-section elementor-top-section elementor-element elementor-element-c71b9c4 elementor-section-boxed elementor-section-height-default elementor-section-height-default\" data-id=\"c71b9c4\" data-element_type=\"section\">\n\t\t\t\t\t\t<div class=\"elementor-container elementor-column-gap-default\">\n\t\t\t\t\t<div class=\"elementor-column elementor-col-100 elementor-top-column elementor-element elementor-element-ef425b9\" data-id=\"ef425b9\" data-element_type=\"column\">\n\t\t\t<div class=\"elementor-widget-wrap elementor-element-populated\">\n\t\t\t\t\t\t<section class=\"elementor-section elementor-inner-section elementor-element elementor-element-0c75a35 elementor-section-boxed elementor-section-height-default elementor-section-height-default\" data-id=\"0c75a35\" data-element_type=\"section\">\n\t\t\t\t\t\t<div class=\"elementor-container elementor-column-gap-default\">\n\t\t\t\t\t<div class=\"elementor-column elementor-col-50 elementor-inner-column elementor-element elementor-element-a1af195\" data-id=\"a1af195\" data-element_type=\"column\">\n\t\t\t<div class=\"elementor-widget-wrap elementor-element-populated\">\n\t\t\t\t\t\t<div class=\"elementor-element elementor-element-47f145e elementor-widget elementor-widget-image\" data-id=\"47f145e\" data-element_type=\"widget\" data-widget_type=\"image.default\">\n\t\t\t\t<div class=\"elementor-widget-container\">\n\t\t\t\t\t\t\t\t\t\t\t\t\t\t\t<img decoding=\"async\" width=\"600\" height=\"600\" src=\"https:\/\/entroidodevianadobolo.gal\/wp-content\/uploads\/2020\/05\/Viana-Comparsas.jpg\" class=\"attachment-full size-full wp-image-13420\" alt=\"\" srcset=\"https:\/\/entroidodevianadobolo.gal\/wp-content\/uploads\/2020\/05\/Viana-Comparsas.jpg 600w, https:\/\/entroidodevianadobolo.gal\/wp-content\/uploads\/2020\/05\/Viana-Comparsas-300x300.jpg 300w, https:\/\/entroidodevianadobolo.gal\/wp-content\/uploads\/2020\/05\/Viana-Comparsas-150x150.jpg 150w, https:\/\/entroidodevianadobolo.gal\/wp-content\/uploads\/2020\/05\/Viana-Comparsas-480x480.jpg 480w\" sizes=\"(max-width: 600px) 100vw, 600px\" title=\"Viana Comparsas\" \/>\t\t\t\t\t\t\t\t\t\t\t\t\t\t\t<\/div>\n\t\t\t\t<\/div>\n\t\t\t\t\t<\/div>\n\t\t<\/div>\n\t\t\t\t<div class=\"elementor-column elementor-col-50 elementor-inner-column elementor-element elementor-element-931cd78\" data-id=\"931cd78\" data-element_type=\"column\">\n\t\t\t<div class=\"elementor-widget-wrap elementor-element-populated\">\n\t\t\t\t\t\t<div class=\"elementor-element-custom_font_size elementor-element-custom_line_height elementor-element-custom_font_family elementor-element-custom_font_weight elementor-element-custom_color elementor-element elementor-element-049e767 elementor-widget elementor-widget-text-editor\" data-id=\"049e767\" data-element_type=\"widget\" data-widget_type=\"text-editor.default\">\n\t\t\t\t<div class=\"elementor-widget-container\">\n\t\t\t\t\t\t\t\t\t<p>Comparsas e Disputas<\/p>\t\t\t\t\t\t\t\t<\/div>\n\t\t\t\t<\/div>\n\t\t\t\t<div class=\"elementor-element elementor-element-48db95c elementor-widget elementor-widget-text-editor\" data-id=\"48db95c\" data-element_type=\"widget\" data-widget_type=\"text-editor.default\">\n\t\t\t\t<div class=\"elementor-widget-container\">\n\t\t\t\t\t\t\t\t\t<p>As comparsas son agrupaci\u00f3ns de veci\u00f1os e veci\u00f1as dunha mesma aldea, que percorren as r\u00faas das localidades de Viana do Bolo para realizar unha serie de representaci\u00f3ns teatrais en clave de s\u00e1tira e humor: as disputas.<\/p><p>Estas pezas contan cunha serie de personaxes fixos ou roles que se repiten, como son o director, a se\u00f1orita ou madama, o pallaso, os m\u00fasicos, os boteiros e os vellos das esquilas.<\/p><p>Nas s\u00faas tramas, as disputas repasan historias e situaci\u00f3ns da vida coti\u00e1, revisadas a trav\u00e9s do enxe\u00f1o, o humor e a picard\u00eda. Unha tradici\u00f3n que lembra a outras non s\u00f3 de municipios lim\u00edtrofes, como as foliadas de Vilari\u00f1o de Conso ou Manzaneda, sen\u00f3n doutros carnavais m\u00e1is lonxanos.<\/p>\t\t\t\t\t\t\t\t<\/div>\n\t\t\t\t<\/div>\n\t\t\t\t\t<\/div>\n\t\t<\/div>\n\t\t\t\t\t<\/div>\n\t\t<\/section>\n\t\t\t\t\t<\/div>\n\t\t<\/div>\n\t\t\t\t\t<\/div>\n\t\t<\/section>\n\t\t\t\t<\/div>\n\t\t<\/div><div id=\"tab-3303-6\">\t\t<div data-elementor-type=\"gt3-tabs\" data-elementor-id=\"13380\" class=\"elementor elementor-13380 gt3-template-13380 gt3-template gt3-tabs-template\">\n\t\t\t\t\t\t<section class=\"elementor-section elementor-top-section elementor-element elementor-element-b32a04a elementor-section-boxed elementor-section-height-default elementor-section-height-default\" data-id=\"b32a04a\" data-element_type=\"section\">\n\t\t\t\t\t\t<div class=\"elementor-container elementor-column-gap-default\">\n\t\t\t\t\t<div class=\"elementor-column elementor-col-100 elementor-top-column elementor-element elementor-element-d77b497\" data-id=\"d77b497\" data-element_type=\"column\">\n\t\t\t<div class=\"elementor-widget-wrap elementor-element-populated\">\n\t\t\t\t\t\t<section class=\"elementor-section elementor-inner-section elementor-element elementor-element-e6bd163 elementor-section-boxed elementor-section-height-default elementor-section-height-default\" data-id=\"e6bd163\" data-element_type=\"section\">\n\t\t\t\t\t\t<div class=\"elementor-container elementor-column-gap-default\">\n\t\t\t\t\t<div class=\"elementor-column elementor-col-50 elementor-inner-column elementor-element elementor-element-3b55721\" data-id=\"3b55721\" data-element_type=\"column\">\n\t\t\t<div class=\"elementor-widget-wrap elementor-element-populated\">\n\t\t\t\t\t\t<div class=\"elementor-element elementor-element-9c42f5d elementor-widget elementor-widget-image\" data-id=\"9c42f5d\" data-element_type=\"widget\" data-widget_type=\"image.default\">\n\t\t\t\t<div class=\"elementor-widget-container\">\n\t\t\t\t\t\t\t\t\t\t\t\t\t\t\t<img decoding=\"async\" width=\"600\" height=\"600\" src=\"https:\/\/entroidodevianadobolo.gal\/wp-content\/uploads\/2024\/01\/Viana-Carrozas.jpg\" class=\"attachment-full size-full wp-image-13431\" alt=\"\" srcset=\"https:\/\/entroidodevianadobolo.gal\/wp-content\/uploads\/2024\/01\/Viana-Carrozas.jpg 600w, https:\/\/entroidodevianadobolo.gal\/wp-content\/uploads\/2024\/01\/Viana-Carrozas-300x300.jpg 300w, https:\/\/entroidodevianadobolo.gal\/wp-content\/uploads\/2024\/01\/Viana-Carrozas-150x150.jpg 150w, https:\/\/entroidodevianadobolo.gal\/wp-content\/uploads\/2024\/01\/Viana-Carrozas-480x480.jpg 480w\" sizes=\"(max-width: 600px) 100vw, 600px\" title=\"Viana Carrozas\" \/>\t\t\t\t\t\t\t\t\t\t\t\t\t\t\t<\/div>\n\t\t\t\t<\/div>\n\t\t\t\t<div class=\"elementor-element-custom_font_size elementor-element elementor-element-624cce0 elementor-widget elementor-widget-text-editor\" data-id=\"624cce0\" data-element_type=\"widget\" data-widget_type=\"text-editor.default\">\n\t\t\t\t<div class=\"elementor-widget-container\">\n\t\t\t\t\t\t\t\t\t<p>Foto: <a href=\"https:\/\/www.flickr.com\/photos\/agustin_hernandez\/16620525382\/\" target=\"_blank\" rel=\"noopener\">Agust\u00edn Hern\u00e1ndez<\/a><\/p>\t\t\t\t\t\t\t\t<\/div>\n\t\t\t\t<\/div>\n\t\t\t\t\t<\/div>\n\t\t<\/div>\n\t\t\t\t<div class=\"elementor-column elementor-col-50 elementor-inner-column elementor-element elementor-element-e62f526\" data-id=\"e62f526\" data-element_type=\"column\">\n\t\t\t<div class=\"elementor-widget-wrap elementor-element-populated\">\n\t\t\t\t\t\t<div class=\"elementor-element-custom_font_size elementor-element-custom_line_height elementor-element-custom_font_family elementor-element-custom_font_weight elementor-element-custom_color elementor-element elementor-element-261cf72 elementor-widget elementor-widget-text-editor\" data-id=\"261cf72\" data-element_type=\"widget\" data-widget_type=\"text-editor.default\">\n\t\t\t\t<div class=\"elementor-widget-container\">\n\t\t\t\t\t\t\t\t\t<p>Carrozas<\/p>\t\t\t\t\t\t\t\t<\/div>\n\t\t\t\t<\/div>\n\t\t\t\t<div class=\"elementor-element elementor-element-8777f5e elementor-widget elementor-widget-text-editor\" data-id=\"8777f5e\" data-element_type=\"widget\" data-widget_type=\"text-editor.default\">\n\t\t\t\t<div class=\"elementor-widget-container\">\n\t\t\t\t\t\t\t\t\t<p>No desfile de fuli\u00f3ns e boteiros do Domingo Gordo de Viana do Bolo hai unhas terceiras protagonistas: as carrozas. Estes monumentos m\u00f3biles est\u00e1n elaborados por distintas localidades e colectivos do municipio.<\/p><p>As carrozas recrean distintos motivos, desde ocasi\u00f3ns da vida diaria na localidade a escenas relacionadas coa actualidade, pasando por temas aleg\u00f3ricos.<\/p><p>A s\u00faa elaboraci\u00f3n \u00e9 unha oda \u00e1 artesan\u00eda, na que conviven todo tipo de materiais a trav\u00e9s de estruturas organizadas baixo complexas mec\u00e1nicas.<\/p>\t\t\t\t\t\t\t\t<\/div>\n\t\t\t\t<\/div>\n\t\t\t\t\t<\/div>\n\t\t<\/div>\n\t\t\t\t\t<\/div>\n\t\t<\/section>\n\t\t\t\t\t<\/div>\n\t\t<\/div>\n\t\t\t\t\t<\/div>\n\t\t<\/section>\n\t\t\t\t<\/div>\n\t\t<\/div><div id=\"tab-3303-7\">\t\t<div data-elementor-type=\"gt3-tabs\" data-elementor-id=\"4309\" class=\"elementor elementor-4309 gt3-template-4309 gt3-template gt3-tabs-template\">\n\t\t\t\t\t\t<section class=\"elementor-section elementor-top-section elementor-element elementor-element-b32a04a elementor-section-boxed elementor-section-height-default elementor-section-height-default\" data-id=\"b32a04a\" data-element_type=\"section\">\n\t\t\t\t\t\t<div class=\"elementor-container elementor-column-gap-default\">\n\t\t\t\t\t<div class=\"elementor-column elementor-col-100 elementor-top-column elementor-element elementor-element-d77b497\" data-id=\"d77b497\" data-element_type=\"column\">\n\t\t\t<div class=\"elementor-widget-wrap elementor-element-populated\">\n\t\t\t\t\t\t<section class=\"elementor-section elementor-inner-section elementor-element elementor-element-e6bd163 elementor-section-boxed elementor-section-height-default elementor-section-height-default\" data-id=\"e6bd163\" data-element_type=\"section\">\n\t\t\t\t\t\t<div class=\"elementor-container elementor-column-gap-default\">\n\t\t\t\t\t<div class=\"elementor-column elementor-col-50 elementor-inner-column elementor-element elementor-element-3b55721\" data-id=\"3b55721\" data-element_type=\"column\">\n\t\t\t<div class=\"elementor-widget-wrap elementor-element-populated\">\n\t\t\t\t\t\t<div class=\"elementor-element elementor-element-9c42f5d elementor-widget elementor-widget-image\" data-id=\"9c42f5d\" data-element_type=\"widget\" data-widget_type=\"image.default\">\n\t\t\t\t<div class=\"elementor-widget-container\">\n\t\t\t\t\t\t\t\t\t\t\t\t\t\t\t<img decoding=\"async\" width=\"600\" height=\"600\" src=\"https:\/\/entroidodevianadobolo.gal\/wp-content\/uploads\/2020\/05\/Viana_Lardeiros.jpg\" class=\"attachment-full size-full wp-image-13427\" alt=\"\" srcset=\"https:\/\/entroidodevianadobolo.gal\/wp-content\/uploads\/2020\/05\/Viana_Lardeiros.jpg 600w, https:\/\/entroidodevianadobolo.gal\/wp-content\/uploads\/2020\/05\/Viana_Lardeiros-300x300.jpg 300w, https:\/\/entroidodevianadobolo.gal\/wp-content\/uploads\/2020\/05\/Viana_Lardeiros-150x150.jpg 150w, https:\/\/entroidodevianadobolo.gal\/wp-content\/uploads\/2020\/05\/Viana_Lardeiros-480x480.jpg 480w\" sizes=\"(max-width: 600px) 100vw, 600px\" title=\"Viana Lardeiros\" \/>\t\t\t\t\t\t\t\t\t\t\t\t\t\t\t<\/div>\n\t\t\t\t<\/div>\n\t\t\t\t\t<\/div>\n\t\t<\/div>\n\t\t\t\t<div class=\"elementor-column elementor-col-50 elementor-inner-column elementor-element elementor-element-e62f526\" data-id=\"e62f526\" data-element_type=\"column\">\n\t\t\t<div class=\"elementor-widget-wrap elementor-element-populated\">\n\t\t\t\t\t\t<div class=\"elementor-element-custom_font_size elementor-element-custom_line_height elementor-element-custom_font_family elementor-element-custom_font_weight elementor-element-custom_color elementor-element elementor-element-261cf72 elementor-widget elementor-widget-text-editor\" data-id=\"261cf72\" data-element_type=\"widget\" data-widget_type=\"text-editor.default\">\n\t\t\t\t<div class=\"elementor-widget-container\">\n\t\t\t\t\t\t\t\t\t<p>Lardeiro e Lardeira<\/p>\t\t\t\t\t\t\t\t<\/div>\n\t\t\t\t<\/div>\n\t\t\t\t<div class=\"elementor-element elementor-element-8777f5e elementor-widget elementor-widget-text-editor\" data-id=\"8777f5e\" data-element_type=\"widget\" data-widget_type=\"text-editor.default\">\n\t\t\t\t<div class=\"elementor-widget-container\">\n\t\t\t\t\t\t\t\t\t<p>Outros personaxes clave do Entroido da zona que te\u00f1en a s\u00faa correspondencia en Viana do Bolo son o lardeiro e a lardeira. No Xoves de Compadres, dez d\u00edas antes do comezo do carnaval, as mulleres da vila colgan ao lardeiro, un moneco vestido con roupas dos homes da poboaci\u00f3n ao que, tradicionalmente, estes ti\u00f1an que intentar descolgar.<\/p><p>Unha semana despois \u00e9 ocasi\u00f3n para os veci\u00f1os da localidade, quen se encargaban de preparar e colgar \u00e1 lardeira, esta vez vestida con prendas das mulleres vianesas.<\/p><p>Esta peculiar parella permanecer\u00e1 colgada ata o Martes de Entrudio, na que se lle ir\u00e1 a buscar para queimala \u00e1 medianoite do M\u00e9rcores de Cinza.<\/p>\t\t\t\t\t\t\t\t<\/div>\n\t\t\t\t<\/div>\n\t\t\t\t\t<\/div>\n\t\t<\/div>\n\t\t\t\t\t<\/div>\n\t\t<\/section>\n\t\t\t\t\t<\/div>\n\t\t<\/div>\n\t\t\t\t\t<\/div>\n\t\t<\/section>\n\t\t\t\t<\/div>\n\t\t<\/div><div id=\"tab-3303-8\">\t\t<div data-elementor-type=\"gt3-tabs\" data-elementor-id=\"4303\" class=\"elementor elementor-4303 gt3-template-4303 gt3-template gt3-tabs-template\">\n\t\t\t\t\t\t<section class=\"elementor-section elementor-top-section elementor-element elementor-element-97fec1a elementor-section-boxed elementor-section-height-default elementor-section-height-default\" data-id=\"97fec1a\" data-element_type=\"section\">\n\t\t\t\t\t\t<div class=\"elementor-container elementor-column-gap-default\">\n\t\t\t\t\t<div class=\"elementor-column elementor-col-100 elementor-top-column elementor-element elementor-element-1231b60\" data-id=\"1231b60\" data-element_type=\"column\">\n\t\t\t<div class=\"elementor-widget-wrap elementor-element-populated\">\n\t\t\t\t\t\t<section class=\"elementor-section elementor-inner-section elementor-element elementor-element-ad66cd4 elementor-section-boxed elementor-section-height-default elementor-section-height-default\" data-id=\"ad66cd4\" data-element_type=\"section\">\n\t\t\t\t\t\t<div class=\"elementor-container elementor-column-gap-default\">\n\t\t\t\t\t<div class=\"elementor-column elementor-col-50 elementor-inner-column elementor-element elementor-element-0abaec2\" data-id=\"0abaec2\" data-element_type=\"column\">\n\t\t\t<div class=\"elementor-widget-wrap elementor-element-populated\">\n\t\t\t\t\t\t<div class=\"elementor-element elementor-element-789befb elementor-widget elementor-widget-image\" data-id=\"789befb\" data-element_type=\"widget\" data-widget_type=\"image.default\">\n\t\t\t\t<div class=\"elementor-widget-container\">\n\t\t\t\t\t\t\t\t\t\t\t\t\t\t\t<img decoding=\"async\" width=\"600\" height=\"600\" src=\"https:\/\/entroidodevianadobolo.gal\/wp-content\/uploads\/2020\/05\/Viana-Farina.jpg\" class=\"attachment-full size-full wp-image-13417\" alt=\"\" srcset=\"https:\/\/entroidodevianadobolo.gal\/wp-content\/uploads\/2020\/05\/Viana-Farina.jpg 600w, https:\/\/entroidodevianadobolo.gal\/wp-content\/uploads\/2020\/05\/Viana-Farina-300x300.jpg 300w, https:\/\/entroidodevianadobolo.gal\/wp-content\/uploads\/2020\/05\/Viana-Farina-150x150.jpg 150w, https:\/\/entroidodevianadobolo.gal\/wp-content\/uploads\/2020\/05\/Viana-Farina-480x480.jpg 480w\" sizes=\"(max-width: 600px) 100vw, 600px\" title=\"Viana Fari\u00f1a\" \/>\t\t\t\t\t\t\t\t\t\t\t\t\t\t\t<\/div>\n\t\t\t\t<\/div>\n\t\t\t\t\t<\/div>\n\t\t<\/div>\n\t\t\t\t<div class=\"elementor-column elementor-col-50 elementor-inner-column elementor-element elementor-element-831ac2a\" data-id=\"831ac2a\" data-element_type=\"column\">\n\t\t\t<div class=\"elementor-widget-wrap elementor-element-populated\">\n\t\t\t\t\t\t<div class=\"elementor-element-custom_font_size elementor-element-custom_line_height elementor-element-custom_font_family elementor-element-custom_font_weight elementor-element-custom_color elementor-element elementor-element-ca98a2a elementor-widget elementor-widget-text-editor\" data-id=\"ca98a2a\" data-element_type=\"widget\" data-widget_type=\"text-editor.default\">\n\t\t\t\t<div class=\"elementor-widget-container\">\n\t\t\t\t\t\t\t\t\t<p>Fari\u00f1ada<\/p>\t\t\t\t\t\t\t\t<\/div>\n\t\t\t\t<\/div>\n\t\t\t\t<div class=\"elementor-element elementor-element-6ad8e77 elementor-widget elementor-widget-text-editor\" data-id=\"6ad8e77\" data-element_type=\"widget\" data-widget_type=\"text-editor.default\">\n\t\t\t\t<div class=\"elementor-widget-container\">\n\t\t\t\t\t\t\t\t\t<p>Nas pelexas entre homes e mulleres por colgar e descolgar a lardeiro e lardeira prod\u00facense as batallas de fari\u00f1a ou fari\u00f1adas, nas que acaba implicada calquera persoa que te\u00f1a a sorte, boa ou mala, de estar na localidade.<\/p><p>Lonxe de limitarse aos Xoves de Compadres e Comadres, as fari\u00f1adas son habituais durante os d\u00edas que dura o Entrudio vian\u00e9s. En calquera momento, en calquera localidade do municipio, pode iniciarse unha guerra con fari\u00f1a.<\/p>\t\t\t\t\t\t\t\t<\/div>\n\t\t\t\t<\/div>\n\t\t\t\t\t<\/div>\n\t\t<\/div>\n\t\t\t\t\t<\/div>\n\t\t<\/section>\n\t\t\t\t\t<\/div>\n\t\t<\/div>\n\t\t\t\t\t<\/div>\n\t\t<\/section>\n\t\t\t\t<\/div>\n\t\t<\/div><\/div><script type=\"application\/json\" id=\"settings--b71f8a0\">[]<\/script>\t\t\t\t<\/div>\n\t\t\t\t<\/div>\n\t\t\t\t\t<\/div>\n\t\t<\/div>\n\t\t\t\t\t<\/div>\n\t\t<\/section>\n\t\t\t\t<section class=\"elementor-section elementor-top-section elementor-element elementor-element-9aa983d elementor-section-full_width elementor-section-height-default elementor-section-height-default\" data-id=\"9aa983d\" data-element_type=\"section\" id=\"calendario\" data-settings=\"{&quot;background_background&quot;:&quot;classic&quot;}\">\n\t\t\t\t\t\t<div class=\"elementor-container elementor-column-gap-default\">\n\t\t\t\t\t<div class=\"elementor-column elementor-col-100 elementor-top-column elementor-element elementor-element-0003a69\" data-id=\"0003a69\" data-element_type=\"column\">\n\t\t\t<div class=\"elementor-widget-wrap elementor-element-populated\">\n\t\t\t\t\t\t<div class=\"elementor-element elementor-element-e353cff elementor-widget elementor-widget-heading\" data-id=\"e353cff\" data-element_type=\"widget\" data-widget_type=\"heading.default\">\n\t\t\t\t<div class=\"elementor-widget-container\">\n\t\t\t\t\t<h2 class=\"elementor-heading-title elementor-size-default\">Calendario de actividades 2026<\/h2>\t\t\t\t<\/div>\n\t\t\t\t<\/div>\n\t\t\t\t<section class=\"elementor-section elementor-inner-section elementor-element elementor-element-c897318 elementor-section-boxed elementor-section-height-default elementor-section-height-default\" data-id=\"c897318\" data-element_type=\"section\">\n\t\t\t\t\t\t<div class=\"elementor-container elementor-column-gap-default\">\n\t\t\t\t\t<div class=\"elementor-column elementor-col-25 elementor-inner-column elementor-element elementor-element-293004e\" data-id=\"293004e\" data-element_type=\"column\">\n\t\t\t<div class=\"elementor-widget-wrap elementor-element-populated\">\n\t\t\t\t\t\t<div class=\"elementor-element elementor-element-9413501 elementor-widget elementor-widget-image\" data-id=\"9413501\" data-element_type=\"widget\" data-widget_type=\"image.default\">\n\t\t\t\t<div class=\"elementor-widget-container\">\n\t\t\t\t\t\t\t\t\t\t\t\t\t\t\t\t<a href=\"https:\/\/entroidodevianadobolo.gal\/wp-content\/uploads\/2026\/01\/Programacion-Entrudio-Viana-do-Bolo-2026.jpg\" data-elementor-open-lightbox=\"yes\" data-elementor-lightbox-title=\"Programaci\u00f3n Entrudio Viana do Bolo 2026\" data-e-action-hash=\"#elementor-action%3Aaction%3Dlightbox%26settings%3DeyJpZCI6MTQzNjgsInVybCI6Imh0dHBzOlwvXC9lbnRyb2lkb2RldmlhbmFkb2JvbG8uZ2FsXC93cC1jb250ZW50XC91cGxvYWRzXC8yMDI2XC8wMVwvUHJvZ3JhbWFjaW9uLUVudHJ1ZGlvLVZpYW5hLWRvLUJvbG8tMjAyNi5qcGcifQ%3D%3D\">\n\t\t\t\t\t\t\t<img decoding=\"async\" width=\"1200\" height=\"846\" src=\"https:\/\/entroidodevianadobolo.gal\/wp-content\/uploads\/2026\/01\/Programacion-Entrudio-Viana-do-Bolo-2026.jpg\" class=\"attachment-full size-full wp-image-14368\" alt=\"\" srcset=\"https:\/\/entroidodevianadobolo.gal\/wp-content\/uploads\/2026\/01\/Programacion-Entrudio-Viana-do-Bolo-2026.jpg 1200w, https:\/\/entroidodevianadobolo.gal\/wp-content\/uploads\/2026\/01\/Programacion-Entrudio-Viana-do-Bolo-2026-300x212.jpg 300w, https:\/\/entroidodevianadobolo.gal\/wp-content\/uploads\/2026\/01\/Programacion-Entrudio-Viana-do-Bolo-2026-1024x722.jpg 1024w, https:\/\/entroidodevianadobolo.gal\/wp-content\/uploads\/2026\/01\/Programacion-Entrudio-Viana-do-Bolo-2026-768x541.jpg 768w, https:\/\/entroidodevianadobolo.gal\/wp-content\/uploads\/2026\/01\/Programacion-Entrudio-Viana-do-Bolo-2026-18x12.jpg 18w, https:\/\/entroidodevianadobolo.gal\/wp-content\/uploads\/2026\/01\/Programacion-Entrudio-Viana-do-Bolo-2026-480x338.jpg 480w\" sizes=\"(max-width: 1200px) 100vw, 1200px\" title=\"Programaci\u00f3n Entrudio Viana do Bolo 2026\" \/>\t\t\t\t\t\t\t\t<\/a>\n\t\t\t\t\t\t\t\t\t\t\t\t\t\t\t<\/div>\n\t\t\t\t<\/div>\n\t\t\t\t\t<\/div>\n\t\t<\/div>\n\t\t\t\t<div class=\"elementor-column elementor-col-25 elementor-inner-column elementor-element elementor-element-9843837\" data-id=\"9843837\" data-element_type=\"column\">\n\t\t\t<div class=\"elementor-widget-wrap elementor-element-populated\">\n\t\t\t\t\t\t<div class=\"elementor-element elementor-element-3415f02 elementor-widget elementor-widget-image\" data-id=\"3415f02\" data-element_type=\"widget\" data-widget_type=\"image.default\">\n\t\t\t\t<div class=\"elementor-widget-container\">\n\t\t\t\t\t\t\t\t\t\t\t\t\t\t\t\t<a href=\"https:\/\/entroidodevianadobolo.gal\/wp-content\/uploads\/2026\/01\/Terra-de-Folion-Cartel-2026.jpg\" data-elementor-open-lightbox=\"yes\" data-elementor-lightbox-title=\"Terra de Foli\u00f3n Cartel 2026\" data-e-action-hash=\"#elementor-action%3Aaction%3Dlightbox%26settings%3DeyJpZCI6MTQzNjcsInVybCI6Imh0dHBzOlwvXC9lbnRyb2lkb2RldmlhbmFkb2JvbG8uZ2FsXC93cC1jb250ZW50XC91cGxvYWRzXC8yMDI2XC8wMVwvVGVycmEtZGUtRm9saW9uLUNhcnRlbC0yMDI2LmpwZyJ9\">\n\t\t\t\t\t\t\t<img decoding=\"async\" width=\"900\" height=\"1273\" src=\"https:\/\/entroidodevianadobolo.gal\/wp-content\/uploads\/2026\/01\/Terra-de-Folion-Cartel-2026.jpg\" class=\"attachment-full size-full wp-image-14367\" alt=\"\" srcset=\"https:\/\/entroidodevianadobolo.gal\/wp-content\/uploads\/2026\/01\/Terra-de-Folion-Cartel-2026.jpg 900w, https:\/\/entroidodevianadobolo.gal\/wp-content\/uploads\/2026\/01\/Terra-de-Folion-Cartel-2026-212x300.jpg 212w, https:\/\/entroidodevianadobolo.gal\/wp-content\/uploads\/2026\/01\/Terra-de-Folion-Cartel-2026-724x1024.jpg 724w, https:\/\/entroidodevianadobolo.gal\/wp-content\/uploads\/2026\/01\/Terra-de-Folion-Cartel-2026-768x1086.jpg 768w, https:\/\/entroidodevianadobolo.gal\/wp-content\/uploads\/2026\/01\/Terra-de-Folion-Cartel-2026-8x12.jpg 8w, https:\/\/entroidodevianadobolo.gal\/wp-content\/uploads\/2026\/01\/Terra-de-Folion-Cartel-2026-480x679.jpg 480w\" sizes=\"(max-width: 900px) 100vw, 900px\" title=\"Terra de Foli\u00f3n Cartel 2026\" \/>\t\t\t\t\t\t\t\t<\/a>\n\t\t\t\t\t\t\t\t\t\t\t\t\t\t\t<\/div>\n\t\t\t\t<\/div>\n\t\t\t\t\t<\/div>\n\t\t<\/div>\n\t\t\t\t<div class=\"elementor-column elementor-col-25 elementor-inner-column elementor-element elementor-element-cf17097\" data-id=\"cf17097\" data-element_type=\"column\">\n\t\t\t<div class=\"elementor-widget-wrap elementor-element-populated\">\n\t\t\t\t\t\t<div class=\"elementor-element elementor-element-aac5a73 elementor-widget elementor-widget-image\" data-id=\"aac5a73\" data-element_type=\"widget\" data-widget_type=\"image.default\">\n\t\t\t\t<div class=\"elementor-widget-container\">\n\t\t\t\t\t\t\t\t\t\t\t\t\t\t\t\t<a href=\"https:\/\/entroidodevianadobolo.gal\/wp-content\/uploads\/2026\/01\/ENTROIDO-VIANA-DO-BOLO-2026.jpg\" data-elementor-open-lightbox=\"yes\" data-elementor-lightbox-title=\"ENTROIDO VIANA DO BOLO 2026\" data-e-action-hash=\"#elementor-action%3Aaction%3Dlightbox%26settings%3DeyJpZCI6MTQzNzAsInVybCI6Imh0dHBzOlwvXC9lbnRyb2lkb2RldmlhbmFkb2JvbG8uZ2FsXC93cC1jb250ZW50XC91cGxvYWRzXC8yMDI2XC8wMVwvRU5UUk9JRE8tVklBTkEtRE8tQk9MTy0yMDI2LmpwZyJ9\">\n\t\t\t\t\t\t\t<img decoding=\"async\" width=\"900\" height=\"1273\" src=\"https:\/\/entroidodevianadobolo.gal\/wp-content\/uploads\/2026\/01\/ENTROIDO-VIANA-DO-BOLO-2026.jpg\" class=\"attachment-full size-full wp-image-14370\" alt=\"\" srcset=\"https:\/\/entroidodevianadobolo.gal\/wp-content\/uploads\/2026\/01\/ENTROIDO-VIANA-DO-BOLO-2026.jpg 900w, https:\/\/entroidodevianadobolo.gal\/wp-content\/uploads\/2026\/01\/ENTROIDO-VIANA-DO-BOLO-2026-212x300.jpg 212w, https:\/\/entroidodevianadobolo.gal\/wp-content\/uploads\/2026\/01\/ENTROIDO-VIANA-DO-BOLO-2026-724x1024.jpg 724w, https:\/\/entroidodevianadobolo.gal\/wp-content\/uploads\/2026\/01\/ENTROIDO-VIANA-DO-BOLO-2026-768x1086.jpg 768w, https:\/\/entroidodevianadobolo.gal\/wp-content\/uploads\/2026\/01\/ENTROIDO-VIANA-DO-BOLO-2026-8x12.jpg 8w, https:\/\/entroidodevianadobolo.gal\/wp-content\/uploads\/2026\/01\/ENTROIDO-VIANA-DO-BOLO-2026-480x679.jpg 480w\" sizes=\"(max-width: 900px) 100vw, 900px\" title=\"ENTROIDO VIANA DO BOLO 2026\" \/>\t\t\t\t\t\t\t\t<\/a>\n\t\t\t\t\t\t\t\t\t\t\t\t\t\t\t<\/div>\n\t\t\t\t<\/div>\n\t\t\t\t\t<\/div>\n\t\t<\/div>\n\t\t\t\t<div class=\"elementor-column elementor-col-25 elementor-inner-column elementor-element elementor-element-0e05cc1\" data-id=\"0e05cc1\" data-element_type=\"column\">\n\t\t\t<div class=\"elementor-widget-wrap elementor-element-populated\">\n\t\t\t\t\t\t<div class=\"elementor-element elementor-element-20ac97a elementor-widget elementor-widget-image\" data-id=\"20ac97a\" data-element_type=\"widget\" data-widget_type=\"image.default\">\n\t\t\t\t<div class=\"elementor-widget-container\">\n\t\t\t\t\t\t\t\t\t\t\t\t\t\t\t\t<a href=\"https:\/\/entroidodevianadobolo.gal\/wp-content\/uploads\/2026\/01\/FESTA-DA-ANDROLLA-2026.jpg\" data-elementor-open-lightbox=\"yes\" data-elementor-lightbox-title=\"FESTA DA ANDROLLA Viana do Bolo 2026\" data-e-action-hash=\"#elementor-action%3Aaction%3Dlightbox%26settings%3DeyJpZCI6MTQzNjksInVybCI6Imh0dHBzOlwvXC9lbnRyb2lkb2RldmlhbmFkb2JvbG8uZ2FsXC93cC1jb250ZW50XC91cGxvYWRzXC8yMDI2XC8wMVwvRkVTVEEtREEtQU5EUk9MTEEtMjAyNi5qcGcifQ%3D%3D\">\n\t\t\t\t\t\t\t<img decoding=\"async\" width=\"900\" height=\"1273\" src=\"https:\/\/entroidodevianadobolo.gal\/wp-content\/uploads\/2026\/01\/FESTA-DA-ANDROLLA-2026.jpg\" class=\"attachment-full size-full wp-image-14369\" alt=\"\" srcset=\"https:\/\/entroidodevianadobolo.gal\/wp-content\/uploads\/2026\/01\/FESTA-DA-ANDROLLA-2026.jpg 900w, https:\/\/entroidodevianadobolo.gal\/wp-content\/uploads\/2026\/01\/FESTA-DA-ANDROLLA-2026-212x300.jpg 212w, https:\/\/entroidodevianadobolo.gal\/wp-content\/uploads\/2026\/01\/FESTA-DA-ANDROLLA-2026-724x1024.jpg 724w, https:\/\/entroidodevianadobolo.gal\/wp-content\/uploads\/2026\/01\/FESTA-DA-ANDROLLA-2026-768x1086.jpg 768w, https:\/\/entroidodevianadobolo.gal\/wp-content\/uploads\/2026\/01\/FESTA-DA-ANDROLLA-2026-8x12.jpg 8w, https:\/\/entroidodevianadobolo.gal\/wp-content\/uploads\/2026\/01\/FESTA-DA-ANDROLLA-2026-480x679.jpg 480w\" sizes=\"(max-width: 900px) 100vw, 900px\" title=\"FESTA DA ANDROLLA Viana do Bolo 2026\" \/>\t\t\t\t\t\t\t\t<\/a>\n\t\t\t\t\t\t\t\t\t\t\t\t\t\t\t<\/div>\n\t\t\t\t<\/div>\n\t\t\t\t\t<\/div>\n\t\t<\/div>\n\t\t\t\t\t<\/div>\n\t\t<\/section>\n\t\t\t\t<section class=\"elementor-section elementor-inner-section elementor-element elementor-element-e98950d elementor-section-boxed elementor-section-height-default elementor-section-height-default\" data-id=\"e98950d\" data-element_type=\"section\">\n\t\t\t\t\t\t<div class=\"elementor-container elementor-column-gap-default\">\n\t\t\t\t\t<div class=\"elementor-column elementor-col-100 elementor-inner-column elementor-element elementor-element-a0b6be6\" data-id=\"a0b6be6\" data-element_type=\"column\">\n\t\t\t<div class=\"elementor-widget-wrap elementor-element-populated\">\n\t\t\t\t\t\t<div class=\"elementor-element elementor-element-2225d3b elementor-widget elementor-widget-spacer\" data-id=\"2225d3b\" data-element_type=\"widget\" data-widget_type=\"spacer.default\">\n\t\t\t\t<div class=\"elementor-widget-container\">\n\t\t\t\t\t\t\t<div class=\"elementor-spacer\">\n\t\t\t<div class=\"elementor-spacer-inner\"><\/div>\n\t\t<\/div>\n\t\t\t\t\t\t<\/div>\n\t\t\t\t<\/div>\n\t\t\t\t<div class=\"elementor-element elementor-element-f85975b elementor-widget elementor-widget-gt3-core-imageprocessbar\" data-id=\"f85975b\" data-element_type=\"widget\" data-widget_type=\"gt3-core-imageprocessbar.default\">\n\t\t\t\t<div class=\"elementor-widget-container\">\n\t\t\t\t\t<div class=\"gt3_process_bar_container gt3_image_process_bar_wrapper row gt3_process_bar_container--type-vertical\"><div class=\"gt3_process_item span12\"><div class=\"gt3_process_item__circle_container\"><div class=\"gt3_process_item__circle_line_before\"><\/div><div class=\"gt3_process_item__circle_wrapp\"><div class=\"gt3_process_item__circle\"><div class=\"image\"><img decoding=\"async\" src=\"https:\/\/entroidodevianadobolo.gal\/wp-content\/uploads\/2026\/01\/31-xaneiro.gif\" alt=\"\u2022\t31 de enero. Fuli\u00f3n femenino.\" \/><\/div><\/div><\/div><div class=\"gt3_process_item__circle_line_after\"><\/div><\/div><div class=\"gt3_process_item__content\"><div class=\"gt3_process_item__heading\"><div class=\"gt3_process_item__number\"><\/div><h3>\u2022\t31 de xaneiro. Fuli\u00f3n femenino.<\/h3><\/div><div class=\"gt3_process_item__description\">As celebraci\u00f3ns del Entrudio \u00e1brense co desfile do fuli\u00f3n de mulleres, que percorrer\u00e1 o pobo a partires de mediod\u00eda.<\/div><\/div><\/div><div class=\"gt3_process_item span12\"><div class=\"gt3_process_item__circle_container\"><div class=\"gt3_process_item__circle_line_before\"><\/div><div class=\"gt3_process_item__circle_wrapp\"><div class=\"gt3_process_item__circle\"><div class=\"image\"><img decoding=\"async\" src=\"https:\/\/entroidodevianadobolo.gal\/wp-content\/uploads\/2026\/01\/2-febreiro.gif\" alt=\"\u2022\t2 de febrero. Exposici\u00f3n.\" \/><\/div><\/div><\/div><div class=\"gt3_process_item__circle_line_after\"><\/div><\/div><div class=\"gt3_process_item__content\"><div class=\"gt3_process_item__heading\"><div class=\"gt3_process_item__number\"><\/div><h3>\u2022\t2 de febreiro. Exposici\u00f3n.<\/h3><\/div><div class=\"gt3_process_item__description\">A inauguraci\u00f3n da mostra \u201cO Noso Entrudio\u201d un cachi\u00f1o de cada casa levarase a cabo \u00e1s 19 horas na sala de exposici\u00f3ns do Concello.<\/div><\/div><\/div><div class=\"gt3_process_item span12\"><div class=\"gt3_process_item__circle_container\"><div class=\"gt3_process_item__circle_line_before\"><\/div><div class=\"gt3_process_item__circle_wrapp\"><div class=\"gt3_process_item__circle\"><div class=\"image\"><img decoding=\"async\" src=\"https:\/\/entroidodevianadobolo.gal\/wp-content\/uploads\/2026\/01\/5-febreiro.gif\" alt=\"\u2022\t5 de febrero. Jueves de Compadres.\" \/><\/div><\/div><\/div><div class=\"gt3_process_item__circle_line_after\"><\/div><\/div><div class=\"gt3_process_item__content\"><div class=\"gt3_process_item__heading\"><div class=\"gt3_process_item__number\"><\/div><h3>\u2022\t5 de febreiro. Xoves de Compadres.<\/h3><\/div><div class=\"gt3_process_item__description\">Na medianoite do Xoves de Compadres, as mulleres da localidade colgan ao lardeiro na Praza Maior. A \u00faltima hora da tarde os fuli\u00f3ns percorren Viana e a poboaci\u00f3n enfr\u00f3ntase nunha fari\u00f1ada, \u00e1 que seguir\u00e1 unha actuaci\u00f3n musical.<\/div><\/div><\/div><div class=\"gt3_process_item span12\"><div class=\"gt3_process_item__circle_container\"><div class=\"gt3_process_item__circle_line_before\"><\/div><div class=\"gt3_process_item__circle_wrapp\"><div class=\"gt3_process_item__circle\"><div class=\"image\"><img decoding=\"async\" src=\"https:\/\/entroidodevianadobolo.gal\/wp-content\/uploads\/2026\/01\/7-febreiro.gif\" alt=\"\u2022\t7 de febrero. Comparsas.\" \/><\/div><\/div><\/div><div class=\"gt3_process_item__circle_line_after\"><\/div><\/div><div class=\"gt3_process_item__content\"><div class=\"gt3_process_item__heading\"><div class=\"gt3_process_item__number\"><\/div><h3>\u2022\t7 de febreiro. Comparsas.<\/h3><\/div><div class=\"gt3_process_item__description\">As comparsas visitan varias localizaci\u00f3ns dentro do concello de Viana do Bolo. Pola ma\u00f1\u00e1, a partires das 11, acudir\u00e1n \u00e1 aldea de San Mamede. Pola tarde ser\u00e1 a quenda da aldea de Pradocabalos, seguida da fari\u00f1ada e dos fuli\u00f3ns.<\/div><\/div><\/div><div class=\"gt3_process_item span12\"><div class=\"gt3_process_item__circle_container\"><div class=\"gt3_process_item__circle_line_before\"><\/div><div class=\"gt3_process_item__circle_wrapp\"><div class=\"gt3_process_item__circle\"><div class=\"image\"><img decoding=\"async\" src=\"https:\/\/entroidodevianadobolo.gal\/wp-content\/uploads\/2026\/01\/12-febreiro.gif\" alt=\"\u2022\t12 de febrero. Jueves de Comadres.\" \/><\/div><\/div><\/div><div class=\"gt3_process_item__circle_line_after\"><\/div><\/div><div class=\"gt3_process_item__content\"><div class=\"gt3_process_item__heading\"><div class=\"gt3_process_item__number\"><\/div><h3>\u2022\t12 de febreiro. Xoves de Comadres.<\/h3><\/div><div class=\"gt3_process_item__description\">O xoves inmediatamente anterior ao comezo do carnaval comezan os festexos m\u00e1is importantes do Entrudio vian\u00e9s. Como unha semana antes realizaran as mulleres da localidade, no Xoves de Comadres os homes colgan \u00e1 lardeira a partir da medianoite.\n<br><br>\nPola ma\u00f1\u00e1, o protagonismo \u00e9 para a xuventude de Viana do Bolo, co desfile a partires das 11, do alumnado do CEIP Bibei e o fuli\u00f3n do IES Carlos Casares.\n<br><br>\n\u00c1s sete da tarde, unha charanga percorrer\u00e1 os bares do pobo e a Praza Maior, e a partir das oito, volven a fari\u00f1ada e os fuli\u00f3ns \u00e1s r\u00faas da vila, \u00e1s que seguir\u00e1n distintas actuaci\u00f3ns musicais ata entrada a noite.<\/div><\/div><\/div><div class=\"gt3_process_item span12\"><div class=\"gt3_process_item__circle_container\"><div class=\"gt3_process_item__circle_line_before\"><\/div><div class=\"gt3_process_item__circle_wrapp\"><div class=\"gt3_process_item__circle\"><div class=\"image\"><img decoding=\"async\" src=\"https:\/\/entroidodevianadobolo.gal\/wp-content\/uploads\/2026\/01\/14-febreiro.gif\" alt=\"\u2022\t14 de febrero. S\u00e1bado de Entrudio.\" \/><\/div><\/div><\/div><div class=\"gt3_process_item__circle_line_after\"><\/div><\/div><div class=\"gt3_process_item__content\"><div class=\"gt3_process_item__heading\"><div class=\"gt3_process_item__number\"><\/div><h3>\u2022\t14 de febreiro. S\u00e1bado de Entrudio.<\/h3><\/div><div class=\"gt3_process_item__description\">A xornada do s\u00e1bado \u00e9 novamente para que as comparsas se deixen ver nas distintas localidades que compo\u00f1en o concello de Viana do Bolo. Pola ma\u00f1\u00e1 estar\u00e1n na aldea de Quintela de Edroso e pola tarde, se achegar\u00e1n a aldea de Pinza. O peche da xornada pasa novamente pola fari\u00f1ada, fuli\u00f3ns e m\u00fasica.<\/div><\/div><\/div><div class=\"gt3_process_item span12\"><div class=\"gt3_process_item__circle_container\"><div class=\"gt3_process_item__circle_line_before\"><\/div><div class=\"gt3_process_item__circle_wrapp\"><div class=\"gt3_process_item__circle\"><div class=\"image\"><img decoding=\"async\" src=\"https:\/\/entroidodevianadobolo.gal\/wp-content\/uploads\/2026\/01\/15-febreiro.gif\" alt=\"\u2022\t15 de febrero. Domingo Gordo.\" \/><\/div><\/div><\/div><div class=\"gt3_process_item__circle_line_after\"><\/div><\/div><div class=\"gt3_process_item__content\"><div class=\"gt3_process_item__heading\"><div class=\"gt3_process_item__number\"><\/div><h3>\u2022\t15 de febreiro. Domingo Gordo.<\/h3><\/div><div class=\"gt3_process_item__description\">O Domingo Gordo \u00e9, como o seu nome indica, a data central do Entrudio. Pola ma\u00f1\u00e1 x\u00fantanse en Viana do Bolo os fuli\u00f3ns e boteiros, non s\u00f3 do municipio sen\u00f3n tam\u00e9n de concellos veci\u00f1os e de Portugal, coas carrozas vianesas, para participar conxuntamente no desfile.\n<br>\n<br>\nA continuaci\u00f3n, a Festa da Androlla celebra a s\u00faa 54 edici\u00f3n cunha comida na que se poder\u00e1 degustar esta preparaci\u00f3n xunto cos pratos e alimentos t\u00edpicos da \u00e9poca e da regi\u00f3n. Pola tarde volven os fuli\u00f3ns a percorrer a vila, seguidos de actuaci\u00f3n musical.<\/div><\/div><\/div><div class=\"gt3_process_item span12\"><div class=\"gt3_process_item__circle_container\"><div class=\"gt3_process_item__circle_line_before\"><\/div><div class=\"gt3_process_item__circle_wrapp\"><div class=\"gt3_process_item__circle\"><div class=\"image\"><img decoding=\"async\" src=\"https:\/\/entroidodevianadobolo.gal\/wp-content\/uploads\/2026\/01\/16-febreiro.gif\" alt=\"\u2022\t16 de febrero. Lunes de Entrudio.\" \/><\/div><\/div><\/div><div class=\"gt3_process_item__circle_line_after\"><\/div><\/div><div class=\"gt3_process_item__content\"><div class=\"gt3_process_item__heading\"><div class=\"gt3_process_item__number\"><\/div><h3>\u2022\t16 de febreiro. Luns de Entrudio.<\/h3><\/div><div class=\"gt3_process_item__description\">A tarde do luns est\u00e1 centrada na poboaci\u00f3n m\u00e1is nova de Viana do Bolo. Haber\u00e1 desfile do fuli\u00f3n infantil polo centro da vila, seguido de xogos, animaci\u00f3n e m\u00fasica, para po\u00f1erlle o peche co \u201cfuli\u00f3n trapalleiro\u201d, no que se cambian os bombos por cazolas e outros elementos similares, cos que imitar o son do fuli\u00f3n tradicional.<\/div><\/div><\/div><div class=\"gt3_process_item span12\"><div class=\"gt3_process_item__circle_container\"><div class=\"gt3_process_item__circle_line_before\"><\/div><div class=\"gt3_process_item__circle_wrapp\"><div class=\"gt3_process_item__circle\"><div class=\"image\"><img decoding=\"async\" src=\"https:\/\/entroidodevianadobolo.gal\/wp-content\/uploads\/2026\/01\/17-febreiro.gif\" alt=\"\u2022\t17 de febrero. Martes de Entrudio.\" \/><\/div><\/div><\/div><div class=\"gt3_process_item__circle_line_after\"><\/div><\/div><div class=\"gt3_process_item__content\"><div class=\"gt3_process_item__heading\"><div class=\"gt3_process_item__number\"><\/div><h3>\u2022\t17 de febreiro. Martes de Entrudio.<\/h3><\/div><div class=\"gt3_process_item__description\">O outro d\u00eda grande do carnaval en Viana do Bolo \u00e9 o Martes de Entrudio. Fuli\u00f3ns e boteiros recorren por \u00faltima vez nese ano as r\u00faas da localidade xa desde pola ma\u00f1\u00e1, mentres que \u00e1 tarde se cruzan as \u00faltimas batallas de fari\u00f1a. Chegando a medianoite, os fuli\u00f3ns desfilan ata a Praza Maior da vila, onde \u00e1 medianoite se procede \u00e1 queima de lardeiro e lardeira. Un concurso de disfraces e un baile po\u00f1en fin \u00e1 \u00faltima das xornadas festivas.<\/div><\/div><\/div><div class=\"gt3_process_item span12\"><div class=\"gt3_process_item__circle_container\"><div class=\"gt3_process_item__circle_line_before\"><\/div><div class=\"gt3_process_item__circle_wrapp\"><div class=\"gt3_process_item__circle\"><div class=\"image\"><img decoding=\"async\" src=\"https:\/\/entroidodevianadobolo.gal\/wp-content\/uploads\/2026\/01\/18-febreiro.gif\" alt=\"\u2022\t18 de febrero. Mi\u00e9rcoles de Ceniza. \" \/><\/div><\/div><\/div><div class=\"gt3_process_item__circle_line_after\"><\/div><\/div><div class=\"gt3_process_item__content\"><div class=\"gt3_process_item__heading\"><div class=\"gt3_process_item__number\"><\/div><h3>\u2022\t18 de febreiro. M\u00e9rcores de Cinza. <\/h3><\/div><div class=\"gt3_process_item__description\">O final do per\u00edodo de carnaval est\u00e1 no M\u00e9rcores de Cinza, que en Viana do Bolo se celebra coa procesi\u00f3n do Enterro da Sardi\u00f1a, que percorre en d\u00f3 as r\u00faas da vila. Posteriormente, unha sardi\u00f1ada popular no barrio do Cabo da Vila despide o Entrudio ata o ano pr\u00f3ximo.<\/div><\/div><\/div><\/div>\t\t\t\t<\/div>\n\t\t\t\t<\/div>\n\t\t\t\t\t<\/div>\n\t\t<\/div>\n\t\t\t\t\t<\/div>\n\t\t<\/section>\n\t\t\t\t\t<\/div>\n\t\t<\/div>\n\t\t\t\t\t<\/div>\n\t\t<\/section>\n\t\t\t\t<section class=\"elementor-section elementor-top-section elementor-element elementor-element-2af2fbe elementor-section-stretched elementor-section-full_width elementor-section-height-default elementor-section-height-default\" data-id=\"2af2fbe\" data-element_type=\"section\" id=\"videos\" data-settings=\"{&quot;stretch_section&quot;:&quot;section-stretched&quot;,&quot;background_background&quot;:&quot;classic&quot;}\">\n\t\t\t\t\t\t<div class=\"elementor-container elementor-column-gap-default\">\n\t\t\t\t\t<div class=\"elementor-column elementor-col-100 elementor-top-column elementor-element elementor-element-566fce0\" data-id=\"566fce0\" data-element_type=\"column\">\n\t\t\t<div class=\"elementor-widget-wrap elementor-element-populated\">\n\t\t\t\t\t\t<section class=\"elementor-section elementor-inner-section elementor-element elementor-element-00174e5 elementor-section-boxed elementor-section-height-default elementor-section-height-default\" data-id=\"00174e5\" data-element_type=\"section\">\n\t\t\t\t\t\t<div class=\"elementor-container elementor-column-gap-extended\">\n\t\t\t\t\t<div class=\"elementor-column elementor-col-100 elementor-inner-column elementor-element elementor-element-ad19419\" data-id=\"ad19419\" data-element_type=\"column\">\n\t\t\t<div class=\"elementor-widget-wrap elementor-element-populated\">\n\t\t\t\t\t\t<div class=\"elementor-element elementor-element-fb7c50b elementor-widget elementor-widget-spacer\" data-id=\"fb7c50b\" data-element_type=\"widget\" data-widget_type=\"spacer.default\">\n\t\t\t\t<div class=\"elementor-widget-container\">\n\t\t\t\t\t\t\t<div class=\"elementor-spacer\">\n\t\t\t<div class=\"elementor-spacer-inner\"><\/div>\n\t\t<\/div>\n\t\t\t\t\t\t<\/div>\n\t\t\t\t<\/div>\n\t\t\t\t<div class=\"elementor-element elementor-element-6447c0e elementor-widget elementor-widget-heading\" data-id=\"6447c0e\" data-element_type=\"widget\" data-widget_type=\"heading.default\">\n\t\t\t\t<div class=\"elementor-widget-container\">\n\t\t\t\t\t<h2 class=\"elementor-heading-title elementor-size-default\">V\u00eddeos do Entroido de Viana do Bolo<\/h2>\t\t\t\t<\/div>\n\t\t\t\t<\/div>\n\t\t\t\t<div class=\"elementor-element elementor-element-7d6dff5 elementor-widget elementor-widget-spacer\" data-id=\"7d6dff5\" data-element_type=\"widget\" data-widget_type=\"spacer.default\">\n\t\t\t\t<div class=\"elementor-widget-container\">\n\t\t\t\t\t\t\t<div class=\"elementor-spacer\">\n\t\t\t<div class=\"elementor-spacer-inner\"><\/div>\n\t\t<\/div>\n\t\t\t\t\t\t<\/div>\n\t\t\t\t<\/div>\n\t\t\t\t\t<\/div>\n\t\t<\/div>\n\t\t\t\t\t<\/div>\n\t\t<\/section>\n\t\t\t\t<section class=\"elementor-section elementor-inner-section elementor-element elementor-element-50be2d5 elementor-section-boxed elementor-section-height-default elementor-section-height-default\" data-id=\"50be2d5\" data-element_type=\"section\">\n\t\t\t\t\t\t<div class=\"elementor-container elementor-column-gap-default\">\n\t\t\t\t\t<div class=\"elementor-column elementor-col-50 elementor-inner-column elementor-element elementor-element-16adc3a\" data-id=\"16adc3a\" data-element_type=\"column\">\n\t\t\t<div class=\"elementor-widget-wrap elementor-element-populated\">\n\t\t\t\t\t\t<div class=\"elementor-element elementor-element-a02ff74 elementor-widget elementor-widget-video\" data-id=\"a02ff74\" data-element_type=\"widget\" data-settings=\"{&quot;youtube_url&quot;:&quot;https:\\\/\\\/www.youtube.com\\\/watch?v=DXzhsRXgSC0&quot;,&quot;show_image_overlay&quot;:&quot;yes&quot;,&quot;image_overlay&quot;:{&quot;url&quot;:&quot;https:\\\/\\\/entroidodevianadobolo.gal\\\/wp-content\\\/uploads\\\/2024\\\/01\\\/Entroido-Viana_1.jpg&quot;,&quot;id&quot;:13592,&quot;size&quot;:&quot;&quot;,&quot;alt&quot;:&quot;&quot;,&quot;source&quot;:&quot;library&quot;},&quot;lightbox&quot;:&quot;yes&quot;,&quot;lightbox_content_animation&quot;:&quot;fadeInUp&quot;,&quot;video_type&quot;:&quot;youtube&quot;,&quot;controls&quot;:&quot;yes&quot;}\" data-widget_type=\"video.default\">\n\t\t\t\t<div class=\"elementor-widget-container\">\n\t\t\t\t\t\t\t<div class=\"elementor-wrapper elementor-open-lightbox\">\n\t\t\t\t\t\t\t<div class=\"elementor-custom-embed-image-overlay\" data-elementor-open-lightbox=\"yes\" data-elementor-lightbox=\"{&quot;type&quot;:&quot;video&quot;,&quot;videoType&quot;:&quot;youtube&quot;,&quot;url&quot;:&quot;https:\\\/\\\/www.youtube.com\\\/embed\\\/DXzhsRXgSC0?feature=oembed&amp;start&amp;end&amp;wmode=opaque&amp;loop=0&amp;controls=1&amp;mute=0&amp;rel=0&amp;cc_load_policy=0&quot;,&quot;autoplay&quot;:&quot;&quot;,&quot;modalOptions&quot;:{&quot;id&quot;:&quot;elementor-lightbox-a02ff74&quot;,&quot;entranceAnimation&quot;:&quot;fadeInUp&quot;,&quot;entranceAnimation_tablet&quot;:&quot;&quot;,&quot;entranceAnimation_mobile&quot;:&quot;&quot;,&quot;videoAspectRatio&quot;:&quot;169&quot;}}\" data-e-action-hash=\"#elementor-action%3Aaction%3Dlightbox%26settings%3DeyJ0eXBlIjoidmlkZW8iLCJ2aWRlb1R5cGUiOiJ5b3V0dWJlIiwidXJsIjoiaHR0cHM6XC9cL3d3dy55b3V0dWJlLmNvbVwvZW1iZWRcL0RYemhzUlhnU0MwP2ZlYXR1cmU9b2VtYmVkJnN0YXJ0JmVuZCZ3bW9kZT1vcGFxdWUmbG9vcD0wJmNvbnRyb2xzPTEmbXV0ZT0wJnJlbD0wJmNjX2xvYWRfcG9saWN5PTAiLCJhdXRvcGxheSI6IiIsIm1vZGFsT3B0aW9ucyI6eyJpZCI6ImVsZW1lbnRvci1saWdodGJveC1hMDJmZjc0IiwiZW50cmFuY2VBbmltYXRpb24iOiJmYWRlSW5VcCIsImVudHJhbmNlQW5pbWF0aW9uX3RhYmxldCI6IiIsImVudHJhbmNlQW5pbWF0aW9uX21vYmlsZSI6IiIsInZpZGVvQXNwZWN0UmF0aW8iOiIxNjkifX0%3D\">\n\t\t\t\t\t\t\t\t\t\t\t<img decoding=\"async\" width=\"1280\" height=\"720\" src=\"https:\/\/entroidodevianadobolo.gal\/wp-content\/uploads\/2024\/01\/Entroido-Viana_1.jpg\" class=\"attachment-full size-full wp-image-13592\" alt=\"\" srcset=\"https:\/\/entroidodevianadobolo.gal\/wp-content\/uploads\/2024\/01\/Entroido-Viana_1.jpg 1280w, https:\/\/entroidodevianadobolo.gal\/wp-content\/uploads\/2024\/01\/Entroido-Viana_1-300x169.jpg 300w, https:\/\/entroidodevianadobolo.gal\/wp-content\/uploads\/2024\/01\/Entroido-Viana_1-1024x576.jpg 1024w, https:\/\/entroidodevianadobolo.gal\/wp-content\/uploads\/2024\/01\/Entroido-Viana_1-768x432.jpg 768w, https:\/\/entroidodevianadobolo.gal\/wp-content\/uploads\/2024\/01\/Entroido-Viana_1-480x270.jpg 480w\" sizes=\"(max-width: 1280px) 100vw, 1280px\" title=\"Entroido de Viana do Bolo\" \/>\t\t\t\t\t\t\t\t\t\t\t\t\t\t\t\t<div class=\"elementor-custom-embed-play\" role=\"button\" aria-label=\"Reproducir v\u00eddeo\" tabindex=\"0\">\n\t\t\t\t\t\t\t<i aria-hidden=\"true\" class=\"eicon-play\"><\/i>\t\t\t\t\t\t<\/div>\n\t\t\t\t\t\t\t\t\t<\/div>\n\t\t\t\t\t<\/div>\n\t\t\t\t\t\t<\/div>\n\t\t\t\t<\/div>\n\t\t\t\t\t<\/div>\n\t\t<\/div>\n\t\t\t\t<div class=\"elementor-column elementor-col-50 elementor-inner-column elementor-element elementor-element-779e831\" data-id=\"779e831\" data-element_type=\"column\">\n\t\t\t<div class=\"elementor-widget-wrap elementor-element-populated\">\n\t\t\t\t\t\t<div class=\"elementor-element elementor-element-a4fc4b7 elementor-widget elementor-widget-video\" data-id=\"a4fc4b7\" data-element_type=\"widget\" data-settings=\"{&quot;youtube_url&quot;:&quot;https:\\\/\\\/www.youtube.com\\\/watch?v=6eeoPRo51WI&quot;,&quot;show_image_overlay&quot;:&quot;yes&quot;,&quot;image_overlay&quot;:{&quot;url&quot;:&quot;https:\\\/\\\/entroidodevianadobolo.gal\\\/wp-content\\\/uploads\\\/2024\\\/01\\\/Entroido-Viana_2.jpg&quot;,&quot;id&quot;:13590,&quot;size&quot;:&quot;&quot;,&quot;alt&quot;:&quot;&quot;,&quot;source&quot;:&quot;library&quot;},&quot;lightbox&quot;:&quot;yes&quot;,&quot;lightbox_content_animation&quot;:&quot;fadeInUp&quot;,&quot;video_type&quot;:&quot;youtube&quot;,&quot;controls&quot;:&quot;yes&quot;}\" data-widget_type=\"video.default\">\n\t\t\t\t<div class=\"elementor-widget-container\">\n\t\t\t\t\t\t\t<div class=\"elementor-wrapper elementor-open-lightbox\">\n\t\t\t\t\t\t\t<div class=\"elementor-custom-embed-image-overlay\" data-elementor-open-lightbox=\"yes\" data-elementor-lightbox=\"{&quot;type&quot;:&quot;video&quot;,&quot;videoType&quot;:&quot;youtube&quot;,&quot;url&quot;:&quot;https:\\\/\\\/www.youtube.com\\\/embed\\\/6eeoPRo51WI?feature=oembed&amp;start&amp;end&amp;wmode=opaque&amp;loop=0&amp;controls=1&amp;mute=0&amp;rel=0&amp;cc_load_policy=0&quot;,&quot;autoplay&quot;:&quot;&quot;,&quot;modalOptions&quot;:{&quot;id&quot;:&quot;elementor-lightbox-a4fc4b7&quot;,&quot;entranceAnimation&quot;:&quot;fadeInUp&quot;,&quot;entranceAnimation_tablet&quot;:&quot;&quot;,&quot;entranceAnimation_mobile&quot;:&quot;&quot;,&quot;videoAspectRatio&quot;:&quot;169&quot;}}\" data-e-action-hash=\"#elementor-action%3Aaction%3Dlightbox%26settings%3DeyJ0eXBlIjoidmlkZW8iLCJ2aWRlb1R5cGUiOiJ5b3V0dWJlIiwidXJsIjoiaHR0cHM6XC9cL3d3dy55b3V0dWJlLmNvbVwvZW1iZWRcLzZlZW9QUm81MVdJP2ZlYXR1cmU9b2VtYmVkJnN0YXJ0JmVuZCZ3bW9kZT1vcGFxdWUmbG9vcD0wJmNvbnRyb2xzPTEmbXV0ZT0wJnJlbD0wJmNjX2xvYWRfcG9saWN5PTAiLCJhdXRvcGxheSI6IiIsIm1vZGFsT3B0aW9ucyI6eyJpZCI6ImVsZW1lbnRvci1saWdodGJveC1hNGZjNGI3IiwiZW50cmFuY2VBbmltYXRpb24iOiJmYWRlSW5VcCIsImVudHJhbmNlQW5pbWF0aW9uX3RhYmxldCI6IiIsImVudHJhbmNlQW5pbWF0aW9uX21vYmlsZSI6IiIsInZpZGVvQXNwZWN0UmF0aW8iOiIxNjkifX0%3D\">\n\t\t\t\t\t\t\t\t\t\t\t<img decoding=\"async\" width=\"1097\" height=\"531\" src=\"https:\/\/entroidodevianadobolo.gal\/wp-content\/uploads\/2024\/01\/Entroido-Viana_2.jpg\" class=\"attachment-full size-full wp-image-13590\" alt=\"\" srcset=\"https:\/\/entroidodevianadobolo.gal\/wp-content\/uploads\/2024\/01\/Entroido-Viana_2.jpg 1097w, https:\/\/entroidodevianadobolo.gal\/wp-content\/uploads\/2024\/01\/Entroido-Viana_2-300x145.jpg 300w, https:\/\/entroidodevianadobolo.gal\/wp-content\/uploads\/2024\/01\/Entroido-Viana_2-1024x496.jpg 1024w, https:\/\/entroidodevianadobolo.gal\/wp-content\/uploads\/2024\/01\/Entroido-Viana_2-768x372.jpg 768w, https:\/\/entroidodevianadobolo.gal\/wp-content\/uploads\/2024\/01\/Entroido-Viana_2-480x232.jpg 480w\" sizes=\"(max-width: 1097px) 100vw, 1097px\" title=\"Entroido Viana\" \/>\t\t\t\t\t\t\t\t\t\t\t\t\t\t\t\t<div class=\"elementor-custom-embed-play\" role=\"button\" aria-label=\"Reproducir v\u00eddeo\" tabindex=\"0\">\n\t\t\t\t\t\t\t<i aria-hidden=\"true\" class=\"eicon-play\"><\/i>\t\t\t\t\t\t<\/div>\n\t\t\t\t\t\t\t\t\t<\/div>\n\t\t\t\t\t<\/div>\n\t\t\t\t\t\t<\/div>\n\t\t\t\t<\/div>\n\t\t\t\t\t<\/div>\n\t\t<\/div>\n\t\t\t\t\t<\/div>\n\t\t<\/section>\n\t\t\t\t<section class=\"elementor-section elementor-inner-section elementor-element elementor-element-9c27a8a elementor-section-boxed elementor-section-height-default elementor-section-height-default\" data-id=\"9c27a8a\" data-element_type=\"section\">\n\t\t\t\t\t\t<div class=\"elementor-container elementor-column-gap-default\">\n\t\t\t\t\t<div class=\"elementor-column elementor-col-50 elementor-inner-column elementor-element elementor-element-d390dba\" data-id=\"d390dba\" data-element_type=\"column\">\n\t\t\t<div class=\"elementor-widget-wrap elementor-element-populated\">\n\t\t\t\t\t\t<div class=\"elementor-element elementor-element-19563ca elementor-widget elementor-widget-video\" data-id=\"19563ca\" data-element_type=\"widget\" data-settings=\"{&quot;youtube_url&quot;:&quot;https:\\\/\\\/www.youtube.com\\\/watch?v=YFFMam56vdc&quot;,&quot;show_image_overlay&quot;:&quot;yes&quot;,&quot;image_overlay&quot;:{&quot;url&quot;:&quot;https:\\\/\\\/entroidodevianadobolo.gal\\\/wp-content\\\/uploads\\\/2024\\\/01\\\/Entroido-Viana_3.jpg&quot;,&quot;id&quot;:13591,&quot;size&quot;:&quot;&quot;,&quot;alt&quot;:&quot;&quot;,&quot;source&quot;:&quot;library&quot;},&quot;lightbox&quot;:&quot;yes&quot;,&quot;lightbox_content_animation&quot;:&quot;fadeInUp&quot;,&quot;video_type&quot;:&quot;youtube&quot;,&quot;controls&quot;:&quot;yes&quot;}\" data-widget_type=\"video.default\">\n\t\t\t\t<div class=\"elementor-widget-container\">\n\t\t\t\t\t\t\t<div class=\"elementor-wrapper elementor-open-lightbox\">\n\t\t\t\t\t\t\t<div class=\"elementor-custom-embed-image-overlay\" data-elementor-open-lightbox=\"yes\" data-elementor-lightbox=\"{&quot;type&quot;:&quot;video&quot;,&quot;videoType&quot;:&quot;youtube&quot;,&quot;url&quot;:&quot;https:\\\/\\\/www.youtube.com\\\/embed\\\/YFFMam56vdc?feature=oembed&amp;start&amp;end&amp;wmode=opaque&amp;loop=0&amp;controls=1&amp;mute=0&amp;rel=0&amp;cc_load_policy=0&quot;,&quot;autoplay&quot;:&quot;&quot;,&quot;modalOptions&quot;:{&quot;id&quot;:&quot;elementor-lightbox-19563ca&quot;,&quot;entranceAnimation&quot;:&quot;fadeInUp&quot;,&quot;entranceAnimation_tablet&quot;:&quot;&quot;,&quot;entranceAnimation_mobile&quot;:&quot;&quot;,&quot;videoAspectRatio&quot;:&quot;169&quot;}}\" data-e-action-hash=\"#elementor-action%3Aaction%3Dlightbox%26settings%3DeyJ0eXBlIjoidmlkZW8iLCJ2aWRlb1R5cGUiOiJ5b3V0dWJlIiwidXJsIjoiaHR0cHM6XC9cL3d3dy55b3V0dWJlLmNvbVwvZW1iZWRcL1lGRk1hbTU2dmRjP2ZlYXR1cmU9b2VtYmVkJnN0YXJ0JmVuZCZ3bW9kZT1vcGFxdWUmbG9vcD0wJmNvbnRyb2xzPTEmbXV0ZT0wJnJlbD0wJmNjX2xvYWRfcG9saWN5PTAiLCJhdXRvcGxheSI6IiIsIm1vZGFsT3B0aW9ucyI6eyJpZCI6ImVsZW1lbnRvci1saWdodGJveC0xOTU2M2NhIiwiZW50cmFuY2VBbmltYXRpb24iOiJmYWRlSW5VcCIsImVudHJhbmNlQW5pbWF0aW9uX3RhYmxldCI6IiIsImVudHJhbmNlQW5pbWF0aW9uX21vYmlsZSI6IiIsInZpZGVvQXNwZWN0UmF0aW8iOiIxNjkifX0%3D\">\n\t\t\t\t\t\t\t\t\t\t\t<img decoding=\"async\" width=\"1280\" height=\"720\" src=\"https:\/\/entroidodevianadobolo.gal\/wp-content\/uploads\/2024\/01\/Entroido-Viana_3.jpg\" class=\"attachment-full size-full wp-image-13591\" alt=\"\" srcset=\"https:\/\/entroidodevianadobolo.gal\/wp-content\/uploads\/2024\/01\/Entroido-Viana_3.jpg 1280w, https:\/\/entroidodevianadobolo.gal\/wp-content\/uploads\/2024\/01\/Entroido-Viana_3-300x169.jpg 300w, https:\/\/entroidodevianadobolo.gal\/wp-content\/uploads\/2024\/01\/Entroido-Viana_3-1024x576.jpg 1024w, https:\/\/entroidodevianadobolo.gal\/wp-content\/uploads\/2024\/01\/Entroido-Viana_3-768x432.jpg 768w, https:\/\/entroidodevianadobolo.gal\/wp-content\/uploads\/2024\/01\/Entroido-Viana_3-480x270.jpg 480w\" sizes=\"(max-width: 1280px) 100vw, 1280px\" title=\"Entroido Viana\" \/>\t\t\t\t\t\t\t\t\t\t\t\t\t\t\t\t<div class=\"elementor-custom-embed-play\" role=\"button\" aria-label=\"Reproducir v\u00eddeo\" tabindex=\"0\">\n\t\t\t\t\t\t\t<i aria-hidden=\"true\" class=\"eicon-play\"><\/i>\t\t\t\t\t\t<\/div>\n\t\t\t\t\t\t\t\t\t<\/div>\n\t\t\t\t\t<\/div>\n\t\t\t\t\t\t<\/div>\n\t\t\t\t<\/div>\n\t\t\t\t\t<\/div>\n\t\t<\/div>\n\t\t\t\t<div class=\"elementor-column elementor-col-50 elementor-inner-column elementor-element elementor-element-975ec6b\" data-id=\"975ec6b\" data-element_type=\"column\">\n\t\t\t<div class=\"elementor-widget-wrap elementor-element-populated\">\n\t\t\t\t\t\t<div class=\"elementor-element elementor-element-db1544a elementor-widget elementor-widget-video\" data-id=\"db1544a\" data-element_type=\"widget\" data-settings=\"{&quot;youtube_url&quot;:&quot;https:\\\/\\\/www.youtube.com\\\/watch?v=AByB5lr8MTM&quot;,&quot;show_image_overlay&quot;:&quot;yes&quot;,&quot;image_overlay&quot;:{&quot;url&quot;:&quot;https:\\\/\\\/entroidodevianadobolo.gal\\\/wp-content\\\/uploads\\\/2024\\\/01\\\/entroido-viana-4.jpg&quot;,&quot;id&quot;:13585,&quot;size&quot;:&quot;&quot;,&quot;alt&quot;:&quot;&quot;,&quot;source&quot;:&quot;library&quot;},&quot;lightbox&quot;:&quot;yes&quot;,&quot;lightbox_content_animation&quot;:&quot;fadeInUp&quot;,&quot;video_type&quot;:&quot;youtube&quot;,&quot;controls&quot;:&quot;yes&quot;}\" data-widget_type=\"video.default\">\n\t\t\t\t<div class=\"elementor-widget-container\">\n\t\t\t\t\t\t\t<div class=\"elementor-wrapper elementor-open-lightbox\">\n\t\t\t\t\t\t\t<div class=\"elementor-custom-embed-image-overlay\" data-elementor-open-lightbox=\"yes\" data-elementor-lightbox=\"{&quot;type&quot;:&quot;video&quot;,&quot;videoType&quot;:&quot;youtube&quot;,&quot;url&quot;:&quot;https:\\\/\\\/www.youtube.com\\\/embed\\\/AByB5lr8MTM?feature=oembed&amp;start&amp;end&amp;wmode=opaque&amp;loop=0&amp;controls=1&amp;mute=0&amp;rel=0&amp;cc_load_policy=0&quot;,&quot;autoplay&quot;:&quot;&quot;,&quot;modalOptions&quot;:{&quot;id&quot;:&quot;elementor-lightbox-db1544a&quot;,&quot;entranceAnimation&quot;:&quot;fadeInUp&quot;,&quot;entranceAnimation_tablet&quot;:&quot;&quot;,&quot;entranceAnimation_mobile&quot;:&quot;&quot;,&quot;videoAspectRatio&quot;:&quot;169&quot;}}\" data-e-action-hash=\"#elementor-action%3Aaction%3Dlightbox%26settings%3DeyJ0eXBlIjoidmlkZW8iLCJ2aWRlb1R5cGUiOiJ5b3V0dWJlIiwidXJsIjoiaHR0cHM6XC9cL3d3dy55b3V0dWJlLmNvbVwvZW1iZWRcL0FCeUI1bHI4TVRNP2ZlYXR1cmU9b2VtYmVkJnN0YXJ0JmVuZCZ3bW9kZT1vcGFxdWUmbG9vcD0wJmNvbnRyb2xzPTEmbXV0ZT0wJnJlbD0wJmNjX2xvYWRfcG9saWN5PTAiLCJhdXRvcGxheSI6IiIsIm1vZGFsT3B0aW9ucyI6eyJpZCI6ImVsZW1lbnRvci1saWdodGJveC1kYjE1NDRhIiwiZW50cmFuY2VBbmltYXRpb24iOiJmYWRlSW5VcCIsImVudHJhbmNlQW5pbWF0aW9uX3RhYmxldCI6IiIsImVudHJhbmNlQW5pbWF0aW9uX21vYmlsZSI6IiIsInZpZGVvQXNwZWN0UmF0aW8iOiIxNjkifX0%3D\">\n\t\t\t\t\t\t\t\t\t\t\t<img decoding=\"async\" width=\"1280\" height=\"720\" src=\"https:\/\/entroidodevianadobolo.gal\/wp-content\/uploads\/2024\/01\/entroido-viana-4.jpg\" class=\"attachment-full size-full wp-image-13585\" alt=\"\" srcset=\"https:\/\/entroidodevianadobolo.gal\/wp-content\/uploads\/2024\/01\/entroido-viana-4.jpg 1280w, https:\/\/entroidodevianadobolo.gal\/wp-content\/uploads\/2024\/01\/entroido-viana-4-300x169.jpg 300w, https:\/\/entroidodevianadobolo.gal\/wp-content\/uploads\/2024\/01\/entroido-viana-4-1024x576.jpg 1024w, https:\/\/entroidodevianadobolo.gal\/wp-content\/uploads\/2024\/01\/entroido-viana-4-768x432.jpg 768w, https:\/\/entroidodevianadobolo.gal\/wp-content\/uploads\/2024\/01\/entroido-viana-4-480x270.jpg 480w\" sizes=\"(max-width: 1280px) 100vw, 1280px\" title=\"Entroido Viana\" \/>\t\t\t\t\t\t\t\t\t\t\t\t\t\t\t\t<div class=\"elementor-custom-embed-play\" role=\"button\" aria-label=\"Reproducir v\u00eddeo\" tabindex=\"0\">\n\t\t\t\t\t\t\t<i aria-hidden=\"true\" class=\"eicon-play\"><\/i>\t\t\t\t\t\t<\/div>\n\t\t\t\t\t\t\t\t\t<\/div>\n\t\t\t\t\t<\/div>\n\t\t\t\t\t\t<\/div>\n\t\t\t\t<\/div>\n\t\t\t\t\t<\/div>\n\t\t<\/div>\n\t\t\t\t\t<\/div>\n\t\t<\/section>\n\t\t\t\t<div class=\"elementor-element elementor-element-a47b40b elementor-widget elementor-widget-spacer\" data-id=\"a47b40b\" data-element_type=\"widget\" data-widget_type=\"spacer.default\">\n\t\t\t\t<div class=\"elementor-widget-container\">\n\t\t\t\t\t\t\t<div class=\"elementor-spacer\">\n\t\t\t<div class=\"elementor-spacer-inner\"><\/div>\n\t\t<\/div>\n\t\t\t\t\t\t<\/div>\n\t\t\t\t<\/div>\n\t\t\t\t\t<\/div>\n\t\t<\/div>\n\t\t\t\t\t<\/div>\n\t\t<\/section>\n\t\t\t\t<section class=\"elementor-section elementor-top-section elementor-element elementor-element-e3f7869 elementor-section-boxed elementor-section-height-default elementor-section-height-default\" data-id=\"e3f7869\" data-element_type=\"section\" id=\"gastronomia\">\n\t\t\t\t\t\t<div class=\"elementor-container elementor-column-gap-extended\">\n\t\t\t\t\t<div class=\"elementor-column elementor-col-50 elementor-top-column elementor-element elementor-element-a3f7464\" data-id=\"a3f7464\" data-element_type=\"column\">\n\t\t\t<div class=\"elementor-widget-wrap elementor-element-populated\">\n\t\t\t\t\t\t<div class=\"elementor-element elementor-element-b774a1e elementor-hidden-mobile elementor-widget elementor-widget-image\" data-id=\"b774a1e\" data-element_type=\"widget\" data-settings=\"{&quot;_animation&quot;:&quot;none&quot;}\" data-widget_type=\"image.default\">\n\t\t\t\t<div class=\"elementor-widget-container\">\n\t\t\t\t\t\t\t\t\t\t\t\t\t\t\t<img decoding=\"async\" width=\"731\" height=\"528\" src=\"https:\/\/entroidodevianadobolo.gal\/wp-content\/uploads\/2024\/01\/Androlla-Viana-do-Bolo.jpg\" class=\"attachment-full size-full wp-image-13450\" alt=\"\" srcset=\"https:\/\/entroidodevianadobolo.gal\/wp-content\/uploads\/2024\/01\/Androlla-Viana-do-Bolo.jpg 731w, https:\/\/entroidodevianadobolo.gal\/wp-content\/uploads\/2024\/01\/Androlla-Viana-do-Bolo-300x217.jpg 300w, https:\/\/entroidodevianadobolo.gal\/wp-content\/uploads\/2024\/01\/Androlla-Viana-do-Bolo-480x347.jpg 480w\" sizes=\"(max-width: 731px) 100vw, 731px\" title=\"Androlla Viana do Bolo\" \/>\t\t\t\t\t\t\t\t\t\t\t\t\t\t\t<\/div>\n\t\t\t\t<\/div>\n\t\t\t\t<div class=\"elementor-element elementor-element-5239028 elementor-widget elementor-widget-image-carousel\" data-id=\"5239028\" data-element_type=\"widget\" data-settings=\"{&quot;slides_to_show&quot;:&quot;1&quot;,&quot;pause_on_hover&quot;:&quot;no&quot;,&quot;effect&quot;:&quot;fade&quot;,&quot;navigation&quot;:&quot;none&quot;,&quot;autoplay&quot;:&quot;yes&quot;,&quot;pause_on_interaction&quot;:&quot;yes&quot;,&quot;autoplay_speed&quot;:5000,&quot;infinite&quot;:&quot;yes&quot;,&quot;speed&quot;:500}\" data-widget_type=\"image-carousel.default\">\n\t\t\t\t<div class=\"elementor-widget-container\">\n\t\t\t\t\t\t\t<div class=\"elementor-image-carousel-wrapper swiper\" role=\"region\" aria-roledescription=\"carousel\" aria-label=\"Carrusel de im\u00e1genes\" dir=\"ltr\">\n\t\t\t<div class=\"elementor-image-carousel swiper-wrapper\" aria-live=\"off\">\n\t\t\t\t\t\t\t\t<div class=\"swiper-slide\" role=\"group\" aria-roledescription=\"slide\" aria-label=\"1 de 1\"><figure class=\"swiper-slide-inner\"><img decoding=\"async\" class=\"swiper-slide-image\" src=\"https:\/\/entroidodevianadobolo.gal\/wp-content\/uploads\/2024\/02\/52-festa-da-androlla.jpg\" alt=\"52 festa da androlla\" \/><\/figure><\/div>\t\t\t<\/div>\n\t\t\t\t\t<\/div>\n\t\t\t\t\t\t<\/div>\n\t\t\t\t<\/div>\n\t\t\t\t\t<\/div>\n\t\t<\/div>\n\t\t\t\t<div class=\"elementor-column elementor-col-50 elementor-top-column elementor-element elementor-element-3422aba elementor-invisible\" data-id=\"3422aba\" data-element_type=\"column\" data-settings=\"{&quot;animation&quot;:&quot;gt3-fadeinup-animation&quot;}\">\n\t\t\t<div class=\"elementor-widget-wrap elementor-element-populated\">\n\t\t\t\t\t\t<div class=\"elementor-element elementor-element-74e64ae elementor-widget elementor-widget-heading\" data-id=\"74e64ae\" data-element_type=\"widget\" data-widget_type=\"heading.default\">\n\t\t\t\t<div class=\"elementor-widget-container\">\n\t\t\t\t\t<h2 class=\"elementor-heading-title elementor-size-default\">Gastronom\u00eda<\/h2>\t\t\t\t<\/div>\n\t\t\t\t<\/div>\n\t\t\t\t<div class=\"elementor-element-custom_font_size elementor-element-custom_line_height elementor-element elementor-element-a6b15e5 elementor-widget elementor-widget-text-editor\" data-id=\"a6b15e5\" data-element_type=\"widget\" data-widget_type=\"text-editor.default\">\n\t\t\t\t<div class=\"elementor-widget-container\">\n\t\t\t\t\t\t\t\t\t<p>O Entroido en Galicia ten unha gastronom\u00eda propia, co cocido, as filloas e as orellas como principais emblemas. En Viana do Bolo, a esta \u00fanese un produto propio: a androlla, protagonista dunha festa propia desde 1970 que coincide co Domingo Gordo.<\/p><p>A androlla consiste nunha tripa gorda afumada rechea de costela de porco adobada e tallada, que lembra ao botelo do Bierzo. Na festa adoita acompa\u00f1arse doutros dos alimentos t\u00edpicos destas datas en Galicia e, para a sobremesa, un doce tam\u00e9n t\u00edpico da zona: a bica de Viana, unha especie de biscoito manteigado.<\/p>\t\t\t\t\t\t\t\t<\/div>\n\t\t\t\t<\/div>\n\t\t\t\t<div class=\"elementor-element elementor-element-9ba8050 elementor-widget elementor-widget-spacer\" data-id=\"9ba8050\" data-element_type=\"widget\" data-widget_type=\"spacer.default\">\n\t\t\t\t<div class=\"elementor-widget-container\">\n\t\t\t\t\t\t\t<div class=\"elementor-spacer\">\n\t\t\t<div class=\"elementor-spacer-inner\"><\/div>\n\t\t<\/div>\n\t\t\t\t\t\t<\/div>\n\t\t\t\t<\/div>\n\t\t\t\t\t<\/div>\n\t\t<\/div>\n\t\t\t\t\t<\/div>\n\t\t<\/section>\n\t\t\t\t<section class=\"elementor-section elementor-top-section elementor-element elementor-element-43e01c1 elementor-section-boxed elementor-section-height-default elementor-section-height-default\" data-id=\"43e01c1\" data-element_type=\"section\" id=\"androllada\" data-settings=\"{&quot;background_background&quot;:&quot;classic&quot;}\">\n\t\t\t\t\t\t<div class=\"elementor-container elementor-column-gap-extended\">\n\t\t\t\t\t<div class=\"elementor-column elementor-col-50 elementor-top-column elementor-element elementor-element-d99e1e6\" data-id=\"d99e1e6\" data-element_type=\"column\">\n\t\t\t<div class=\"elementor-widget-wrap elementor-element-populated\">\n\t\t\t\t\t\t<div class=\"elementor-element elementor-element-48ad964 elementor-widget elementor-widget-heading\" data-id=\"48ad964\" data-element_type=\"widget\" data-widget_type=\"heading.default\">\n\t\t\t\t<div class=\"elementor-widget-container\">\n\t\t\t\t\t<h2 class=\"elementor-heading-title elementor-size-default\">Festa da Androlla<\/h2>\t\t\t\t<\/div>\n\t\t\t\t<\/div>\n\t\t\t\t<div class=\"elementor-element elementor-element-2d39ddf elementor-widget elementor-widget-text-editor\" data-id=\"2d39ddf\" data-element_type=\"widget\" data-widget_type=\"text-editor.default\">\n\t\t\t\t<div class=\"elementor-widget-container\">\n\t\t\t\t\t\t\t\t\t<p>Esta festa gastron\u00f3mica leva celebr\u00e1ndose en Viana do Bolo desde 1970. A protagonista \u00e9 a androlla, que congrega a miles de fieis nesta particular homenaxe \u00e1 gastronom\u00eda local.<\/p><p>Este produto est\u00e1 elaborado con costela de porco adobada e embutida en tripa gorda, afumada e curada.<\/p><p>No men\u00fa da Festa da Androlla \u00e9 habitual ver outros produtos t\u00edpicos da gastronom\u00eda galega de estas datas, como o lac\u00f3n con grelos e cachelos. O cocido \u00e9 la comida por excelencia do Entroido na rexi\u00f3n, no que se xuntan produtos derivados do porco, como cachucha, cacheira, chourizo, touci\u00f1o ou o mencionado lac\u00f3n.<\/p><p>Pola parte doce, \u00e9 t\u00edpico servir na festa a bica de Viana. A bica, un biscoito manteigado que conta con m\u00faltiples versi\u00f3ns ao longo da xeograf\u00eda galega, ten identidade propia no territorio vian\u00e9s, e as\u00ed se reco\u00f1ece nesta ocasi\u00f3n. Vi\u00f1os, licores e a tradicional queimada acompa\u00f1an a comida.<\/p>\t\t\t\t\t\t\t\t<\/div>\n\t\t\t\t<\/div>\n\t\t\t\t<div class=\"elementor-element elementor-element-acce954 elementor-widget elementor-widget-spacer\" data-id=\"acce954\" data-element_type=\"widget\" data-widget_type=\"spacer.default\">\n\t\t\t\t<div class=\"elementor-widget-container\">\n\t\t\t\t\t\t\t<div class=\"elementor-spacer\">\n\t\t\t<div class=\"elementor-spacer-inner\"><\/div>\n\t\t<\/div>\n\t\t\t\t\t\t<\/div>\n\t\t\t\t<\/div>\n\t\t\t\t\t<\/div>\n\t\t<\/div>\n\t\t\t\t<div class=\"elementor-column elementor-col-50 elementor-top-column elementor-element elementor-element-6961fb2\" data-id=\"6961fb2\" data-element_type=\"column\">\n\t\t\t<div class=\"elementor-widget-wrap elementor-element-populated\">\n\t\t\t\t\t\t<div class=\"elementor-element elementor-element-0ced9fa elementor-widget elementor-widget-image-carousel\" data-id=\"0ced9fa\" data-element_type=\"widget\" data-settings=\"{&quot;slides_to_show&quot;:&quot;1&quot;,&quot;navigation&quot;:&quot;none&quot;,&quot;effect&quot;:&quot;fade&quot;,&quot;autoplay&quot;:&quot;yes&quot;,&quot;pause_on_hover&quot;:&quot;yes&quot;,&quot;pause_on_interaction&quot;:&quot;yes&quot;,&quot;autoplay_speed&quot;:5000,&quot;infinite&quot;:&quot;yes&quot;,&quot;speed&quot;:500}\" data-widget_type=\"image-carousel.default\">\n\t\t\t\t<div class=\"elementor-widget-container\">\n\t\t\t\t\t\t\t<div class=\"elementor-image-carousel-wrapper swiper\" role=\"region\" aria-roledescription=\"carousel\" aria-label=\"Carrusel de im\u00e1genes\" dir=\"ltr\">\n\t\t\t<div class=\"elementor-image-carousel swiper-wrapper\" aria-live=\"off\">\n\t\t\t\t\t\t\t\t<div class=\"swiper-slide\" role=\"group\" aria-roledescription=\"slide\" aria-label=\"1 de 3\"><figure class=\"swiper-slide-inner\"><img decoding=\"async\" class=\"swiper-slide-image\" src=\"https:\/\/entroidodevianadobolo.gal\/wp-content\/uploads\/2024\/01\/Festa-da-Androlla.jpg\" alt=\"Festa da Androlla\" \/><\/figure><\/div><div class=\"swiper-slide\" role=\"group\" aria-roledescription=\"slide\" aria-label=\"2 de 3\"><figure class=\"swiper-slide-inner\"><img decoding=\"async\" class=\"swiper-slide-image\" src=\"https:\/\/entroidodevianadobolo.gal\/wp-content\/uploads\/2024\/01\/Festa-da-Androlla-2.jpg\" alt=\"Festa da Androlla\" \/><\/figure><\/div><div class=\"swiper-slide\" role=\"group\" aria-roledescription=\"slide\" aria-label=\"3 de 3\"><figure class=\"swiper-slide-inner\"><img decoding=\"async\" class=\"swiper-slide-image\" src=\"https:\/\/entroidodevianadobolo.gal\/wp-content\/uploads\/2024\/01\/Festa-da-Androlla-3.jpg\" alt=\"Festa da Androlla\" \/><\/figure><\/div>\t\t\t<\/div>\n\t\t\t\t\t\t\t\n\t\t\t\t\t\t\t\t\t<\/div>\n\t\t\t\t\t\t<\/div>\n\t\t\t\t<\/div>\n\t\t\t\t\t<\/div>\n\t\t<\/div>\n\t\t\t\t\t<\/div>\n\t\t<\/section>\n\t\t\t\t<section class=\"elementor-section elementor-top-section elementor-element elementor-element-7798b9f elementor-section-boxed elementor-section-height-default elementor-section-height-default\" data-id=\"7798b9f\" data-element_type=\"section\">\n\t\t\t\t\t\t<div class=\"elementor-container elementor-column-gap-extended\">\n\t\t\t\t\t<div class=\"elementor-column elementor-col-50 elementor-top-column elementor-element elementor-element-fac5bd7\" data-id=\"fac5bd7\" data-element_type=\"column\">\n\t\t\t<div class=\"elementor-widget-wrap elementor-element-populated\">\n\t\t\t\t\t\t<div class=\"elementor-element elementor-element-5c229fa elementor-hidden-mobile elementor-widget elementor-widget-image\" data-id=\"5c229fa\" data-element_type=\"widget\" data-settings=\"{&quot;_animation&quot;:&quot;none&quot;}\" data-widget_type=\"image.default\">\n\t\t\t\t<div class=\"elementor-widget-container\">\n\t\t\t\t\t\t\t\t\t\t\t\t\t\t\t<img decoding=\"async\" width=\"731\" height=\"528\" src=\"https:\/\/entroidodevianadobolo.gal\/wp-content\/uploads\/2024\/01\/Androlla-Viana-do-Bolo.jpg\" class=\"attachment-full size-full wp-image-13450\" alt=\"\" srcset=\"https:\/\/entroidodevianadobolo.gal\/wp-content\/uploads\/2024\/01\/Androlla-Viana-do-Bolo.jpg 731w, https:\/\/entroidodevianadobolo.gal\/wp-content\/uploads\/2024\/01\/Androlla-Viana-do-Bolo-300x217.jpg 300w, https:\/\/entroidodevianadobolo.gal\/wp-content\/uploads\/2024\/01\/Androlla-Viana-do-Bolo-480x347.jpg 480w\" sizes=\"(max-width: 731px) 100vw, 731px\" title=\"Androlla Viana do Bolo\" \/>\t\t\t\t\t\t\t\t\t\t\t\t\t\t\t<\/div>\n\t\t\t\t<\/div>\n\t\t\t\t<div class=\"elementor-element elementor-element-14da0f6 elementor-widget elementor-widget-image-carousel\" data-id=\"14da0f6\" data-element_type=\"widget\" data-settings=\"{&quot;slides_to_show&quot;:&quot;1&quot;,&quot;pause_on_hover&quot;:&quot;no&quot;,&quot;effect&quot;:&quot;fade&quot;,&quot;navigation&quot;:&quot;none&quot;,&quot;autoplay&quot;:&quot;yes&quot;,&quot;pause_on_interaction&quot;:&quot;yes&quot;,&quot;autoplay_speed&quot;:5000,&quot;infinite&quot;:&quot;yes&quot;,&quot;speed&quot;:500}\" data-widget_type=\"image-carousel.default\">\n\t\t\t\t<div class=\"elementor-widget-container\">\n\t\t\t\t\t\t\t<div class=\"elementor-image-carousel-wrapper swiper\" role=\"region\" aria-roledescription=\"carousel\" aria-label=\"Carrusel de im\u00e1genes\" dir=\"ltr\">\n\t\t\t<div class=\"elementor-image-carousel swiper-wrapper\" aria-live=\"off\">\n\t\t\t\t\t\t\t\t<div class=\"swiper-slide\" role=\"group\" aria-roledescription=\"slide\" aria-label=\"1 de 1\"><figure class=\"swiper-slide-inner\"><img decoding=\"async\" class=\"swiper-slide-image\" src=\"https:\/\/entroidodevianadobolo.gal\/wp-content\/uploads\/2025\/03\/ven-a-conocer-Viana-do-Bolo.jpg\" alt=\"\u00a1Ven a conocer Viana do Bolo!\" \/><\/figure><\/div>\t\t\t<\/div>\n\t\t\t\t\t<\/div>\n\t\t\t\t\t\t<\/div>\n\t\t\t\t<\/div>\n\t\t\t\t\t<\/div>\n\t\t<\/div>\n\t\t\t\t<div class=\"elementor-column elementor-col-50 elementor-top-column elementor-element elementor-element-a81df9c elementor-invisible\" data-id=\"a81df9c\" data-element_type=\"column\" data-settings=\"{&quot;animation&quot;:&quot;gt3-fadeinup-animation&quot;}\">\n\t\t\t<div class=\"elementor-widget-wrap elementor-element-populated\">\n\t\t\t\t\t\t<div class=\"elementor-element elementor-element-0b8edf6 elementor-widget elementor-widget-heading\" data-id=\"0b8edf6\" data-element_type=\"widget\" data-widget_type=\"heading.default\">\n\t\t\t\t<div class=\"elementor-widget-container\">\n\t\t\t\t\t<h2 class=\"elementor-heading-title elementor-size-default\">Viana do Bolo<\/h2>\t\t\t\t<\/div>\n\t\t\t\t<\/div>\n\t\t\t\t<div class=\"elementor-element-custom_font_size elementor-element-custom_line_height elementor-element elementor-element-191d0f7 elementor-widget elementor-widget-text-editor\" data-id=\"191d0f7\" data-element_type=\"widget\" data-widget_type=\"text-editor.default\">\n\t\t\t\t<div class=\"elementor-widget-container\">\n\t\t\t\t\t\t\t\t\t<p><strong>Viana do Bolo<\/strong> Viana do Bolo presenta unha interesante mestura de patrimonio hist\u00f3rico e natural que o configura como un destino tur\u00edstico con moito que ofrecer. As\u00ed o resum\u00eda o escritor Ram\u00f3n Otero Pedrayo ao explicar que Viana \u201cnon se asemella a outras vilas galegas (\u2026) que eclipsaron o n\u00facleo antigo. Conserva a s\u00faa estructura de vila en torno \u00e1 praza; ten aspecto de cidade. A antiga ponte, os fondos cami\u00f1os da marxe do Camba e Bibei, as aldeas pr\u00f3ximas, como San Mamede, ofrecen paseos e paisaxes de suxestiva beleza\u201d.<\/p>\t\t\t\t\t\t\t\t<\/div>\n\t\t\t\t<\/div>\n\t\t\t\t<div class=\"gt3-core-button--alignment_center elementor-element elementor-element-78892ef elementor-widget elementor-widget-gt3-core-button\" data-id=\"78892ef\" data-element_type=\"widget\" data-widget_type=\"gt3-core-button.default\">\n\t\t\t\t<div class=\"elementor-widget-container\">\n\t\t\t\t\t\t<div class=\"gt3_module_button_elementor size_normal alignment_center button_icon_none hover_none\">\r\n\t\t<a class=\"button_size_elementor_normal alignment_center border_icon_none hover_none btn_icon_position_left\" href=\"https:\/\/vianadobolo.gal\/turismo\/index-turismo\/es\" target=\"_blank\">\r\n\t\t\t\t<span class=\"gt3_module_button__container\">\r\n\t\t\t\t\t\t\t\t\t\t\t<span class=\"gt3_module_button__cover front\"><span class=\"elementor_gt3_btn_text\">\u00a1Ven a co\u00f1ecelo!<\/span><\/span>\r\n\t\t\t\t\t\t\t\t\t\t\t\t\t\t\t<\/span>\r\n\t\t<\/a>\r\n\t<\/div>\r\n\r\n<script type=\"application\/json\" id=\"settings--78892ef\">[]<\/script>\t\t\t\t<\/div>\n\t\t\t\t<\/div>\n\t\t\t\t<div class=\"elementor-element elementor-element-0298a22 elementor-widget elementor-widget-spacer\" data-id=\"0298a22\" data-element_type=\"widget\" data-widget_type=\"spacer.default\">\n\t\t\t\t<div class=\"elementor-widget-container\">\n\t\t\t\t\t\t\t<div class=\"elementor-spacer\">\n\t\t\t<div class=\"elementor-spacer-inner\"><\/div>\n\t\t<\/div>\n\t\t\t\t\t\t<\/div>\n\t\t\t\t<\/div>\n\t\t\t\t\t<\/div>\n\t\t<\/div>\n\t\t\t\t\t<\/div>\n\t\t<\/section>\n\t\t\t\t<section class=\"elementor-section elementor-top-section elementor-element elementor-element-7b5a49e elementor-section-full_width elementor-section-height-min-height elementor-section-items-bottom elementor-section-height-default\" data-id=\"7b5a49e\" data-element_type=\"section\" id=\"cartel\" data-settings=\"{&quot;background_background&quot;:&quot;video&quot;,&quot;background_video_link&quot;:&quot;https:\\\/\\\/entroidodevianadobolo.gal\\\/wp-content\\\/uploads\\\/2024\\\/01\\\/Boteiro-Viana-careta_animation-Compressed.mp4&quot;,&quot;background_play_on_mobile&quot;:&quot;yes&quot;}\">\n\t\t\t\t\t\t\t\t<div class=\"elementor-background-video-container\" aria-hidden=\"true\">\n\t\t\t\t\t\t\t\t\t\t\t\t\t<video class=\"elementor-background-video-hosted\" autoplay muted playsinline loop><\/video>\n\t\t\t\t\t\t\t\t\t\t\t<\/div>\n\t\t\t\t\t\t\t\t<div class=\"elementor-container elementor-column-gap-default\">\n\t\t\t\t\t<div class=\"elementor-column elementor-col-100 elementor-top-column elementor-element elementor-element-398ea82\" data-id=\"398ea82\" data-element_type=\"column\">\n\t\t\t<div class=\"elementor-widget-wrap elementor-element-populated\">\n\t\t\t\t\t\t<div class=\"elementor-element elementor-element-6d535c7 elementor-widget elementor-widget-spacer\" data-id=\"6d535c7\" data-element_type=\"widget\" data-widget_type=\"spacer.default\">\n\t\t\t\t<div class=\"elementor-widget-container\">\n\t\t\t\t\t\t\t<div class=\"elementor-spacer\">\n\t\t\t<div class=\"elementor-spacer-inner\"><\/div>\n\t\t<\/div>\n\t\t\t\t\t\t<\/div>\n\t\t\t\t<\/div>\n\t\t\t\t<div class=\"elementor-element elementor-element-d01452e elementor-widget elementor-widget-spacer\" data-id=\"d01452e\" data-element_type=\"widget\" data-widget_type=\"spacer.default\">\n\t\t\t\t<div class=\"elementor-widget-container\">\n\t\t\t\t\t\t\t<div class=\"elementor-spacer\">\n\t\t\t<div class=\"elementor-spacer-inner\"><\/div>\n\t\t<\/div>\n\t\t\t\t\t\t<\/div>\n\t\t\t\t<\/div>\n\t\t\t\t<div class=\"elementor-element elementor-element-65b8760 elementor-absolute gt3_mask_img elementor-widget elementor-widget-image\" data-id=\"65b8760\" data-element_type=\"widget\" data-settings=\"{&quot;_position&quot;:&quot;absolute&quot;}\" data-widget_type=\"image.default\">\n\t\t\t\t<div class=\"elementor-widget-container\">\n\t\t\t\t\t\t\t\t\t\t\t\t\t\t\t<img decoding=\"async\" width=\"1921\" height=\"43\" src=\"https:\/\/entroidodevianadobolo.gal\/wp-content\/uploads\/2022\/08\/motion_vawe2.png\" class=\"attachment-full size-full wp-image-11490\" alt=\"\" srcset=\"https:\/\/entroidodevianadobolo.gal\/wp-content\/uploads\/2022\/08\/motion_vawe2.png 1921w, https:\/\/entroidodevianadobolo.gal\/wp-content\/uploads\/2022\/08\/motion_vawe2-300x7.png 300w, https:\/\/entroidodevianadobolo.gal\/wp-content\/uploads\/2022\/08\/motion_vawe2-1024x23.png 1024w, https:\/\/entroidodevianadobolo.gal\/wp-content\/uploads\/2022\/08\/motion_vawe2-768x17.png 768w, https:\/\/entroidodevianadobolo.gal\/wp-content\/uploads\/2022\/08\/motion_vawe2-1536x34.png 1536w, https:\/\/entroidodevianadobolo.gal\/wp-content\/uploads\/2022\/08\/motion_vawe2-480x11.png 480w, https:\/\/entroidodevianadobolo.gal\/wp-content\/uploads\/2022\/08\/motion_vawe2-800x18.png 800w\" sizes=\"(max-width: 1921px) 100vw, 1921px\" title=\"\" \/>\t\t\t\t\t\t\t\t\t\t\t\t\t\t\t<\/div>\n\t\t\t\t<\/div>\n\t\t\t\t\t<\/div>\n\t\t<\/div>\n\t\t\t\t\t<\/div>\n\t\t<\/section>\n\t\t\t\t<section class=\"elementor-section elementor-top-section elementor-element elementor-element-13f68cd elementor-section-boxed elementor-section-height-default elementor-section-height-default\" data-id=\"13f68cd\" data-element_type=\"section\" id=\"masinfo\">\n\t\t\t\t\t\t<div class=\"elementor-container elementor-column-gap-default\">\n\t\t\t\t\t<div class=\"elementor-column elementor-col-50 elementor-top-column elementor-element elementor-element-b31b0f4\" data-id=\"b31b0f4\" data-element_type=\"column\">\n\t\t\t<div class=\"elementor-widget-wrap elementor-element-populated\">\n\t\t\t\t\t\t<div class=\"elementor-element elementor-element-213401d elementor-widget elementor-widget-heading\" data-id=\"213401d\" data-element_type=\"widget\" data-widget_type=\"heading.default\">\n\t\t\t\t<div class=\"elementor-widget-container\">\n\t\t\t\t\t<h2 class=\"elementor-heading-title elementor-size-default\">M\u00e1is info<\/h2>\t\t\t\t<\/div>\n\t\t\t\t<\/div>\n\t\t\t\t<div class=\"elementor-element elementor-element-2c0db41 elementor-widget elementor-widget-text-editor\" data-id=\"2c0db41\" data-element_type=\"widget\" data-widget_type=\"text-editor.default\">\n\t\t\t\t<div class=\"elementor-widget-container\">\n\t\t\t\t\t\t\t\t\t<p>Para m\u00e1is informaci\u00f3n sobre datas e eventos do Entroido de Viana do Bolo, p\u00f3dese contactar co Concello da localidade.<\/p>\t\t\t\t\t\t\t\t<\/div>\n\t\t\t\t<\/div>\n\t\t\t\t<div class=\"elementor-element elementor-element-29c32ba elementor-align-start elementor-icon-list--layout-traditional elementor-list-item-link-full_width elementor-widget elementor-widget-icon-list\" data-id=\"29c32ba\" data-element_type=\"widget\" data-widget_type=\"icon-list.default\">\n\t\t\t\t<div class=\"elementor-widget-container\">\n\t\t\t\t\t\t\t<ul class=\"elementor-icon-list-items\">\n\t\t\t\t\t\t\t<li class=\"elementor-icon-list-item\">\n\t\t\t\t\t\t\t\t\t\t\t<a href=\"https:\/\/maps.app.goo.gl\/faFV1pkTbnki1VP16\" target=\"_blank\">\n\n\t\t\t\t\t\t\t\t\t\t\t\t<span class=\"elementor-icon-list-icon\">\n\t\t\t\t\t\t\t<i aria-hidden=\"true\" class=\"fas fa-map-marked-alt\"><\/i>\t\t\t\t\t\t<\/span>\n\t\t\t\t\t\t\t\t\t\t<span class=\"elementor-icon-list-text\">R\u00faa da Constituci\u00f3n, 14  32550 Viana do Bolo<\/span>\n\t\t\t\t\t\t\t\t\t\t\t<\/a>\n\t\t\t\t\t\t\t\t\t<\/li>\n\t\t\t\t\t\t\t\t<li class=\"elementor-icon-list-item\">\n\t\t\t\t\t\t\t\t\t\t\t<a href=\"tel:34988340120\">\n\n\t\t\t\t\t\t\t\t\t\t\t\t<span class=\"elementor-icon-list-icon\">\n\t\t\t\t\t\t\t<i aria-hidden=\"true\" class=\"fas fa-phone-square-alt\"><\/i>\t\t\t\t\t\t<\/span>\n\t\t\t\t\t\t\t\t\t\t<span class=\"elementor-icon-list-text\">Tel\u00e9fono: 988 34 01 20<\/span>\n\t\t\t\t\t\t\t\t\t\t\t<\/a>\n\t\t\t\t\t\t\t\t\t<\/li>\n\t\t\t\t\t\t\t\t<li class=\"elementor-icon-list-item\">\n\t\t\t\t\t\t\t\t\t\t\t<a href=\"mailto:concello.vianadobolo@eidolocal.es\">\n\n\t\t\t\t\t\t\t\t\t\t\t\t<span class=\"elementor-icon-list-icon\">\n\t\t\t\t\t\t\t<i aria-hidden=\"true\" class=\"fas fa-mail-bulk\"><\/i>\t\t\t\t\t\t<\/span>\n\t\t\t\t\t\t\t\t\t\t<span class=\"elementor-icon-list-text\">concello.vianadobolo@eidolocal.es<\/span>\n\t\t\t\t\t\t\t\t\t\t\t<\/a>\n\t\t\t\t\t\t\t\t\t<\/li>\n\t\t\t\t\t\t<\/ul>\n\t\t\t\t\t\t<\/div>\n\t\t\t\t<\/div>\n\t\t\t\t\t<\/div>\n\t\t<\/div>\n\t\t\t\t<div class=\"elementor-column elementor-col-50 elementor-top-column elementor-element elementor-element-c638f40\" data-id=\"c638f40\" data-element_type=\"column\">\n\t\t\t<div class=\"elementor-widget-wrap elementor-element-populated\">\n\t\t\t\t\t\t<div class=\"elementor-element elementor-element-e13f1e7 elementor-widget elementor-widget-html\" data-id=\"e13f1e7\" data-element_type=\"widget\" data-widget_type=\"html.default\">\n\t\t\t\t<div class=\"elementor-widget-container\">\n\t\t\t\t\t<iframe src=\"https:\/\/www.google.com\/maps\/embed?pb=!1m18!1m12!1m3!1d11826.325002301333!2d-7.120125186329714!3d42.18063798743787!2m3!1f0!2f0!3f0!3m2!1i1024!2i768!4f13.1!3m3!1m2!1s0xd3a87e68f0e61cd%3A0xa0158e708e8b31b3!2sViana%20del%20Bollo%2C%2032550%20Viana%20del%20Bollo%2C%20Ourense!5e0!3m2!1ses!2ses!4v1704801364238!5m2!1ses!2ses\" width=\"600\" height=\"450\" style=\"border:0;\" allowfullscreen=\"\" loading=\"lazy\" referrerpolicy=\"no-referrer-when-downgrade\"><\/iframe>\t\t\t\t<\/div>\n\t\t\t\t<\/div>\n\t\t\t\t\t<\/div>\n\t\t<\/div>\n\t\t\t\t\t<\/div>\n\t\t<\/section>\n\t\t\t\t<section class=\"elementor-section elementor-top-section elementor-element elementor-element-87690c1 elementor-section-boxed elementor-section-height-default elementor-section-height-default\" data-id=\"87690c1\" data-element_type=\"section\">\n\t\t\t\t\t\t<div class=\"elementor-container elementor-column-gap-default\">\n\t\t\t\t\t<div class=\"elementor-column elementor-col-100 elementor-top-column elementor-element elementor-element-6ef21e4\" data-id=\"6ef21e4\" data-element_type=\"column\">\n\t\t\t<div class=\"elementor-widget-wrap elementor-element-populated\">\n\t\t\t\t\t\t<div class=\"elementor-element elementor-element-7fca433 elementor-widget elementor-widget-image\" data-id=\"7fca433\" data-element_type=\"widget\" data-widget_type=\"image.default\">\n\t\t\t\t<div class=\"elementor-widget-container\">\n\t\t\t\t\t\t\t\t\t\t\t\t\t\t\t<img decoding=\"async\" width=\"599\" height=\"186\" src=\"https:\/\/entroidodevianadobolo.gal\/wp-content\/uploads\/2024\/02\/logos.jpg\" class=\"attachment-full size-full wp-image-13851\" alt=\"\" srcset=\"https:\/\/entroidodevianadobolo.gal\/wp-content\/uploads\/2024\/02\/logos.jpg 599w, https:\/\/entroidodevianadobolo.gal\/wp-content\/uploads\/2024\/02\/logos-300x93.jpg 300w, https:\/\/entroidodevianadobolo.gal\/wp-content\/uploads\/2024\/02\/logos-18x6.jpg 18w, https:\/\/entroidodevianadobolo.gal\/wp-content\/uploads\/2024\/02\/logos-480x149.jpg 480w\" sizes=\"(max-width: 599px) 100vw, 599px\" title=\"logos\" \/>\t\t\t\t\t\t\t\t\t\t\t\t\t\t\t<\/div>\n\t\t\t\t<\/div>\n\t\t\t\t\t<\/div>\n\t\t<\/div>\n\t\t\t\t\t<\/div>\n\t\t<\/section>\n\t\t\t\t<\/div>","protected":false},"excerpt":{"rendered":"<p>Entrudio en Viana do Bolo El carnaval en Viana do Bolo tiene nombre propio: Entrudio. Con esta denominaci\u00f3n est\u00e1n ligados unos elementos enraizados en las tradiciones y rituales de la zona que hacen que el Entrudio tenga tambi\u00e9n un car\u00e1cter propio en la localidad del este de la provincia de Ourense. El Carnaval de Viana [&hellip;]<\/p>","protected":false},"author":1,"featured_media":13570,"parent":0,"menu_order":0,"comment_status":"closed","ping_status":"closed","template":"","meta":{"iawp_total_views":6796,"footnotes":""},"class_list":["post-11159","page","type-page","status-publish","has-post-thumbnail","hentry"],"yoast_head":"<!-- This site is optimized with the Yoast SEO plugin v26.8 - https:\/\/yoast.com\/product\/yoast-seo-wordpress\/ -->\n<title>Entroido de Viana do Bolo 2026<\/title>\n<meta name=\"description\" content=\"Fuli\u00f3ns, boteiros, comparsas, mula y patumada o carrozas definen una celebraci\u00f3n del Entroido en Viana do Bolo.\" \/>\n<meta name=\"robots\" content=\"index, follow, max-snippet:-1, max-image-preview:large, max-video-preview:-1\" \/>\n<link rel=\"canonical\" href=\"https:\/\/entroidodevianadobolo.gal\/gl\/\" \/>\n<meta property=\"og:locale\" content=\"gl_ES\" \/>\n<meta property=\"og:type\" content=\"article\" \/>\n<meta property=\"og:title\" content=\"Entroido de Viana do Bolo 2026\" \/>\n<meta property=\"og:description\" content=\"Fuli\u00f3ns, boteiros, comparsas, mula y patumada o carrozas definen una celebraci\u00f3n del Entroido en Viana do Bolo.\" \/>\n<meta property=\"og:url\" content=\"https:\/\/entroidodevianadobolo.gal\/gl\/\" \/>\n<meta property=\"og:site_name\" content=\"Entroido de Viana do Bolo\" \/>\n<meta property=\"article:publisher\" content=\"https:\/\/www.facebook.com\/EntroidodeVianadoBolo\" \/>\n<meta property=\"article:modified_time\" content=\"2026-01-20T18:20:00+00:00\" \/>\n<meta property=\"og:image\" content=\"https:\/\/entroidodevianadobolo.gal\/wp-content\/uploads\/2024\/01\/fondo-video.jpg\" \/>\n\t<meta property=\"og:image:width\" content=\"1170\" \/>\n\t<meta property=\"og:image:height\" content=\"779\" \/>\n\t<meta property=\"og:image:type\" content=\"image\/jpeg\" \/>\n<meta name=\"twitter:card\" content=\"summary_large_image\" \/>\n<meta name=\"twitter:site\" content=\"@entroidovianabo\" \/>\n<script type=\"application\/ld+json\" class=\"yoast-schema-graph\">{\"@context\":\"https:\/\/schema.org\",\"@graph\":[{\"@type\":\"WebPage\",\"@id\":\"https:\/\/entroidodevianadobolo.gal\/\",\"url\":\"https:\/\/entroidodevianadobolo.gal\/\",\"name\":\"Entroido de Viana do Bolo 2026\",\"isPartOf\":{\"@id\":\"https:\/\/entroidodevianadobolo.gal\/gl\/#website\"},\"primaryImageOfPage\":{\"@id\":\"https:\/\/entroidodevianadobolo.gal\/#primaryimage\"},\"image\":{\"@id\":\"https:\/\/entroidodevianadobolo.gal\/#primaryimage\"},\"thumbnailUrl\":\"https:\/\/entroidodevianadobolo.gal\/wp-content\/uploads\/2024\/01\/fondo-video.jpg\",\"datePublished\":\"2026-01-20T17:37:45+00:00\",\"dateModified\":\"2026-01-20T18:20:00+00:00\",\"description\":\"Fuli\u00f3ns, boteiros, comparsas, mula y patumada o carrozas definen una celebraci\u00f3n del Entroido en Viana do Bolo.\",\"breadcrumb\":{\"@id\":\"https:\/\/entroidodevianadobolo.gal\/#breadcrumb\"},\"inLanguage\":\"gl-ES\",\"potentialAction\":[{\"@type\":\"ReadAction\",\"target\":[\"https:\/\/entroidodevianadobolo.gal\/\"]}]},{\"@type\":\"ImageObject\",\"inLanguage\":\"gl-ES\",\"@id\":\"https:\/\/entroidodevianadobolo.gal\/#primaryimage\",\"url\":\"https:\/\/entroidodevianadobolo.gal\/wp-content\/uploads\/2024\/01\/fondo-video.jpg\",\"contentUrl\":\"https:\/\/entroidodevianadobolo.gal\/wp-content\/uploads\/2024\/01\/fondo-video.jpg\",\"width\":1170,\"height\":779},{\"@type\":\"BreadcrumbList\",\"@id\":\"https:\/\/entroidodevianadobolo.gal\/#breadcrumb\",\"itemListElement\":[{\"@type\":\"ListItem\",\"position\":1,\"name\":\"Portada\",\"item\":\"https:\/\/entroidodevianadobolo.gal\/\"},{\"@type\":\"ListItem\",\"position\":2,\"name\":\"Entroido de Viana do Bolo 2026\"}]},{\"@type\":\"WebSite\",\"@id\":\"https:\/\/entroidodevianadobolo.gal\/gl\/#website\",\"url\":\"https:\/\/entroidodevianadobolo.gal\/gl\/\",\"name\":\"Entroido de Viana do Bolo\",\"description\":\"\",\"publisher\":{\"@id\":\"https:\/\/entroidodevianadobolo.gal\/gl\/#organization\"},\"potentialAction\":[{\"@type\":\"SearchAction\",\"target\":{\"@type\":\"EntryPoint\",\"urlTemplate\":\"https:\/\/entroidodevianadobolo.gal\/gl\/?s={search_term_string}\"},\"query-input\":{\"@type\":\"PropertyValueSpecification\",\"valueRequired\":true,\"valueName\":\"search_term_string\"}}],\"inLanguage\":\"gl-ES\"},{\"@type\":\"Organization\",\"@id\":\"https:\/\/entroidodevianadobolo.gal\/gl\/#organization\",\"name\":\"Entroido de Viana do Bolo\",\"url\":\"https:\/\/entroidodevianadobolo.gal\/gl\/\",\"logo\":{\"@type\":\"ImageObject\",\"inLanguage\":\"gl-ES\",\"@id\":\"https:\/\/entroidodevianadobolo.gal\/gl\/#\/schema\/logo\/image\/\",\"url\":\"https:\/\/entroidodevianadobolo.gal\/wp-content\/uploads\/2024\/01\/fondo-video.jpg\",\"contentUrl\":\"https:\/\/entroidodevianadobolo.gal\/wp-content\/uploads\/2024\/01\/fondo-video.jpg\",\"width\":1170,\"height\":779,\"caption\":\"Entroido de Viana do Bolo\"},\"image\":{\"@id\":\"https:\/\/entroidodevianadobolo.gal\/gl\/#\/schema\/logo\/image\/\"},\"sameAs\":[\"https:\/\/www.facebook.com\/EntroidodeVianadoBolo\",\"https:\/\/x.com\/entroidovianabo\",\"https:\/\/www.instagram.com\/entroidodevianadobolo\/\"]}]}<\/script>\n<!-- \/ Yoast SEO plugin. -->","yoast_head_json":{"title":"Entroido de Viana do Bolo 2026","description":"Fuli\u00f3ns, boteiros, comparsas, mula y patumada o carrozas definen una celebraci\u00f3n del Entroido en Viana do Bolo.","robots":{"index":"index","follow":"follow","max-snippet":"max-snippet:-1","max-image-preview":"max-image-preview:large","max-video-preview":"max-video-preview:-1"},"canonical":"https:\/\/entroidodevianadobolo.gal\/gl\/","og_locale":"gl_ES","og_type":"article","og_title":"Entroido de Viana do Bolo 2026","og_description":"Fuli\u00f3ns, boteiros, comparsas, mula y patumada o carrozas definen una celebraci\u00f3n del Entroido en Viana do Bolo.","og_url":"https:\/\/entroidodevianadobolo.gal\/gl\/","og_site_name":"Entroido de Viana do Bolo","article_publisher":"https:\/\/www.facebook.com\/EntroidodeVianadoBolo","article_modified_time":"2026-01-20T18:20:00+00:00","og_image":[{"width":1170,"height":779,"url":"https:\/\/entroidodevianadobolo.gal\/wp-content\/uploads\/2024\/01\/fondo-video.jpg","type":"image\/jpeg"}],"twitter_card":"summary_large_image","twitter_site":"@entroidovianabo","schema":{"@context":"https:\/\/schema.org","@graph":[{"@type":"WebPage","@id":"https:\/\/entroidodevianadobolo.gal\/","url":"https:\/\/entroidodevianadobolo.gal\/","name":"Entroido de Viana do Bolo 2026","isPartOf":{"@id":"https:\/\/entroidodevianadobolo.gal\/gl\/#website"},"primaryImageOfPage":{"@id":"https:\/\/entroidodevianadobolo.gal\/#primaryimage"},"image":{"@id":"https:\/\/entroidodevianadobolo.gal\/#primaryimage"},"thumbnailUrl":"https:\/\/entroidodevianadobolo.gal\/wp-content\/uploads\/2024\/01\/fondo-video.jpg","datePublished":"2026-01-20T17:37:45+00:00","dateModified":"2026-01-20T18:20:00+00:00","description":"Fuli\u00f3ns, boteiros, comparsas, mula y patumada o carrozas definen una celebraci\u00f3n del Entroido en Viana do Bolo.","breadcrumb":{"@id":"https:\/\/entroidodevianadobolo.gal\/#breadcrumb"},"inLanguage":"gl-ES","potentialAction":[{"@type":"ReadAction","target":["https:\/\/entroidodevianadobolo.gal\/"]}]},{"@type":"ImageObject","inLanguage":"gl-ES","@id":"https:\/\/entroidodevianadobolo.gal\/#primaryimage","url":"https:\/\/entroidodevianadobolo.gal\/wp-content\/uploads\/2024\/01\/fondo-video.jpg","contentUrl":"https:\/\/entroidodevianadobolo.gal\/wp-content\/uploads\/2024\/01\/fondo-video.jpg","width":1170,"height":779},{"@type":"BreadcrumbList","@id":"https:\/\/entroidodevianadobolo.gal\/#breadcrumb","itemListElement":[{"@type":"ListItem","position":1,"name":"Portada","item":"https:\/\/entroidodevianadobolo.gal\/"},{"@type":"ListItem","position":2,"name":"Entroido de Viana do Bolo 2026"}]},{"@type":"WebSite","@id":"https:\/\/entroidodevianadobolo.gal\/gl\/#website","url":"https:\/\/entroidodevianadobolo.gal\/gl\/","name":"Entroido de Viana do Bolo","description":"","publisher":{"@id":"https:\/\/entroidodevianadobolo.gal\/gl\/#organization"},"potentialAction":[{"@type":"SearchAction","target":{"@type":"EntryPoint","urlTemplate":"https:\/\/entroidodevianadobolo.gal\/gl\/?s={search_term_string}"},"query-input":{"@type":"PropertyValueSpecification","valueRequired":true,"valueName":"search_term_string"}}],"inLanguage":"gl-ES"},{"@type":"Organization","@id":"https:\/\/entroidodevianadobolo.gal\/gl\/#organization","name":"Entroido de Viana do Bolo","url":"https:\/\/entroidodevianadobolo.gal\/gl\/","logo":{"@type":"ImageObject","inLanguage":"gl-ES","@id":"https:\/\/entroidodevianadobolo.gal\/gl\/#\/schema\/logo\/image\/","url":"https:\/\/entroidodevianadobolo.gal\/wp-content\/uploads\/2024\/01\/fondo-video.jpg","contentUrl":"https:\/\/entroidodevianadobolo.gal\/wp-content\/uploads\/2024\/01\/fondo-video.jpg","width":1170,"height":779,"caption":"Entroido de Viana do Bolo"},"image":{"@id":"https:\/\/entroidodevianadobolo.gal\/gl\/#\/schema\/logo\/image\/"},"sameAs":["https:\/\/www.facebook.com\/EntroidodeVianadoBolo","https:\/\/x.com\/entroidovianabo","https:\/\/www.instagram.com\/entroidodevianadobolo\/"]}]}},"_links":{"self":[{"href":"https:\/\/entroidodevianadobolo.gal\/gl\/wp-json\/wp\/v2\/pages\/11159","targetHints":{"allow":["GET"]}}],"collection":[{"href":"https:\/\/entroidodevianadobolo.gal\/gl\/wp-json\/wp\/v2\/pages"}],"about":[{"href":"https:\/\/entroidodevianadobolo.gal\/gl\/wp-json\/wp\/v2\/types\/page"}],"author":[{"embeddable":true,"href":"https:\/\/entroidodevianadobolo.gal\/gl\/wp-json\/wp\/v2\/users\/1"}],"replies":[{"embeddable":true,"href":"https:\/\/entroidodevianadobolo.gal\/gl\/wp-json\/wp\/v2\/comments?post=11159"}],"version-history":[{"count":390,"href":"https:\/\/entroidodevianadobolo.gal\/gl\/wp-json\/wp\/v2\/pages\/11159\/revisions"}],"predecessor-version":[{"id":14416,"href":"https:\/\/entroidodevianadobolo.gal\/gl\/wp-json\/wp\/v2\/pages\/11159\/revisions\/14416"}],"wp:featuredmedia":[{"embeddable":true,"href":"https:\/\/entroidodevianadobolo.gal\/gl\/wp-json\/wp\/v2\/media\/13570"}],"wp:attachment":[{"href":"https:\/\/entroidodevianadobolo.gal\/gl\/wp-json\/wp\/v2\/media?parent=11159"}],"curies":[{"name":"wp","href":"https:\/\/api.w.org\/{rel}","templated":true}]}}