{"id":14297,"date":"2025-02-21T11:28:07","date_gmt":"2025-02-21T10:28:07","guid":{"rendered":"https:\/\/entroidodevianadobolo.gal\/?page_id=14297"},"modified":"2025-06-16T09:42:39","modified_gmt":"2025-06-16T07:42:39","slug":"aviso-legal","status":"publish","type":"page","link":"https:\/\/entroidodevianadobolo.gal\/gl\/aviso-legal\/","title":{"rendered":"Aviso legal"},"content":{"rendered":"<p><strong>1.- AVISO E INFORMACI\u00d3N LEGAL<\/strong><\/p>\n\n\n\n<p>En cumprimento da Lei 34\/2002, do 11 de xullo, de servizos da sociedade da informaci\u00f3n e comercio electr\u00f3nico, a continuaci\u00f3n exp\u00f3\u00f1ense os datos identificadores da empresa:<\/p>\n\n\n\n<p><strong>Concello de Viana do Bolo<\/strong><\/p>\n\n\n\n<p><strong>Enderezo electr\u00f3nico:<\/strong> info@vianadobolo.es<br><strong>CIF: <\/strong>P3208700I<br><strong>DOMICILIO:<\/strong> R\u00faa da Constituci\u00f3n, 14. 32550<br><strong>TELEFONO:<\/strong> 988 34 01 20<\/p>\n\n\n\n<p><\/p>\n\n\n\n<p><strong>2.- OBXETO.<\/strong><\/p>\n\n\n\n<p>O sitio web <strong>entroidodevianadobolo.gal<\/strong> facil\u00edtalle aos usuarios o acceso e a utilizaci\u00f3n de diversos servizos e contidos postos \u00e1 s\u00faa disposici\u00f3n polo <strong>Concello de Viana do Bolo<\/strong>.<\/p>\n\n\n\n<p><\/p>\n\n\n\n<p><strong>3.- CONDICI\u00d3NS DE USO E ACEPTACI\u00d3N.<\/strong><\/p>\n\n\n\n<p>A utilizaci\u00f3n deste web <strong>entroidodevianadobolo.gal<\/strong> est\u00e1 suxeita \u00e1s seguintes condici\u00f3ns de uso. Preg\u00e1moslle que as lea atentamente. O feito de acceder a este web e utilizar os materiais contidos nel implica, que vostede leu e acepta, sen reserva algunha, estas condici\u00f3ns.<\/p>\n\n\n\n<p><\/p>\n\n\n\n<p>As\u00ed mesmo, estes materiais poden ser modificados, desenvolvidos ou actualizados sen notificaci\u00f3n previa.<\/p>\n\n\n\n<p><\/p>\n\n\n\n<p><strong>4.- PROPIEDADE INTELECTUAL.<\/strong><\/p>\n\n\n\n<p>Os dereitos de propiedade intelectual da p\u00e1xina <strong><strong>entroidodevianadobolo.gal<\/strong><\/strong>o seu c\u00f3digo, fonte, dese\u00f1o, estrutura de navegaci\u00f3n, bases de datos e os distintos elementos que cont\u00e9n son titularidade do <strong><strong>Concello de Viana do Bolo<\/strong><\/strong>, a quen corresponde o exercicio exclusivo dos dereitos de explotaci\u00f3n e, en especial, os dereitos de reproduci\u00f3n, distribuci\u00f3n, comunicaci\u00f3n p\u00fablica e transformaci\u00f3n.<\/p>\n\n\n\n<p><\/p>\n\n\n\n<p>Calquera transmisi\u00f3n, distribuci\u00f3n, reproduci\u00f3n, comunicaci\u00f3n p\u00fablica, posta a disposici\u00f3n, transformaci\u00f3n, manipulaci\u00f3n ou almacenamento, total ou parcial, require o previo, e expreso, consentimento por escrito do <strong><strong>Concello de Viana do Bolo<\/strong><\/strong>, ag\u00e1s cando se indique o contrario. Salvo autorizaci\u00f3n expresa por escrito, non se permite o establecemento de dispositivos t\u00e9cnicos de enlace, que dende p\u00e1xinas de terceiros dean acceso directo \u00e1s p\u00e1xinas do <strong><strong>Concello de Viana do Bolo<\/strong><\/strong>.<\/p>\n\n\n\n<p><\/p>\n\n\n\n<p>Este sitio pode conter dispositivos t\u00e9cnicos de enlace(s) a p\u00e1xinas externas sobre as cales o <strong><strong>Concello de Viana do Bolo<\/strong><\/strong> non se responsabiliza, en ning\u00fan caso, dos contidos nin de calquera outro aspecto relacionado coas devanditas p\u00e1xinas ou o seu acceso.<\/p>\n\n\n\n<p><\/p>\n\n\n\n<p>O <strong><strong>Concello de Viana do Bolo<\/strong><\/strong> reserva a facultade de efectuar, en calquera momento e sen necesidade de aviso previo, modificaci\u00f3ns e actualizaci\u00f3ns da informaci\u00f3n contida no web, da configuraci\u00f3n e presentaci\u00f3n desta e das condici\u00f3ns de acceso.<\/p>\n\n\n\n<p><\/p>\n\n\n\n<p>O <strong><strong>Concello de Viana do Bolo<\/strong><\/strong> non garante a inexistencia de interrupci\u00f3ns , erros no acceso ao web ou ao seu contido, nin que este se encontre actualizado. O Concello de Manzaneda levar\u00e1 a cabo, sempre que non concorran causas que o fagan imposible ou de dif\u00edcil execuci\u00f3n, e tan pronto te\u00f1a noticia dos erros, desconexi\u00f3ns ou falta de actualizaci\u00f3n nos contidos, todas aquelas labores tendentes a emendar os erros, restablecer a comunicaci\u00f3n e actualizar os contidos.<\/p>\n\n\n\n<p><\/p>\n\n\n\n<p>Tanto o acceso ao web coma o uso sen consentimento, que se poida efectuar da informaci\u00f3n que cont\u00e9n, \u00e9 responsabilidade exclusiva de quen o realiza. O <strong><strong>Concello de Viana do Bolo<\/strong><\/strong> non responder\u00e1 das consecuencias, danos ou prexu\u00edzos, que puidesen derivar do devandito acceso ou uso.<\/p>\n\n\n\n<p><\/p>\n\n\n\n<p>O <strong>Concello de Viana do Bolo<\/strong> non se fai responsable dos erros de seguridade, que se poidan producir, dos danos que poidan causarlle ao sistema inform\u00e1tico do usuario (hardware e software), as\u00ed coma aos ficheiros ou documentos almacenados, como consecuencia da:<\/p>\n\n\n\n<ul class=\"wp-block-list\">\n<li>A presenza dun virus no ordenador do usuario, e que sexa utilizado para a conexi\u00f3n aos servizos e contidos do web.<\/li>\n\n\n\n<li>Un mal funcionamento do navegador.<\/li>\n\n\n\n<li>O uso de versi\u00f3ns non actualizadas.<\/li>\n<\/ul>\n\n\n\n<p><\/p>\n\n\n\n<p>A utilizaci\u00f3n non autorizada da informaci\u00f3n contida no web, a s\u00faa revenda, as\u00ed como a lesi\u00f3n dos dereitos de propiedade intelectual ou industrial do <strong><strong>Concello de Viana do Bolo<\/strong><\/strong>, dar\u00e1 lugar a las responsabilidades legalmente establecidas.<\/p>\n\n\n\n<p><\/p>\n\n\n\n<p>Toda a informaci\u00f3n e datos que se describen no sitio <strong><strong>entroidodevianadobolo.gal<\/strong><\/strong> foron extra\u00eddos de fontes fidedignas e ref\u00edrense unicamente ao \u00e1mbito xeogr\u00e1fico do Estado espa\u00f1ol. O <strong><strong>Concello de Viana do Bolo<\/strong><\/strong> pode modificar, sen previo aviso, calquera informaci\u00f3n aqu\u00ed recollida e esta non est\u00e1 suxeita a ningunha garant\u00eda.<\/p>\n\n\n\n<p><\/p>\n\n\n\n<p>O <strong><strong>Concello de Viana do Bolo<\/strong><\/strong> non \u00e9 responsable de calquera dano directo ou indirecto que poida ocasionar a exactitude, veracidade ou exhaustividade da devandita informaci\u00f3n, ou o uso que del poida facerse.<\/p>\n\n\n\n<p><\/p>\n\n\n\n<p>En ning\u00fan caso se entender\u00e1 que, polo acceso a este web <strong><strong>entroidodevianadobolo.gal<\/strong><\/strong>, o usuario obt\u00e9n a licenza ou autorizaci\u00f3n para a utilizaci\u00f3n, m\u00e1is al\u00e1 do uso estritamente privado, de ning\u00fan contido, informaci\u00f3n ou servizo existentes no web <strong><strong>entroidodevianadobolo.gal<\/strong><\/strong>, nin sobre ning\u00fan dereito relacionado con eles, especialmente os de propiedade intelectual e industrial.<\/p>\n\n\n\n<p><\/p>\n\n\n\n<p>O <strong><strong>Concello de Viana do Bolo<\/strong><\/strong> reserva a facultade de almacenar as direcci\u00f3ns IP dos usuarios que acceden ao sitio web para a creaci\u00f3n de estat\u00edsticas de acceso, co\u00f1ecer os movementos dos usuarios e acumular informaci\u00f3n demogr\u00e1fica ampla en conxunto. Esta informaci\u00f3n ser\u00e1 almacenada segundo o tempo m\u00e1ximo que esixe a lei.<\/p>\n\n\n\n<p><\/p>\n\n\n\n<p>Este aviso legal r\u00e9xese en todos e cada un dos seus apartados polas leis espa\u00f1olas.<\/p>\n\n\n\n<p><\/p>","protected":false},"excerpt":{"rendered":"<p>1.- AVISO E INFORMACI\u00d3N LEGAL En cumplimiento de la Ley 34\/2002, de 11 de julio, de servicios de la sociedad de la informaci\u00f3n y comercio electr\u00f3nico, a continuaci\u00f3n, se exponen los datos identificativos de la empresa: Concello de Viana do Bolo Correo electr\u00f3nico: info@vianadobolo.esCIF: P3208700IDOMICILIO: R\u00faa da Constituci\u00f3n, 14. 32550TEL\u00c9FONO: 988 34 01 20 2.- [&hellip;]<\/p>","protected":false},"author":1,"featured_media":0,"parent":0,"menu_order":0,"comment_status":"closed","ping_status":"closed","template":"","meta":{"iawp_total_views":7,"footnotes":""},"class_list":["post-14297","page","type-page","status-publish","hentry"],"yoast_head":"<!-- This site is optimized with the Yoast SEO plugin v26.8 - https:\/\/yoast.com\/product\/yoast-seo-wordpress\/ -->\n<title>Aviso legal - Entroido de Viana do Bolo<\/title>\n<meta name=\"robots\" content=\"noindex, follow\" \/>\n<meta property=\"og:locale\" content=\"gl_ES\" \/>\n<meta property=\"og:type\" content=\"article\" \/>\n<meta property=\"og:title\" content=\"Aviso legal - Entroido de Viana do Bolo\" \/>\n<meta property=\"og:description\" content=\"1.- AVISO E INFORMACI\u00d3N LEGAL En cumplimiento de la Ley 34\/2002, de 11 de julio, de servicios de la sociedad de la informaci\u00f3n y comercio electr\u00f3nico, a continuaci\u00f3n, se exponen los datos identificativos de la empresa: Concello de Viana do Bolo Correo electr\u00f3nico: info@vianadobolo.esCIF: P3208700IDOMICILIO: R\u00faa da Constituci\u00f3n, 14. 32550TEL\u00c9FONO: 988 34 01 20 2.- [&hellip;]\" \/>\n<meta property=\"og:url\" content=\"https:\/\/entroidodevianadobolo.gal\/gl\/aviso-legal\/\" \/>\n<meta property=\"og:site_name\" content=\"Entroido de Viana do Bolo\" \/>\n<meta property=\"article:publisher\" content=\"https:\/\/www.facebook.com\/EntroidodeVianadoBolo\" \/>\n<meta property=\"article:modified_time\" content=\"2025-06-16T07:42:39+00:00\" \/>\n<meta property=\"og:image\" content=\"https:\/\/entroidodevianadobolo.gal\/wp-content\/uploads\/2024\/01\/fondo-video.jpg\" \/>\n\t<meta property=\"og:image:width\" content=\"1170\" \/>\n\t<meta property=\"og:image:height\" content=\"779\" \/>\n\t<meta property=\"og:image:type\" content=\"image\/jpeg\" \/>\n<meta name=\"twitter:card\" content=\"summary_large_image\" \/>\n<meta name=\"twitter:site\" content=\"@entroidovianabo\" \/>\n<script type=\"application\/ld+json\" class=\"yoast-schema-graph\">{\"@context\":\"https:\/\/schema.org\",\"@graph\":[{\"@type\":\"WebPage\",\"@id\":\"https:\/\/entroidodevianadobolo.gal\/aviso-legal\/\",\"url\":\"https:\/\/entroidodevianadobolo.gal\/aviso-legal\/\",\"name\":\"Aviso legal - Entroido de Viana do Bolo\",\"isPartOf\":{\"@id\":\"https:\/\/entroidodevianadobolo.gal\/gl\/#website\"},\"datePublished\":\"2025-02-21T10:28:07+00:00\",\"dateModified\":\"2025-06-16T07:42:39+00:00\",\"breadcrumb\":{\"@id\":\"https:\/\/entroidodevianadobolo.gal\/aviso-legal\/#breadcrumb\"},\"inLanguage\":\"gl-ES\",\"potentialAction\":[{\"@type\":\"ReadAction\",\"target\":[\"https:\/\/entroidodevianadobolo.gal\/aviso-legal\/\"]}]},{\"@type\":\"BreadcrumbList\",\"@id\":\"https:\/\/entroidodevianadobolo.gal\/aviso-legal\/#breadcrumb\",\"itemListElement\":[{\"@type\":\"ListItem\",\"position\":1,\"name\":\"Portada\",\"item\":\"https:\/\/entroidodevianadobolo.gal\/\"},{\"@type\":\"ListItem\",\"position\":2,\"name\":\"Aviso legal\"}]},{\"@type\":\"WebSite\",\"@id\":\"https:\/\/entroidodevianadobolo.gal\/gl\/#website\",\"url\":\"https:\/\/entroidodevianadobolo.gal\/gl\/\",\"name\":\"Entroido de Viana do Bolo\",\"description\":\"\",\"publisher\":{\"@id\":\"https:\/\/entroidodevianadobolo.gal\/gl\/#organization\"},\"potentialAction\":[{\"@type\":\"SearchAction\",\"target\":{\"@type\":\"EntryPoint\",\"urlTemplate\":\"https:\/\/entroidodevianadobolo.gal\/gl\/?s={search_term_string}\"},\"query-input\":{\"@type\":\"PropertyValueSpecification\",\"valueRequired\":true,\"valueName\":\"search_term_string\"}}],\"inLanguage\":\"gl-ES\"},{\"@type\":\"Organization\",\"@id\":\"https:\/\/entroidodevianadobolo.gal\/gl\/#organization\",\"name\":\"Entroido de Viana do Bolo\",\"url\":\"https:\/\/entroidodevianadobolo.gal\/gl\/\",\"logo\":{\"@type\":\"ImageObject\",\"inLanguage\":\"gl-ES\",\"@id\":\"https:\/\/entroidodevianadobolo.gal\/gl\/#\/schema\/logo\/image\/\",\"url\":\"https:\/\/entroidodevianadobolo.gal\/wp-content\/uploads\/2024\/01\/fondo-video.jpg\",\"contentUrl\":\"https:\/\/entroidodevianadobolo.gal\/wp-content\/uploads\/2024\/01\/fondo-video.jpg\",\"width\":1170,\"height\":779,\"caption\":\"Entroido de Viana do Bolo\"},\"image\":{\"@id\":\"https:\/\/entroidodevianadobolo.gal\/gl\/#\/schema\/logo\/image\/\"},\"sameAs\":[\"https:\/\/www.facebook.com\/EntroidodeVianadoBolo\",\"https:\/\/x.com\/entroidovianabo\",\"https:\/\/www.instagram.com\/entroidodevianadobolo\/\"]}]}<\/script>\n<!-- \/ Yoast SEO plugin. -->","yoast_head_json":{"title":"Aviso legal - Entroido de Viana do Bolo","robots":{"index":"noindex","follow":"follow"},"og_locale":"gl_ES","og_type":"article","og_title":"Aviso legal - Entroido de Viana do Bolo","og_description":"1.- AVISO E INFORMACI\u00d3N LEGAL En cumplimiento de la Ley 34\/2002, de 11 de julio, de servicios de la sociedad de la informaci\u00f3n y comercio electr\u00f3nico, a continuaci\u00f3n, se exponen los datos identificativos de la empresa: Concello de Viana do Bolo Correo electr\u00f3nico: info@vianadobolo.esCIF: P3208700IDOMICILIO: R\u00faa da Constituci\u00f3n, 14. 32550TEL\u00c9FONO: 988 34 01 20 2.- [&hellip;]","og_url":"https:\/\/entroidodevianadobolo.gal\/gl\/aviso-legal\/","og_site_name":"Entroido de Viana do Bolo","article_publisher":"https:\/\/www.facebook.com\/EntroidodeVianadoBolo","article_modified_time":"2025-06-16T07:42:39+00:00","og_image":[{"width":1170,"height":779,"url":"https:\/\/entroidodevianadobolo.gal\/wp-content\/uploads\/2024\/01\/fondo-video.jpg","type":"image\/jpeg"}],"twitter_card":"summary_large_image","twitter_site":"@entroidovianabo","schema":{"@context":"https:\/\/schema.org","@graph":[{"@type":"WebPage","@id":"https:\/\/entroidodevianadobolo.gal\/aviso-legal\/","url":"https:\/\/entroidodevianadobolo.gal\/aviso-legal\/","name":"Aviso legal - Entroido de Viana do Bolo","isPartOf":{"@id":"https:\/\/entroidodevianadobolo.gal\/gl\/#website"},"datePublished":"2025-02-21T10:28:07+00:00","dateModified":"2025-06-16T07:42:39+00:00","breadcrumb":{"@id":"https:\/\/entroidodevianadobolo.gal\/aviso-legal\/#breadcrumb"},"inLanguage":"gl-ES","potentialAction":[{"@type":"ReadAction","target":["https:\/\/entroidodevianadobolo.gal\/aviso-legal\/"]}]},{"@type":"BreadcrumbList","@id":"https:\/\/entroidodevianadobolo.gal\/aviso-legal\/#breadcrumb","itemListElement":[{"@type":"ListItem","position":1,"name":"Portada","item":"https:\/\/entroidodevianadobolo.gal\/"},{"@type":"ListItem","position":2,"name":"Aviso legal"}]},{"@type":"WebSite","@id":"https:\/\/entroidodevianadobolo.gal\/gl\/#website","url":"https:\/\/entroidodevianadobolo.gal\/gl\/","name":"Entroido de Viana do Bolo","description":"","publisher":{"@id":"https:\/\/entroidodevianadobolo.gal\/gl\/#organization"},"potentialAction":[{"@type":"SearchAction","target":{"@type":"EntryPoint","urlTemplate":"https:\/\/entroidodevianadobolo.gal\/gl\/?s={search_term_string}"},"query-input":{"@type":"PropertyValueSpecification","valueRequired":true,"valueName":"search_term_string"}}],"inLanguage":"gl-ES"},{"@type":"Organization","@id":"https:\/\/entroidodevianadobolo.gal\/gl\/#organization","name":"Entroido de Viana do Bolo","url":"https:\/\/entroidodevianadobolo.gal\/gl\/","logo":{"@type":"ImageObject","inLanguage":"gl-ES","@id":"https:\/\/entroidodevianadobolo.gal\/gl\/#\/schema\/logo\/image\/","url":"https:\/\/entroidodevianadobolo.gal\/wp-content\/uploads\/2024\/01\/fondo-video.jpg","contentUrl":"https:\/\/entroidodevianadobolo.gal\/wp-content\/uploads\/2024\/01\/fondo-video.jpg","width":1170,"height":779,"caption":"Entroido de Viana do Bolo"},"image":{"@id":"https:\/\/entroidodevianadobolo.gal\/gl\/#\/schema\/logo\/image\/"},"sameAs":["https:\/\/www.facebook.com\/EntroidodeVianadoBolo","https:\/\/x.com\/entroidovianabo","https:\/\/www.instagram.com\/entroidodevianadobolo\/"]}]}},"_links":{"self":[{"href":"https:\/\/entroidodevianadobolo.gal\/gl\/wp-json\/wp\/v2\/pages\/14297","targetHints":{"allow":["GET"]}}],"collection":[{"href":"https:\/\/entroidodevianadobolo.gal\/gl\/wp-json\/wp\/v2\/pages"}],"about":[{"href":"https:\/\/entroidodevianadobolo.gal\/gl\/wp-json\/wp\/v2\/types\/page"}],"author":[{"embeddable":true,"href":"https:\/\/entroidodevianadobolo.gal\/gl\/wp-json\/wp\/v2\/users\/1"}],"replies":[{"embeddable":true,"href":"https:\/\/entroidodevianadobolo.gal\/gl\/wp-json\/wp\/v2\/comments?post=14297"}],"version-history":[{"count":4,"href":"https:\/\/entroidodevianadobolo.gal\/gl\/wp-json\/wp\/v2\/pages\/14297\/revisions"}],"predecessor-version":[{"id":14301,"href":"https:\/\/entroidodevianadobolo.gal\/gl\/wp-json\/wp\/v2\/pages\/14297\/revisions\/14301"}],"wp:attachment":[{"href":"https:\/\/entroidodevianadobolo.gal\/gl\/wp-json\/wp\/v2\/media?parent=14297"}],"curies":[{"name":"wp","href":"https:\/\/api.w.org\/{rel}","templated":true}]}}